{"id":1830,"date":"2022-06-03T06:38:01","date_gmt":"2022-06-03T06:38:01","guid":{"rendered":"http:\/\/defensoriaparana.com.ar\/?page_id=1830"},"modified":"2025-03-04T19:43:23","modified_gmt":"2025-03-04T19:43:23","slug":"recomendaciones","status":"publish","type":"page","link":"https:\/\/defensoriaparana.com.ar\/index.php\/recomendaciones\/","title":{"rendered":"Recomendaciones"},"content":{"rendered":"\t\t<div data-elementor-type=\"wp-page\" data-elementor-id=\"1830\" class=\"elementor elementor-1830\">\n\t\t\t\t\t\t\t\t\t<section class=\"elementor-section elementor-top-section elementor-element elementor-element-68e63783 elementor-section-boxed elementor-section-height-default elementor-section-height-default wpr-particle-no wpr-jarallax-no wpr-parallax-no wpr-sticky-section-no\" data-id=\"68e63783\" data-element_type=\"section\">\n\t\t\t\t\t\t<div class=\"elementor-container elementor-column-gap-default\">\n\t\t\t\t\t<div class=\"elementor-column elementor-col-100 elementor-top-column elementor-element elementor-element-1e609bc4\" data-id=\"1e609bc4\" data-element_type=\"column\">\n\t\t\t<div class=\"elementor-widget-wrap elementor-element-populated\">\n\t\t\t\t\t\t\t\t<div class=\"elementor-element elementor-element-6e8616dd elementor-widget elementor-widget-text-editor\" data-id=\"6e8616dd\" data-element_type=\"widget\" data-widget_type=\"text-editor.default\">\n\t\t\t\t<div class=\"elementor-widget-container\">\n\t\t\t<style>\/*! elementor - v3.6.5 - 27-04-2022 *\/\n.elementor-widget-text-editor.elementor-drop-cap-view-stacked .elementor-drop-cap{background-color:#818a91;color:#fff}.elementor-widget-text-editor.elementor-drop-cap-view-framed .elementor-drop-cap{color:#818a91;border:3px solid;background-color:transparent}.elementor-widget-text-editor:not(.elementor-drop-cap-view-default) .elementor-drop-cap{margin-top:8px}.elementor-widget-text-editor:not(.elementor-drop-cap-view-default) .elementor-drop-cap-letter{width:1em;height:1em}.elementor-widget-text-editor .elementor-drop-cap{float:left;text-align:center;line-height:1;font-size:50px}.elementor-widget-text-editor .elementor-drop-cap-letter{display:inline-block}<\/style>\t\t\t\t&nbsp;\n\n&nbsp;\t\t\t\t\t\t<\/div>\n\t\t\t\t<\/div>\n\t\t\t\t\t<\/div>\n\t\t<\/div>\n\t\t\t\t\t\t\t<\/div>\n\t\t<\/section>\n\t\t\t\t<section class=\"elementor-section elementor-top-section elementor-element elementor-element-e8274bd elementor-section-boxed elementor-section-height-default elementor-section-height-default wpr-particle-no wpr-jarallax-no wpr-parallax-no wpr-sticky-section-no\" data-id=\"e8274bd\" data-element_type=\"section\">\n\t\t\t\t\t\t<div class=\"elementor-container elementor-column-gap-default\">\n\t\t\t\t\t<div class=\"elementor-column elementor-col-100 elementor-top-column elementor-element elementor-element-9f77f26\" data-id=\"9f77f26\" data-element_type=\"column\">\n\t\t\t<div class=\"elementor-widget-wrap elementor-element-populated\">\n\t\t\t\t\t\t\t\t<div class=\"elementor-element elementor-element-87a26ac elementor-widget elementor-widget-text-editor\" data-id=\"87a26ac\" data-element_type=\"widget\" data-widget_type=\"text-editor.default\">\n\t\t\t\t<div class=\"elementor-widget-container\">\n\t\t\t\t\t\t\t<p><!-- wp:image {\"id\":1855} --><\/p><p>La Defensor\u00eda del Pueblo de la Ciudad de Paran\u00e1 se expide, ya sea a partir de planteos realizados por la ciudadan\u00eda o tras una actuaci\u00f3n de oficio,\u00a0a trav\u00e9s de Recomendaciones y Resoluciones. Dichos instrumentos no son vinculantes, pero marcan claros posicionamientos de la instituci\u00f3n respecto de distintos temas.<\/p><p>A continuaci\u00f3n, las Recomendaciones emitidas ordenadas por a\u00f1o:<\/p><p><!-- \/wp:paragraph --><\/p>\t\t\t\t\t\t<\/div>\n\t\t\t\t<\/div>\n\t\t\t\t\t<\/div>\n\t\t<\/div>\n\t\t\t\t\t\t\t<\/div>\n\t\t<\/section>\n\t\t\t\t<section class=\"elementor-section elementor-top-section elementor-element elementor-element-fd91ad7 elementor-section-boxed elementor-section-height-default elementor-section-height-default wpr-particle-no wpr-jarallax-no wpr-parallax-no wpr-sticky-section-no\" data-id=\"fd91ad7\" data-element_type=\"section\">\n\t\t\t\t\t\t<div class=\"elementor-container elementor-column-gap-default\">\n\t\t\t\t\t<div class=\"elementor-column elementor-col-100 elementor-top-column elementor-element elementor-element-82b4ddc\" data-id=\"82b4ddc\" data-element_type=\"column\">\n\t\t\t<div class=\"elementor-widget-wrap elementor-element-populated\">\n\t\t\t\t\t\t\t\t<div class=\"elementor-element elementor-element-dc64714 wpr-grid-columns-2 wpr-grid-columns--tablet2 wpr-grid-columns--mobile1 wpr-grid-pagination-center elementor-widget elementor-widget-wpr-grid\" data-id=\"dc64714\" data-element_type=\"widget\" data-widget_type=\"wpr-grid.default\">\n\t\t\t\t<div class=\"elementor-widget-container\">\n\t\t\t<ul class=\"wpr-grid-filters elementor-clearfix wpr-grid-filters-sep-right\"><li class=\" wpr-pointer-none wpr-pointer-line-fx wpr-pointer-fx-none\"><span class=\"wpr-pointer-item\" data-filter=\".category-recomendaciones-2021\">Recomendaciones 2021<\/span><em class=\"wpr-grid-filters-sep\"><\/em><\/li><li class=\" wpr-pointer-none wpr-pointer-line-fx wpr-pointer-fx-none\"><span class=\"wpr-pointer-item\" data-filter=\".category-recomendaciones-2014\">Recomendaciones 2014<\/span><em class=\"wpr-grid-filters-sep\"><\/em><\/li><li class=\" wpr-pointer-none wpr-pointer-line-fx wpr-pointer-fx-none\"><span class=\"wpr-pointer-item\" data-filter=\".category-recomendaciones-2013\">Recomendaciones 2013<\/span><em class=\"wpr-grid-filters-sep\"><\/em><\/li><li class=\" wpr-pointer-none wpr-pointer-line-fx wpr-pointer-fx-none\"><span class=\"wpr-pointer-item\" data-filter=\".category-recomendaciones-2012\">Recomendaciones 2012<\/span><em class=\"wpr-grid-filters-sep\"><\/em><\/li><li class=\" wpr-pointer-none wpr-pointer-line-fx wpr-pointer-fx-none\"><span class=\"wpr-pointer-item\" data-filter=\".category-recomendaciones-2011\">Recomendaciones 2011<\/span><em class=\"wpr-grid-filters-sep\"><\/em><\/li><li class=\" wpr-pointer-none wpr-pointer-line-fx wpr-pointer-fx-none\"><span class=\"wpr-pointer-item\" data-filter=\".category-recomendaciones-2007\">Recomendaciones 2007<\/span><em class=\"wpr-grid-filters-sep\"><\/em><\/li><li class=\" wpr-pointer-none wpr-pointer-line-fx wpr-pointer-fx-none\"><span class=\"wpr-pointer-item\" data-filter=\".category-recomendaciones-2006\">Recomendaciones 2006<\/span><em class=\"wpr-grid-filters-sep\"><\/em><\/li><li class=\" wpr-pointer-none wpr-pointer-line-fx wpr-pointer-fx-none\"><span class=\"wpr-pointer-item\" data-filter=\".category-recomendaciones-2005\">Recomendaciones 2005<\/span><em class=\"wpr-grid-filters-sep\"><\/em><\/li><li class=\" wpr-pointer-none wpr-pointer-line-fx wpr-pointer-fx-none\"><span class=\"wpr-pointer-item\" data-filter=\".category-recomendaciones-2004\">Recomendaciones 2004<\/span><em class=\"wpr-grid-filters-sep\"><\/em><\/li><li class=\" wpr-pointer-none wpr-pointer-line-fx wpr-pointer-fx-none\"><span class=\"wpr-pointer-item\" data-filter=\".category-recomendaciones-2022\">Recomendaciones 2022<\/span><em class=\"wpr-grid-filters-sep\"><\/em><\/li><li class=\" wpr-pointer-none wpr-pointer-line-fx wpr-pointer-fx-none\"><span class=\"wpr-pointer-item\" data-filter=\".category-recomendaciones-2010\">Recomendaciones 2010<\/span><em class=\"wpr-grid-filters-sep\"><\/em><\/li><li class=\" wpr-pointer-none wpr-pointer-line-fx wpr-pointer-fx-none\"><span class=\"wpr-pointer-item\" data-filter=\".category-recomendaciones-2003\">Recomendaciones 2003<\/span><em class=\"wpr-grid-filters-sep\"><\/em><\/li><li class=\" wpr-pointer-none wpr-pointer-line-fx wpr-pointer-fx-none\"><span class=\"wpr-pointer-item\" data-filter=\".category-recomendaciones-2009\">Recomendaciones 2009<\/span><em class=\"wpr-grid-filters-sep\"><\/em><\/li><li class=\" wpr-pointer-none wpr-pointer-line-fx wpr-pointer-fx-none\"><span class=\"wpr-pointer-item\" data-filter=\".category-recomendaciones-2016\">Recomendaciones 2016<\/span><em class=\"wpr-grid-filters-sep\"><\/em><\/li><li class=\" wpr-pointer-none wpr-pointer-line-fx wpr-pointer-fx-none\"><span class=\"wpr-pointer-item\" data-filter=\".category-recomendaciones-2017\">Recomendaciones 2017<\/span><em class=\"wpr-grid-filters-sep\"><\/em><\/li><li class=\" wpr-pointer-none wpr-pointer-line-fx wpr-pointer-fx-none\"><span class=\"wpr-pointer-item\" data-filter=\".category-recomendaciones-2018\">Recomendaciones 2018<\/span><em class=\"wpr-grid-filters-sep\"><\/em><\/li><li class=\" wpr-pointer-none wpr-pointer-line-fx wpr-pointer-fx-none\"><span class=\"wpr-pointer-item\" data-filter=\".category-recomendaciones-2015\">Recomendaciones 2015<\/span><em class=\"wpr-grid-filters-sep\"><\/em><\/li><\/ul><section class=\"wpr-grid elementor-clearfix\" data-settings=\"{&quot;layout&quot;:&quot;fitRows&quot;,&quot;columns_desktop&quot;:&quot;2&quot;,&quot;gutter_hr&quot;:15,&quot;gutter_vr&quot;:15,&quot;animation&quot;:&quot;default&quot;,&quot;animation_duration&quot;:0.3,&quot;animation_delay&quot;:0.1,&quot;deeplinking&quot;:&quot;&quot;,&quot;filters_linkable&quot;:&quot;no&quot;,&quot;filters_default_filter&quot;:&quot;&quot;,&quot;filters_count&quot;:&quot;&quot;,&quot;filters_hide_empty&quot;:&quot;&quot;,&quot;filters_animation&quot;:&quot;default&quot;,&quot;filters_animation_duration&quot;:0.3,&quot;filters_animation_delay&quot;:0.1,&quot;pagination_type&quot;:&quot;load-more&quot;,&quot;pagination_max_pages&quot;:1,&quot;lightbox&quot;:{&quot;selector&quot;:&quot;.wpr-grid-image-wrap&quot;,&quot;iframeMaxWidth&quot;:&quot;60%&quot;,&quot;hash&quot;:false,&quot;autoplay&quot;:&quot;true&quot;,&quot;pause&quot;:5000,&quot;progressBar&quot;:&quot;true&quot;,&quot;counter&quot;:&quot;true&quot;,&quot;controls&quot;:&quot;true&quot;,&quot;getCaptionFromTitleOrAlt&quot;:&quot;true&quot;,&quot;thumbnail&quot;:&quot;&quot;,&quot;showThumbByDefault&quot;:&quot;&quot;,&quot;share&quot;:&quot;&quot;,&quot;zoom&quot;:&quot;true&quot;,&quot;fullScreen&quot;:&quot;true&quot;,&quot;download&quot;:&quot;true&quot;}}\"><article class=\"wpr-grid-item elementor-clearfix post-4502 post type-post status-publish format-standard hentry category-recomendaciones-2021\"><div class=\"wpr-grid-item-inner\"><div class=\"wpr-grid-media-wrap wpr-effect-size-medium \" data-overlay-link=\"yes\"><div class=\"wpr-grid-media-hover wpr-animation-wrap\"><div class=\"wpr-grid-media-hover-bg  wpr-overlay-fade-in wpr-anim-size-large wpr-anim-timing-ease-default wpr-anim-transparency\" data-url=\"https:\/\/defensoriaparana.com.ar\/index.php\/2023\/02\/06\/2021-situacion-y-estado-de-calle-juan-b-justo\/\"><\/div><\/div><\/div><div class=\"wpr-grid-item-below-content elementor-clearfix\"><h2 class=\"wpr-grid-item-title elementor-repeater-item-0a1a05e wpr-grid-item-display-block wpr-grid-item-align-left wpr-pointer-none wpr-pointer-line-fx wpr-pointer-fx-fade\"><div class=\"inner-block\"><a href=\"https:\/\/defensoriaparana.com.ar\/index.php\/2023\/02\/06\/2021-situacion-y-estado-de-calle-juan-b-justo\/\" class=\"wpr-pointer-item\">(2021) Situaci\u00f3n y estado de calle Juan B. Justo<\/a><\/div><\/h2><div class=\"wpr-grid-item-excerpt elementor-repeater-item-bebbb1b wpr-grid-item-display-block wpr-grid-item-align-left\"><div class=\"inner-block\"><p>Paran\u00e1, 14 de Julio de 2021 Se\u00f1or Presidente Municipal de la Ciudad de Paran\u00e1 Cdor. Adan Humberto BAHL VISTO La&hellip;<\/p><\/div><\/div><div class=\"wpr-grid-item-read-more elementor-repeater-item-90953c2 wpr-grid-item-display-block wpr-grid-item-align-left\"><div class=\"inner-block\"><a href=\"https:\/\/defensoriaparana.com.ar\/index.php\/2023\/02\/06\/2021-situacion-y-estado-de-calle-juan-b-justo\/\" class=\"wpr-button-effect wpr-button-none\"><span>Leer m\u00e1s<\/span><\/a><\/div><\/div><\/div><\/div><\/article><article class=\"wpr-grid-item elementor-clearfix post-4500 post type-post status-publish format-standard hentry category-recomendaciones-2014\"><div class=\"wpr-grid-item-inner\"><div class=\"wpr-grid-media-wrap wpr-effect-size-medium \" data-overlay-link=\"yes\"><div class=\"wpr-grid-media-hover wpr-animation-wrap\"><div class=\"wpr-grid-media-hover-bg  wpr-overlay-fade-in wpr-anim-size-large wpr-anim-timing-ease-default wpr-anim-transparency\" data-url=\"https:\/\/defensoriaparana.com.ar\/index.php\/2023\/02\/06\/2014-derecho-a-la-igualdad-ante-la-ley-y-ante-el-estado-municipal-en-relacion-con-la-prescripcion-liberatoria-de-la-deuda-por-contribucion-por-mejoras\/\"><\/div><\/div><\/div><div class=\"wpr-grid-item-below-content elementor-clearfix\"><h2 class=\"wpr-grid-item-title elementor-repeater-item-0a1a05e wpr-grid-item-display-block wpr-grid-item-align-left wpr-pointer-none wpr-pointer-line-fx wpr-pointer-fx-fade\"><div class=\"inner-block\"><a href=\"https:\/\/defensoriaparana.com.ar\/index.php\/2023\/02\/06\/2014-derecho-a-la-igualdad-ante-la-ley-y-ante-el-estado-municipal-en-relacion-con-la-prescripcion-liberatoria-de-la-deuda-por-contribucion-por-mejoras\/\" class=\"wpr-pointer-item\">(2014) Derecho a la igualdad ante la ley y ante el Estado municipal en relaci\u00f3n con la prescripci\u00f3n liberatoria de&hellip;<\/a><\/div><\/h2><div class=\"wpr-grid-item-excerpt elementor-repeater-item-bebbb1b wpr-grid-item-display-block wpr-grid-item-align-left\"><div class=\"inner-block\"><p>Recomendaci\u00f3n en relaci\u00f3n al \u201cDerecho a la igualdad ante la ley y ante el estado municipal en relaci\u00f3n con la&hellip;<\/p><\/div><\/div><div class=\"wpr-grid-item-read-more elementor-repeater-item-90953c2 wpr-grid-item-display-block wpr-grid-item-align-left\"><div class=\"inner-block\"><a href=\"https:\/\/defensoriaparana.com.ar\/index.php\/2023\/02\/06\/2014-derecho-a-la-igualdad-ante-la-ley-y-ante-el-estado-municipal-en-relacion-con-la-prescripcion-liberatoria-de-la-deuda-por-contribucion-por-mejoras\/\" class=\"wpr-button-effect wpr-button-none\"><span>Leer m\u00e1s<\/span><\/a><\/div><\/div><\/div><\/div><\/article><article class=\"wpr-grid-item elementor-clearfix post-4498 post type-post status-publish format-standard hentry category-recomendaciones-2013\"><div class=\"wpr-grid-item-inner\"><div class=\"wpr-grid-media-wrap wpr-effect-size-medium \" data-overlay-link=\"yes\"><div class=\"wpr-grid-media-hover wpr-animation-wrap\"><div class=\"wpr-grid-media-hover-bg  wpr-overlay-fade-in wpr-anim-size-large wpr-anim-timing-ease-default wpr-anim-transparency\" data-url=\"https:\/\/defensoriaparana.com.ar\/index.php\/2023\/02\/06\/2013-derecho-a-la-reincorporacion-e-indemnizacion-por-despido-arbitrario-durante-la-dictadura-militar\/\"><\/div><\/div><\/div><div class=\"wpr-grid-item-below-content elementor-clearfix\"><h2 class=\"wpr-grid-item-title elementor-repeater-item-0a1a05e wpr-grid-item-display-block wpr-grid-item-align-left wpr-pointer-none wpr-pointer-line-fx wpr-pointer-fx-fade\"><div class=\"inner-block\"><a href=\"https:\/\/defensoriaparana.com.ar\/index.php\/2023\/02\/06\/2013-derecho-a-la-reincorporacion-e-indemnizacion-por-despido-arbitrario-durante-la-dictadura-militar\/\" class=\"wpr-pointer-item\">(2013) Derecho a la reincorporaci\u00f3n e indemnizaci\u00f3n por despido arbitrario durante la dictadura militar<\/a><\/div><\/h2><div class=\"wpr-grid-item-excerpt elementor-repeater-item-bebbb1b wpr-grid-item-display-block wpr-grid-item-align-left\"><div class=\"inner-block\"><p>Resoluci\u00f3n del 22\/11\/2013 con RECOMENDACI\u00d3N N\u00ba 5\/13 a la Sra. Presidenta Municipal de la Ciudad de Paran\u00e1. \u00a0 Recomendaci\u00f3n en&hellip;<\/p><\/div><\/div><div class=\"wpr-grid-item-read-more elementor-repeater-item-90953c2 wpr-grid-item-display-block wpr-grid-item-align-left\"><div class=\"inner-block\"><a href=\"https:\/\/defensoriaparana.com.ar\/index.php\/2023\/02\/06\/2013-derecho-a-la-reincorporacion-e-indemnizacion-por-despido-arbitrario-durante-la-dictadura-militar\/\" class=\"wpr-button-effect wpr-button-none\"><span>Leer m\u00e1s<\/span><\/a><\/div><\/div><\/div><\/div><\/article><article class=\"wpr-grid-item elementor-clearfix post-4496 post type-post status-publish format-standard hentry category-recomendaciones-2013\"><div class=\"wpr-grid-item-inner\"><div class=\"wpr-grid-media-wrap wpr-effect-size-medium \" data-overlay-link=\"yes\"><div class=\"wpr-grid-media-hover wpr-animation-wrap\"><div class=\"wpr-grid-media-hover-bg  wpr-overlay-fade-in wpr-anim-size-large wpr-anim-timing-ease-default wpr-anim-transparency\" data-url=\"https:\/\/defensoriaparana.com.ar\/index.php\/2023\/02\/06\/2013-colectivo-urbano-pedido-de-ampliacion-de-la-mesa-de-transporte\/\"><\/div><\/div><\/div><div class=\"wpr-grid-item-below-content elementor-clearfix\"><h2 class=\"wpr-grid-item-title elementor-repeater-item-0a1a05e wpr-grid-item-display-block wpr-grid-item-align-left wpr-pointer-none wpr-pointer-line-fx wpr-pointer-fx-fade\"><div class=\"inner-block\"><a href=\"https:\/\/defensoriaparana.com.ar\/index.php\/2023\/02\/06\/2013-colectivo-urbano-pedido-de-ampliacion-de-la-mesa-de-transporte\/\" class=\"wpr-pointer-item\">(2013) Colectivo urbano: pedido de ampliaci\u00f3n de la mesa de transporte<\/a><\/div><\/h2><div class=\"wpr-grid-item-excerpt elementor-repeater-item-bebbb1b wpr-grid-item-display-block wpr-grid-item-align-left\"><div class=\"inner-block\"><p>Resoluci\u00f3n del 21\/11\/2013 con RECOMENDACI\u00d3N N\u00ba 4\/13 a la Sra. Presidenta Municipal de la Ciudad de Paran\u00e1. \u00a0 Recomendaci\u00f3n en&hellip;<\/p><\/div><\/div><div class=\"wpr-grid-item-read-more elementor-repeater-item-90953c2 wpr-grid-item-display-block wpr-grid-item-align-left\"><div class=\"inner-block\"><a href=\"https:\/\/defensoriaparana.com.ar\/index.php\/2023\/02\/06\/2013-colectivo-urbano-pedido-de-ampliacion-de-la-mesa-de-transporte\/\" class=\"wpr-button-effect wpr-button-none\"><span>Leer m\u00e1s<\/span><\/a><\/div><\/div><\/div><\/div><\/article><article class=\"wpr-grid-item elementor-clearfix post-4494 post type-post status-publish format-standard hentry category-recomendaciones-2014\"><div class=\"wpr-grid-item-inner\"><div class=\"wpr-grid-media-wrap wpr-effect-size-medium \" data-overlay-link=\"yes\"><div class=\"wpr-grid-media-hover wpr-animation-wrap\"><div class=\"wpr-grid-media-hover-bg  wpr-overlay-fade-in wpr-anim-size-large wpr-anim-timing-ease-default wpr-anim-transparency\" data-url=\"https:\/\/defensoriaparana.com.ar\/index.php\/2023\/02\/06\/2014-exigencia-a-vecinalistas-de-tramitar-el-certificado-de-buena-conducta\/\"><\/div><\/div><\/div><div class=\"wpr-grid-item-below-content elementor-clearfix\"><h2 class=\"wpr-grid-item-title elementor-repeater-item-0a1a05e wpr-grid-item-display-block wpr-grid-item-align-left wpr-pointer-none wpr-pointer-line-fx wpr-pointer-fx-fade\"><div class=\"inner-block\"><a href=\"https:\/\/defensoriaparana.com.ar\/index.php\/2023\/02\/06\/2014-exigencia-a-vecinalistas-de-tramitar-el-certificado-de-buena-conducta\/\" class=\"wpr-pointer-item\">(2014) Exigencia a vecinalistas de tramitar el Certificado de Buena Conducta<\/a><\/div><\/h2><div class=\"wpr-grid-item-excerpt elementor-repeater-item-bebbb1b wpr-grid-item-display-block wpr-grid-item-align-left\"><div class=\"inner-block\"><p>Resoluci\u00f3n del 08\/09\/2014 con RECOMENDACI\u00d3N N\u00ba 2\/14 a la Sra. Presidenta Municipal de la Ciudad de Paran\u00e1 Recomendaci\u00f3n en relaci\u00f3n&hellip;<\/p><\/div><\/div><div class=\"wpr-grid-item-read-more elementor-repeater-item-90953c2 wpr-grid-item-display-block wpr-grid-item-align-left\"><div class=\"inner-block\"><a href=\"https:\/\/defensoriaparana.com.ar\/index.php\/2023\/02\/06\/2014-exigencia-a-vecinalistas-de-tramitar-el-certificado-de-buena-conducta\/\" class=\"wpr-button-effect wpr-button-none\"><span>Leer m\u00e1s<\/span><\/a><\/div><\/div><\/div><\/div><\/article><article class=\"wpr-grid-item elementor-clearfix post-4488 post type-post status-publish format-standard hentry category-recomendaciones-2012\"><div class=\"wpr-grid-item-inner\"><div class=\"wpr-grid-media-wrap wpr-effect-size-medium \" data-overlay-link=\"yes\"><div class=\"wpr-grid-media-hover wpr-animation-wrap\"><div class=\"wpr-grid-media-hover-bg  wpr-overlay-fade-in wpr-anim-size-large wpr-anim-timing-ease-default wpr-anim-transparency\" data-url=\"https:\/\/defensoriaparana.com.ar\/index.php\/2023\/02\/06\/2012-derecho-de-acceso-a-la-informacion-publica-en-relacion-a-resoluciones-de-los-jueces-de-faltas-municipales\/\"><\/div><\/div><\/div><div class=\"wpr-grid-item-below-content elementor-clearfix\"><h2 class=\"wpr-grid-item-title elementor-repeater-item-0a1a05e wpr-grid-item-display-block wpr-grid-item-align-left wpr-pointer-none wpr-pointer-line-fx wpr-pointer-fx-fade\"><div class=\"inner-block\"><a href=\"https:\/\/defensoriaparana.com.ar\/index.php\/2023\/02\/06\/2012-derecho-de-acceso-a-la-informacion-publica-en-relacion-a-resoluciones-de-los-jueces-de-faltas-municipales\/\" class=\"wpr-pointer-item\">(2012) Derecho de acceso a la informaci\u00f3n p\u00fablica en relaci\u00f3n a resoluciones de los Jueces de Faltas Municipales<\/a><\/div><\/h2><div class=\"wpr-grid-item-excerpt elementor-repeater-item-bebbb1b wpr-grid-item-display-block wpr-grid-item-align-left\"><div class=\"inner-block\"><p>&nbsp; Resoluci\u00f3n del 30\/07\/2012 con RECOMENDACI\u00d3N N\u00ba 2\/12 a los Sres. Jueces de Faltas de la Municipalidad de la Ciudad&hellip;<\/p><\/div><\/div><div class=\"wpr-grid-item-read-more elementor-repeater-item-90953c2 wpr-grid-item-display-block wpr-grid-item-align-left\"><div class=\"inner-block\"><a href=\"https:\/\/defensoriaparana.com.ar\/index.php\/2023\/02\/06\/2012-derecho-de-acceso-a-la-informacion-publica-en-relacion-a-resoluciones-de-los-jueces-de-faltas-municipales\/\" class=\"wpr-button-effect wpr-button-none\"><span>Leer m\u00e1s<\/span><\/a><\/div><\/div><\/div><\/div><\/article><article class=\"wpr-grid-item elementor-clearfix post-4486 post type-post status-publish format-standard hentry category-recomendaciones-2011\"><div class=\"wpr-grid-item-inner\"><div class=\"wpr-grid-media-wrap wpr-effect-size-medium \" data-overlay-link=\"yes\"><div class=\"wpr-grid-media-hover wpr-animation-wrap\"><div class=\"wpr-grid-media-hover-bg  wpr-overlay-fade-in wpr-anim-size-large wpr-anim-timing-ease-default wpr-anim-transparency\" data-url=\"https:\/\/defensoriaparana.com.ar\/index.php\/2023\/02\/06\/2011-excesivo-rigor-formal-en-la-sustanciacion-de-actuaciones-administrativas\/\"><\/div><\/div><\/div><div class=\"wpr-grid-item-below-content elementor-clearfix\"><h2 class=\"wpr-grid-item-title elementor-repeater-item-0a1a05e wpr-grid-item-display-block wpr-grid-item-align-left wpr-pointer-none wpr-pointer-line-fx wpr-pointer-fx-fade\"><div class=\"inner-block\"><a href=\"https:\/\/defensoriaparana.com.ar\/index.php\/2023\/02\/06\/2011-excesivo-rigor-formal-en-la-sustanciacion-de-actuaciones-administrativas\/\" class=\"wpr-pointer-item\">(2011) Excesivo rigor formal en la sustanciaci\u00f3n de actuaciones administrativas<\/a><\/div><\/h2><div class=\"wpr-grid-item-excerpt elementor-repeater-item-bebbb1b wpr-grid-item-display-block wpr-grid-item-align-left\"><div class=\"inner-block\"><p>Resoluci\u00f3n del 12\/08\/2011 con RECOMENDACI\u00d3N N\u00ba 4\/11 al Sr. Presidente Municipal de la Ciudad de Paran\u00e1. Recomendaci\u00f3n en relaci\u00f3n al&hellip;<\/p><\/div><\/div><div class=\"wpr-grid-item-read-more elementor-repeater-item-90953c2 wpr-grid-item-display-block wpr-grid-item-align-left\"><div class=\"inner-block\"><a href=\"https:\/\/defensoriaparana.com.ar\/index.php\/2023\/02\/06\/2011-excesivo-rigor-formal-en-la-sustanciacion-de-actuaciones-administrativas\/\" class=\"wpr-button-effect wpr-button-none\"><span>Leer m\u00e1s<\/span><\/a><\/div><\/div><\/div><\/div><\/article><article class=\"wpr-grid-item elementor-clearfix post-4478 post type-post status-publish format-standard hentry category-recomendaciones-2007\"><div class=\"wpr-grid-item-inner\"><div class=\"wpr-grid-media-wrap wpr-effect-size-medium \" data-overlay-link=\"yes\"><div class=\"wpr-grid-media-hover wpr-animation-wrap\"><div class=\"wpr-grid-media-hover-bg  wpr-overlay-fade-in wpr-anim-size-large wpr-anim-timing-ease-default wpr-anim-transparency\" data-url=\"https:\/\/defensoriaparana.com.ar\/index.php\/2023\/02\/01\/2007-proliferacion-de-edificios-en-zona-parque\/\"><\/div><\/div><\/div><div class=\"wpr-grid-item-below-content elementor-clearfix\"><h2 class=\"wpr-grid-item-title elementor-repeater-item-0a1a05e wpr-grid-item-display-block wpr-grid-item-align-left wpr-pointer-none wpr-pointer-line-fx wpr-pointer-fx-fade\"><div class=\"inner-block\"><a href=\"https:\/\/defensoriaparana.com.ar\/index.php\/2023\/02\/01\/2007-proliferacion-de-edificios-en-zona-parque\/\" class=\"wpr-pointer-item\">(2007) Proliferaci\u00f3n de edificios en Zona Parque<\/a><\/div><\/h2><div class=\"wpr-grid-item-read-more elementor-repeater-item-90953c2 wpr-grid-item-display-block wpr-grid-item-align-left\"><div class=\"inner-block\"><a href=\"https:\/\/defensoriaparana.com.ar\/index.php\/2023\/02\/01\/2007-proliferacion-de-edificios-en-zona-parque\/\" class=\"wpr-button-effect wpr-button-none\"><span>Leer m\u00e1s<\/span><\/a><\/div><\/div><\/div><\/div><\/article><article class=\"wpr-grid-item elementor-clearfix post-4469 post type-post status-publish format-standard hentry category-recomendaciones-2007\"><div class=\"wpr-grid-item-inner\"><div class=\"wpr-grid-media-wrap wpr-effect-size-medium \" data-overlay-link=\"yes\"><div class=\"wpr-grid-media-hover wpr-animation-wrap\"><div class=\"wpr-grid-media-hover-bg  wpr-overlay-fade-in wpr-anim-size-large wpr-anim-timing-ease-default wpr-anim-transparency\" data-url=\"https:\/\/defensoriaparana.com.ar\/index.php\/2023\/02\/01\/2007-intervencion-urgente-en-el-volcadero-municipal\/\"><\/div><\/div><\/div><div class=\"wpr-grid-item-below-content elementor-clearfix\"><h2 class=\"wpr-grid-item-title elementor-repeater-item-0a1a05e wpr-grid-item-display-block wpr-grid-item-align-left wpr-pointer-none wpr-pointer-line-fx wpr-pointer-fx-fade\"><div class=\"inner-block\"><a href=\"https:\/\/defensoriaparana.com.ar\/index.php\/2023\/02\/01\/2007-intervencion-urgente-en-el-volcadero-municipal\/\" class=\"wpr-pointer-item\">(2007) Intervenci\u00f3n urgente en el Volcadero municipal<\/a><\/div><\/h2><div class=\"wpr-grid-item-read-more elementor-repeater-item-90953c2 wpr-grid-item-display-block wpr-grid-item-align-left\"><div class=\"inner-block\"><a href=\"https:\/\/defensoriaparana.com.ar\/index.php\/2023\/02\/01\/2007-intervencion-urgente-en-el-volcadero-municipal\/\" class=\"wpr-button-effect wpr-button-none\"><span>Leer m\u00e1s<\/span><\/a><\/div><\/div><\/div><\/div><\/article><article class=\"wpr-grid-item elementor-clearfix post-4463 post type-post status-publish format-standard hentry category-recomendaciones-2007\"><div class=\"wpr-grid-item-inner\"><div class=\"wpr-grid-media-wrap wpr-effect-size-medium \" data-overlay-link=\"yes\"><div class=\"wpr-grid-media-hover wpr-animation-wrap\"><div class=\"wpr-grid-media-hover-bg  wpr-overlay-fade-in wpr-anim-size-large wpr-anim-timing-ease-default wpr-anim-transparency\" data-url=\"https:\/\/defensoriaparana.com.ar\/index.php\/2023\/02\/01\/2007-necesidad-de-establecer-normativas-para-la-regulacion-de-geriatricos\/\"><\/div><\/div><\/div><div class=\"wpr-grid-item-below-content elementor-clearfix\"><h2 class=\"wpr-grid-item-title elementor-repeater-item-0a1a05e wpr-grid-item-display-block wpr-grid-item-align-left wpr-pointer-none wpr-pointer-line-fx wpr-pointer-fx-fade\"><div class=\"inner-block\"><a href=\"https:\/\/defensoriaparana.com.ar\/index.php\/2023\/02\/01\/2007-necesidad-de-establecer-normativas-para-la-regulacion-de-geriatricos\/\" class=\"wpr-pointer-item\">(2007) Necesidad de establecer normativas para la regulaci\u00f3n de geri\u00e1tricos<\/a><\/div><\/h2><div class=\"wpr-grid-item-read-more elementor-repeater-item-90953c2 wpr-grid-item-display-block wpr-grid-item-align-left\"><div class=\"inner-block\"><a href=\"https:\/\/defensoriaparana.com.ar\/index.php\/2023\/02\/01\/2007-necesidad-de-establecer-normativas-para-la-regulacion-de-geriatricos\/\" class=\"wpr-button-effect wpr-button-none\"><span>Leer m\u00e1s<\/span><\/a><\/div><\/div><\/div><\/div><\/article><article class=\"wpr-grid-item elementor-clearfix post-4447 post type-post status-publish format-standard hentry category-recomendaciones-2006\"><div class=\"wpr-grid-item-inner\"><div class=\"wpr-grid-media-wrap wpr-effect-size-medium \" data-overlay-link=\"yes\"><div class=\"wpr-grid-media-hover wpr-animation-wrap\"><div class=\"wpr-grid-media-hover-bg  wpr-overlay-fade-in wpr-anim-size-large wpr-anim-timing-ease-default wpr-anim-transparency\" data-url=\"https:\/\/defensoriaparana.com.ar\/index.php\/2023\/01\/26\/2006-derecho-a-un-ambiente-sano-situacion-de-una-chatarreria\/\"><\/div><\/div><\/div><div class=\"wpr-grid-item-below-content elementor-clearfix\"><h2 class=\"wpr-grid-item-title elementor-repeater-item-0a1a05e wpr-grid-item-display-block wpr-grid-item-align-left wpr-pointer-none wpr-pointer-line-fx wpr-pointer-fx-fade\"><div class=\"inner-block\"><a href=\"https:\/\/defensoriaparana.com.ar\/index.php\/2023\/01\/26\/2006-derecho-a-un-ambiente-sano-situacion-de-una-chatarreria\/\" class=\"wpr-pointer-item\">(2006) Derecho a un ambiente sano: situaci\u00f3n de una chatarrer\u00eda<\/a><\/div><\/h2><div class=\"wpr-grid-item-read-more elementor-repeater-item-90953c2 wpr-grid-item-display-block wpr-grid-item-align-left\"><div class=\"inner-block\"><a href=\"https:\/\/defensoriaparana.com.ar\/index.php\/2023\/01\/26\/2006-derecho-a-un-ambiente-sano-situacion-de-una-chatarreria\/\" class=\"wpr-button-effect wpr-button-none\"><span>Leer m\u00e1s<\/span><\/a><\/div><\/div><\/div><\/div><\/article><article class=\"wpr-grid-item elementor-clearfix post-4437 post type-post status-publish format-standard hentry category-recomendaciones-2006\"><div class=\"wpr-grid-item-inner\"><div class=\"wpr-grid-media-wrap wpr-effect-size-medium \" data-overlay-link=\"yes\"><div class=\"wpr-grid-media-hover wpr-animation-wrap\"><div class=\"wpr-grid-media-hover-bg  wpr-overlay-fade-in wpr-anim-size-large wpr-anim-timing-ease-default wpr-anim-transparency\" data-url=\"https:\/\/defensoriaparana.com.ar\/index.php\/2023\/01\/26\/2006-proyecto-complejo-termal-en-el-parque-nuevo\/\"><\/div><\/div><\/div><div class=\"wpr-grid-item-below-content elementor-clearfix\"><h2 class=\"wpr-grid-item-title elementor-repeater-item-0a1a05e wpr-grid-item-display-block wpr-grid-item-align-left wpr-pointer-none wpr-pointer-line-fx wpr-pointer-fx-fade\"><div class=\"inner-block\"><a href=\"https:\/\/defensoriaparana.com.ar\/index.php\/2023\/01\/26\/2006-proyecto-complejo-termal-en-el-parque-nuevo\/\" class=\"wpr-pointer-item\">(2006) Proyecto Complejo Termal en el Parque Nuevo<\/a><\/div><\/h2><div class=\"wpr-grid-item-excerpt elementor-repeater-item-bebbb1b wpr-grid-item-display-block wpr-grid-item-align-left\"><div class=\"inner-block\"><p>\u00a0<\/p><\/div><\/div><div class=\"wpr-grid-item-read-more elementor-repeater-item-90953c2 wpr-grid-item-display-block wpr-grid-item-align-left\"><div class=\"inner-block\"><a href=\"https:\/\/defensoriaparana.com.ar\/index.php\/2023\/01\/26\/2006-proyecto-complejo-termal-en-el-parque-nuevo\/\" class=\"wpr-button-effect wpr-button-none\"><span>Leer m\u00e1s<\/span><\/a><\/div><\/div><\/div><\/div><\/article><article class=\"wpr-grid-item elementor-clearfix post-4430 post type-post status-publish format-standard hentry category-recomendaciones-2006\"><div class=\"wpr-grid-item-inner\"><div class=\"wpr-grid-media-wrap wpr-effect-size-medium \" data-overlay-link=\"yes\"><div class=\"wpr-grid-media-hover wpr-animation-wrap\"><div class=\"wpr-grid-media-hover-bg  wpr-overlay-fade-in wpr-anim-size-large wpr-anim-timing-ease-default wpr-anim-transparency\" data-url=\"https:\/\/defensoriaparana.com.ar\/index.php\/2023\/01\/26\/2006-cobro-de-contribucion-por-mejoras-en-avenida-zanni-por-obras\/\"><\/div><\/div><\/div><div class=\"wpr-grid-item-below-content elementor-clearfix\"><h2 class=\"wpr-grid-item-title elementor-repeater-item-0a1a05e wpr-grid-item-display-block wpr-grid-item-align-left wpr-pointer-none wpr-pointer-line-fx wpr-pointer-fx-fade\"><div class=\"inner-block\"><a href=\"https:\/\/defensoriaparana.com.ar\/index.php\/2023\/01\/26\/2006-cobro-de-contribucion-por-mejoras-en-avenida-zanni-por-obras\/\" class=\"wpr-pointer-item\">(2006) Cobro de Contribuci\u00f3n por Mejoras en Avenida Zanni por obras<\/a><\/div><\/h2><div class=\"wpr-grid-item-read-more elementor-repeater-item-90953c2 wpr-grid-item-display-block wpr-grid-item-align-left\"><div class=\"inner-block\"><a href=\"https:\/\/defensoriaparana.com.ar\/index.php\/2023\/01\/26\/2006-cobro-de-contribucion-por-mejoras-en-avenida-zanni-por-obras\/\" class=\"wpr-button-effect wpr-button-none\"><span>Leer m\u00e1s<\/span><\/a><\/div><\/div><\/div><\/div><\/article><article class=\"wpr-grid-item elementor-clearfix post-4422 post type-post status-publish format-standard hentry category-recomendaciones-2006\"><div class=\"wpr-grid-item-inner\"><div class=\"wpr-grid-media-wrap wpr-effect-size-medium \" data-overlay-link=\"yes\"><div class=\"wpr-grid-media-hover wpr-animation-wrap\"><div class=\"wpr-grid-media-hover-bg  wpr-overlay-fade-in wpr-anim-size-large wpr-anim-timing-ease-default wpr-anim-transparency\" data-url=\"https:\/\/defensoriaparana.com.ar\/index.php\/2023\/01\/26\/2006-cobro-de-la-contribucion-por-mejoras-por-iluminacion\/\"><\/div><\/div><\/div><div class=\"wpr-grid-item-below-content elementor-clearfix\"><h2 class=\"wpr-grid-item-title elementor-repeater-item-0a1a05e wpr-grid-item-display-block wpr-grid-item-align-left wpr-pointer-none wpr-pointer-line-fx wpr-pointer-fx-fade\"><div class=\"inner-block\"><a href=\"https:\/\/defensoriaparana.com.ar\/index.php\/2023\/01\/26\/2006-cobro-de-la-contribucion-por-mejoras-por-iluminacion\/\" class=\"wpr-pointer-item\">(2006) Cobro de la Contribuci\u00f3n por Mejoras por iluminaci\u00f3n<\/a><\/div><\/h2><div class=\"wpr-grid-item-read-more elementor-repeater-item-90953c2 wpr-grid-item-display-block wpr-grid-item-align-left\"><div class=\"inner-block\"><a href=\"https:\/\/defensoriaparana.com.ar\/index.php\/2023\/01\/26\/2006-cobro-de-la-contribucion-por-mejoras-por-iluminacion\/\" class=\"wpr-button-effect wpr-button-none\"><span>Leer m\u00e1s<\/span><\/a><\/div><\/div><\/div><\/div><\/article><article class=\"wpr-grid-item elementor-clearfix post-4398 post type-post status-publish format-standard hentry category-recomendaciones-2005\"><div class=\"wpr-grid-item-inner\"><div class=\"wpr-grid-media-wrap wpr-effect-size-medium \" data-overlay-link=\"yes\"><div class=\"wpr-grid-media-hover wpr-animation-wrap\"><div class=\"wpr-grid-media-hover-bg  wpr-overlay-fade-in wpr-anim-size-large wpr-anim-timing-ease-default wpr-anim-transparency\" data-url=\"https:\/\/defensoriaparana.com.ar\/index.php\/2023\/01\/25\/2005-aumento-excesivo-del-impuesto-automotor\/\"><\/div><\/div><\/div><div class=\"wpr-grid-item-below-content elementor-clearfix\"><h2 class=\"wpr-grid-item-title elementor-repeater-item-0a1a05e wpr-grid-item-display-block wpr-grid-item-align-left wpr-pointer-none wpr-pointer-line-fx wpr-pointer-fx-fade\"><div class=\"inner-block\"><a href=\"https:\/\/defensoriaparana.com.ar\/index.php\/2023\/01\/25\/2005-aumento-excesivo-del-impuesto-automotor\/\" class=\"wpr-pointer-item\">(2005) Aumento excesivo del Impuesto Automotor<\/a><\/div><\/h2><div class=\"wpr-grid-item-read-more elementor-repeater-item-90953c2 wpr-grid-item-display-block wpr-grid-item-align-left\"><div class=\"inner-block\"><a href=\"https:\/\/defensoriaparana.com.ar\/index.php\/2023\/01\/25\/2005-aumento-excesivo-del-impuesto-automotor\/\" class=\"wpr-button-effect wpr-button-none\"><span>Leer m\u00e1s<\/span><\/a><\/div><\/div><\/div><\/div><\/article><article class=\"wpr-grid-item elementor-clearfix post-4390 post type-post status-publish format-standard hentry category-recomendaciones-2005\"><div class=\"wpr-grid-item-inner\"><div class=\"wpr-grid-media-wrap wpr-effect-size-medium \" data-overlay-link=\"yes\"><div class=\"wpr-grid-media-hover wpr-animation-wrap\"><div class=\"wpr-grid-media-hover-bg  wpr-overlay-fade-in wpr-anim-size-large wpr-anim-timing-ease-default wpr-anim-transparency\" data-url=\"https:\/\/defensoriaparana.com.ar\/index.php\/2023\/01\/25\/2005-cobro-contribucion-por-mejoras-avenida-ramirez-sur\/\"><\/div><\/div><\/div><div class=\"wpr-grid-item-below-content elementor-clearfix\"><h2 class=\"wpr-grid-item-title elementor-repeater-item-0a1a05e wpr-grid-item-display-block wpr-grid-item-align-left wpr-pointer-none wpr-pointer-line-fx wpr-pointer-fx-fade\"><div class=\"inner-block\"><a href=\"https:\/\/defensoriaparana.com.ar\/index.php\/2023\/01\/25\/2005-cobro-contribucion-por-mejoras-avenida-ramirez-sur\/\" class=\"wpr-pointer-item\">(2005) Cobro contribuci\u00f3n por mejoras Avenida Ram\u00edrez Sur<\/a><\/div><\/h2><div class=\"wpr-grid-item-read-more elementor-repeater-item-90953c2 wpr-grid-item-display-block wpr-grid-item-align-left\"><div class=\"inner-block\"><a href=\"https:\/\/defensoriaparana.com.ar\/index.php\/2023\/01\/25\/2005-cobro-contribucion-por-mejoras-avenida-ramirez-sur\/\" class=\"wpr-button-effect wpr-button-none\"><span>Leer m\u00e1s<\/span><\/a><\/div><\/div><\/div><\/div><\/article><article class=\"wpr-grid-item elementor-clearfix post-4385 post type-post status-publish format-standard hentry category-recomendaciones-2005\"><div class=\"wpr-grid-item-inner\"><div class=\"wpr-grid-media-wrap wpr-effect-size-medium \" data-overlay-link=\"yes\"><div class=\"wpr-grid-media-hover wpr-animation-wrap\"><div class=\"wpr-grid-media-hover-bg  wpr-overlay-fade-in wpr-anim-size-large wpr-anim-timing-ease-default wpr-anim-transparency\" data-url=\"https:\/\/defensoriaparana.com.ar\/index.php\/2023\/01\/25\/2005-certamen-distincion-maestro-ilustre\/\"><\/div><\/div><\/div><div class=\"wpr-grid-item-below-content elementor-clearfix\"><h2 class=\"wpr-grid-item-title elementor-repeater-item-0a1a05e wpr-grid-item-display-block wpr-grid-item-align-left wpr-pointer-none wpr-pointer-line-fx wpr-pointer-fx-fade\"><div class=\"inner-block\"><a href=\"https:\/\/defensoriaparana.com.ar\/index.php\/2023\/01\/25\/2005-certamen-distincion-maestro-ilustre\/\" class=\"wpr-pointer-item\">(2005) Certamen Distinci\u00f3n Maestro Ilustre<\/a><\/div><\/h2><div class=\"wpr-grid-item-read-more elementor-repeater-item-90953c2 wpr-grid-item-display-block wpr-grid-item-align-left\"><div class=\"inner-block\"><a href=\"https:\/\/defensoriaparana.com.ar\/index.php\/2023\/01\/25\/2005-certamen-distincion-maestro-ilustre\/\" class=\"wpr-button-effect wpr-button-none\"><span>Leer m\u00e1s<\/span><\/a><\/div><\/div><\/div><\/div><\/article><article class=\"wpr-grid-item elementor-clearfix post-4381 post type-post status-publish format-standard hentry category-recomendaciones-2005\"><div class=\"wpr-grid-item-inner\"><div class=\"wpr-grid-media-wrap wpr-effect-size-medium \" data-overlay-link=\"yes\"><div class=\"wpr-grid-media-hover wpr-animation-wrap\"><div class=\"wpr-grid-media-hover-bg  wpr-overlay-fade-in wpr-anim-size-large wpr-anim-timing-ease-default wpr-anim-transparency\" data-url=\"https:\/\/defensoriaparana.com.ar\/index.php\/2023\/01\/25\/2005-centro-de-salud-padre-kentenich-y-su-relacion-con-caritas\/\"><\/div><\/div><\/div><div class=\"wpr-grid-item-below-content elementor-clearfix\"><h2 class=\"wpr-grid-item-title elementor-repeater-item-0a1a05e wpr-grid-item-display-block wpr-grid-item-align-left wpr-pointer-none wpr-pointer-line-fx wpr-pointer-fx-fade\"><div class=\"inner-block\"><a href=\"https:\/\/defensoriaparana.com.ar\/index.php\/2023\/01\/25\/2005-centro-de-salud-padre-kentenich-y-su-relacion-con-caritas\/\" class=\"wpr-pointer-item\">(2005) Centro de Salud Padre Kentenich y su relaci\u00f3n con C\u00e1ritas<\/a><\/div><\/h2><div class=\"wpr-grid-item-read-more elementor-repeater-item-90953c2 wpr-grid-item-display-block wpr-grid-item-align-left\"><div class=\"inner-block\"><a href=\"https:\/\/defensoriaparana.com.ar\/index.php\/2023\/01\/25\/2005-centro-de-salud-padre-kentenich-y-su-relacion-con-caritas\/\" class=\"wpr-button-effect wpr-button-none\"><span>Leer m\u00e1s<\/span><\/a><\/div><\/div><\/div><\/div><\/article><article class=\"wpr-grid-item elementor-clearfix post-4371 post type-post status-publish format-standard hentry category-recomendaciones-2005\"><div class=\"wpr-grid-item-inner\"><div class=\"wpr-grid-media-wrap wpr-effect-size-medium \" data-overlay-link=\"yes\"><div class=\"wpr-grid-media-hover wpr-animation-wrap\"><div class=\"wpr-grid-media-hover-bg  wpr-overlay-fade-in wpr-anim-size-large wpr-anim-timing-ease-default wpr-anim-transparency\" data-url=\"https:\/\/defensoriaparana.com.ar\/index.php\/2023\/01\/25\/2005-habilitacion-de-un-local-comercial\/\"><\/div><\/div><\/div><div class=\"wpr-grid-item-below-content elementor-clearfix\"><h2 class=\"wpr-grid-item-title elementor-repeater-item-0a1a05e wpr-grid-item-display-block wpr-grid-item-align-left wpr-pointer-none wpr-pointer-line-fx wpr-pointer-fx-fade\"><div class=\"inner-block\"><a href=\"https:\/\/defensoriaparana.com.ar\/index.php\/2023\/01\/25\/2005-habilitacion-de-un-local-comercial\/\" class=\"wpr-pointer-item\">(2005) Habilitaci\u00f3n de un local comercial<\/a><\/div><\/h2><div class=\"wpr-grid-item-excerpt elementor-repeater-item-bebbb1b wpr-grid-item-display-block wpr-grid-item-align-left\"><div class=\"inner-block\"><p>&nbsp; &nbsp; &nbsp; &nbsp; &nbsp; &nbsp;<\/p><\/div><\/div><div class=\"wpr-grid-item-read-more elementor-repeater-item-90953c2 wpr-grid-item-display-block wpr-grid-item-align-left\"><div class=\"inner-block\"><a href=\"https:\/\/defensoriaparana.com.ar\/index.php\/2023\/01\/25\/2005-habilitacion-de-un-local-comercial\/\" class=\"wpr-button-effect wpr-button-none\"><span>Leer m\u00e1s<\/span><\/a><\/div><\/div><\/div><\/div><\/article><article class=\"wpr-grid-item elementor-clearfix post-4357 post type-post status-publish format-standard hentry category-recomendaciones-2005\"><div class=\"wpr-grid-item-inner\"><div class=\"wpr-grid-media-wrap wpr-effect-size-medium \" data-overlay-link=\"yes\"><div class=\"wpr-grid-media-hover wpr-animation-wrap\"><div class=\"wpr-grid-media-hover-bg  wpr-overlay-fade-in wpr-anim-size-large wpr-anim-timing-ease-default wpr-anim-transparency\" data-url=\"https:\/\/defensoriaparana.com.ar\/index.php\/2023\/01\/25\/2005-estado-edilicio-de-la-escuela-hogar\/\"><\/div><\/div><\/div><div class=\"wpr-grid-item-below-content elementor-clearfix\"><h2 class=\"wpr-grid-item-title elementor-repeater-item-0a1a05e wpr-grid-item-display-block wpr-grid-item-align-left wpr-pointer-none wpr-pointer-line-fx wpr-pointer-fx-fade\"><div class=\"inner-block\"><a href=\"https:\/\/defensoriaparana.com.ar\/index.php\/2023\/01\/25\/2005-estado-edilicio-de-la-escuela-hogar\/\" class=\"wpr-pointer-item\">(2005) Estado edilicio de la Escuela Hogar<\/a><\/div><\/h2><div class=\"wpr-grid-item-read-more elementor-repeater-item-90953c2 wpr-grid-item-display-block wpr-grid-item-align-left\"><div class=\"inner-block\"><a href=\"https:\/\/defensoriaparana.com.ar\/index.php\/2023\/01\/25\/2005-estado-edilicio-de-la-escuela-hogar\/\" class=\"wpr-button-effect wpr-button-none\"><span>Leer m\u00e1s<\/span><\/a><\/div><\/div><\/div><\/div><\/article><article class=\"wpr-grid-item elementor-clearfix post-4352 post type-post status-publish format-standard hentry category-recomendaciones-2005\"><div class=\"wpr-grid-item-inner\"><div class=\"wpr-grid-media-wrap wpr-effect-size-medium \" data-overlay-link=\"yes\"><div class=\"wpr-grid-media-hover wpr-animation-wrap\"><div class=\"wpr-grid-media-hover-bg  wpr-overlay-fade-in wpr-anim-size-large wpr-anim-timing-ease-default wpr-anim-transparency\" data-url=\"https:\/\/defensoriaparana.com.ar\/index.php\/2023\/01\/25\/2005-reglamentacion-de-la-ley-salud-sexual-y-reproductiva-y-educacion-sexual\/\"><\/div><\/div><\/div><div class=\"wpr-grid-item-below-content elementor-clearfix\"><h2 class=\"wpr-grid-item-title elementor-repeater-item-0a1a05e wpr-grid-item-display-block wpr-grid-item-align-left wpr-pointer-none wpr-pointer-line-fx wpr-pointer-fx-fade\"><div class=\"inner-block\"><a href=\"https:\/\/defensoriaparana.com.ar\/index.php\/2023\/01\/25\/2005-reglamentacion-de-la-ley-salud-sexual-y-reproductiva-y-educacion-sexual\/\" class=\"wpr-pointer-item\">(2005) Reglamentaci\u00f3n de la Ley Salud Sexual y Reproductiva y Educaci\u00f3n Sexual<\/a><\/div><\/h2><div class=\"wpr-grid-item-read-more elementor-repeater-item-90953c2 wpr-grid-item-display-block wpr-grid-item-align-left\"><div class=\"inner-block\"><a href=\"https:\/\/defensoriaparana.com.ar\/index.php\/2023\/01\/25\/2005-reglamentacion-de-la-ley-salud-sexual-y-reproductiva-y-educacion-sexual\/\" class=\"wpr-button-effect wpr-button-none\"><span>Leer m\u00e1s<\/span><\/a><\/div><\/div><\/div><\/div><\/article><article class=\"wpr-grid-item elementor-clearfix post-4340 post type-post status-publish format-standard hentry category-recomendaciones-2004\"><div class=\"wpr-grid-item-inner\"><div class=\"wpr-grid-media-wrap wpr-effect-size-medium \" data-overlay-link=\"yes\"><div class=\"wpr-grid-media-hover wpr-animation-wrap\"><div class=\"wpr-grid-media-hover-bg  wpr-overlay-fade-in wpr-anim-size-large wpr-anim-timing-ease-default wpr-anim-transparency\" data-url=\"https:\/\/defensoriaparana.com.ar\/index.php\/2023\/01\/24\/2004-requisitos-para-acceder-a-creditos-copromen\/\"><\/div><\/div><\/div><div class=\"wpr-grid-item-below-content elementor-clearfix\"><h2 class=\"wpr-grid-item-title elementor-repeater-item-0a1a05e wpr-grid-item-display-block wpr-grid-item-align-left wpr-pointer-none wpr-pointer-line-fx wpr-pointer-fx-fade\"><div class=\"inner-block\"><a href=\"https:\/\/defensoriaparana.com.ar\/index.php\/2023\/01\/24\/2004-requisitos-para-acceder-a-creditos-copromen\/\" class=\"wpr-pointer-item\">(2004) Requisitos para acceder a cr\u00e9ditos Copromen<\/a><\/div><\/h2><div class=\"wpr-grid-item-read-more elementor-repeater-item-90953c2 wpr-grid-item-display-block wpr-grid-item-align-left\"><div class=\"inner-block\"><a href=\"https:\/\/defensoriaparana.com.ar\/index.php\/2023\/01\/24\/2004-requisitos-para-acceder-a-creditos-copromen\/\" class=\"wpr-button-effect wpr-button-none\"><span>Leer m\u00e1s<\/span><\/a><\/div><\/div><\/div><\/div><\/article><article class=\"wpr-grid-item elementor-clearfix post-4330 post type-post status-publish format-standard hentry category-recomendaciones-2004\"><div class=\"wpr-grid-item-inner\"><div class=\"wpr-grid-media-wrap wpr-effect-size-medium \" data-overlay-link=\"yes\"><div class=\"wpr-grid-media-hover wpr-animation-wrap\"><div class=\"wpr-grid-media-hover-bg  wpr-overlay-fade-in wpr-anim-size-large wpr-anim-timing-ease-default wpr-anim-transparency\" data-url=\"https:\/\/defensoriaparana.com.ar\/index.php\/2023\/01\/24\/4330-2\/\"><\/div><\/div><\/div><div class=\"wpr-grid-item-below-content elementor-clearfix\"><h2 class=\"wpr-grid-item-title elementor-repeater-item-0a1a05e wpr-grid-item-display-block wpr-grid-item-align-left wpr-pointer-none wpr-pointer-line-fx wpr-pointer-fx-fade\"><div class=\"inner-block\"><a href=\"https:\/\/defensoriaparana.com.ar\/index.php\/2023\/01\/24\/4330-2\/\" class=\"wpr-pointer-item\">(2004) Cambio de situaci\u00f3n de agentes municipales por nuevo Gobierno<\/a><\/div><\/h2><div class=\"wpr-grid-item-read-more elementor-repeater-item-90953c2 wpr-grid-item-display-block wpr-grid-item-align-left\"><div class=\"inner-block\"><a href=\"https:\/\/defensoriaparana.com.ar\/index.php\/2023\/01\/24\/4330-2\/\" class=\"wpr-button-effect wpr-button-none\"><span>Leer m\u00e1s<\/span><\/a><\/div><\/div><\/div><\/div><\/article><article class=\"wpr-grid-item elementor-clearfix post-4325 post type-post status-publish format-standard hentry category-recomendaciones-2004\"><div class=\"wpr-grid-item-inner\"><div class=\"wpr-grid-media-wrap wpr-effect-size-medium \" data-overlay-link=\"yes\"><div class=\"wpr-grid-media-hover wpr-animation-wrap\"><div class=\"wpr-grid-media-hover-bg  wpr-overlay-fade-in wpr-anim-size-large wpr-anim-timing-ease-default wpr-anim-transparency\" data-url=\"https:\/\/defensoriaparana.com.ar\/index.php\/2023\/01\/24\/2004-eliminacion-de-toda-discriminacion-contra-la-mujer\/\"><\/div><\/div><\/div><div class=\"wpr-grid-item-below-content elementor-clearfix\"><h2 class=\"wpr-grid-item-title elementor-repeater-item-0a1a05e wpr-grid-item-display-block wpr-grid-item-align-left wpr-pointer-none wpr-pointer-line-fx wpr-pointer-fx-fade\"><div class=\"inner-block\"><a href=\"https:\/\/defensoriaparana.com.ar\/index.php\/2023\/01\/24\/2004-eliminacion-de-toda-discriminacion-contra-la-mujer\/\" class=\"wpr-pointer-item\">(2004) Eliminaci\u00f3n de toda discriminaci\u00f3n contra la mujer<\/a><\/div><\/h2><div class=\"wpr-grid-item-read-more elementor-repeater-item-90953c2 wpr-grid-item-display-block wpr-grid-item-align-left\"><div class=\"inner-block\"><a href=\"https:\/\/defensoriaparana.com.ar\/index.php\/2023\/01\/24\/2004-eliminacion-de-toda-discriminacion-contra-la-mujer\/\" class=\"wpr-button-effect wpr-button-none\"><span>Leer m\u00e1s<\/span><\/a><\/div><\/div><\/div><\/div><\/article><article class=\"wpr-grid-item elementor-clearfix post-4312 post type-post status-publish format-standard hentry category-recomendaciones-2004\"><div class=\"wpr-grid-item-inner\"><div class=\"wpr-grid-media-wrap wpr-effect-size-medium \" data-overlay-link=\"yes\"><div class=\"wpr-grid-media-hover wpr-animation-wrap\"><div class=\"wpr-grid-media-hover-bg  wpr-overlay-fade-in wpr-anim-size-large wpr-anim-timing-ease-default wpr-anim-transparency\" data-url=\"https:\/\/defensoriaparana.com.ar\/index.php\/2023\/01\/24\/2004-planes-sociales-y-sidecreer\/\"><\/div><\/div><\/div><div class=\"wpr-grid-item-below-content elementor-clearfix\"><h2 class=\"wpr-grid-item-title elementor-repeater-item-0a1a05e wpr-grid-item-display-block wpr-grid-item-align-left wpr-pointer-none wpr-pointer-line-fx wpr-pointer-fx-fade\"><div class=\"inner-block\"><a href=\"https:\/\/defensoriaparana.com.ar\/index.php\/2023\/01\/24\/2004-planes-sociales-y-sidecreer\/\" class=\"wpr-pointer-item\">(2004) Planes sociales y Sidecreer<\/a><\/div><\/h2><div class=\"wpr-grid-item-excerpt elementor-repeater-item-bebbb1b wpr-grid-item-display-block wpr-grid-item-align-left\"><div class=\"inner-block\"><p>&nbsp;<\/p><\/div><\/div><div class=\"wpr-grid-item-read-more elementor-repeater-item-90953c2 wpr-grid-item-display-block wpr-grid-item-align-left\"><div class=\"inner-block\"><a href=\"https:\/\/defensoriaparana.com.ar\/index.php\/2023\/01\/24\/2004-planes-sociales-y-sidecreer\/\" class=\"wpr-button-effect wpr-button-none\"><span>Leer m\u00e1s<\/span><\/a><\/div><\/div><\/div><\/div><\/article><article class=\"wpr-grid-item elementor-clearfix post-4301 post type-post status-publish format-standard hentry category-recomendaciones-2004\"><div class=\"wpr-grid-item-inner\"><div class=\"wpr-grid-media-wrap wpr-effect-size-medium \" data-overlay-link=\"yes\"><div class=\"wpr-grid-media-hover wpr-animation-wrap\"><div class=\"wpr-grid-media-hover-bg  wpr-overlay-fade-in wpr-anim-size-large wpr-anim-timing-ease-default wpr-anim-transparency\" data-url=\"https:\/\/defensoriaparana.com.ar\/index.php\/2023\/01\/23\/2004-casos-de-hepatitis-en-la-ciudad\/\"><\/div><\/div><\/div><div class=\"wpr-grid-item-below-content elementor-clearfix\"><h2 class=\"wpr-grid-item-title elementor-repeater-item-0a1a05e wpr-grid-item-display-block wpr-grid-item-align-left wpr-pointer-none wpr-pointer-line-fx wpr-pointer-fx-fade\"><div class=\"inner-block\"><a href=\"https:\/\/defensoriaparana.com.ar\/index.php\/2023\/01\/23\/2004-casos-de-hepatitis-en-la-ciudad\/\" class=\"wpr-pointer-item\">(2004) Casos de hepatitis en la ciudad<\/a><\/div><\/h2><div class=\"wpr-grid-item-excerpt elementor-repeater-item-bebbb1b wpr-grid-item-display-block wpr-grid-item-align-left\"><div class=\"inner-block\"><p>RECOMENDACI\u00d3N DE LA DEFENSOR\u00cdA N\u00b0 16\/04<\/p><\/div><\/div><div class=\"wpr-grid-item-read-more elementor-repeater-item-90953c2 wpr-grid-item-display-block wpr-grid-item-align-left\"><div class=\"inner-block\"><a href=\"https:\/\/defensoriaparana.com.ar\/index.php\/2023\/01\/23\/2004-casos-de-hepatitis-en-la-ciudad\/\" class=\"wpr-button-effect wpr-button-none\"><span>Leer m\u00e1s<\/span><\/a><\/div><\/div><\/div><\/div><\/article><article class=\"wpr-grid-item elementor-clearfix post-4290 post type-post status-publish format-standard hentry category-recomendaciones-2004\"><div class=\"wpr-grid-item-inner\"><div class=\"wpr-grid-media-wrap wpr-effect-size-medium \" data-overlay-link=\"yes\"><div class=\"wpr-grid-media-hover wpr-animation-wrap\"><div class=\"wpr-grid-media-hover-bg  wpr-overlay-fade-in wpr-anim-size-large wpr-anim-timing-ease-default wpr-anim-transparency\" data-url=\"https:\/\/defensoriaparana.com.ar\/index.php\/2023\/01\/20\/2004-jardines-maternales-en-barrios\/\"><\/div><\/div><\/div><div class=\"wpr-grid-item-below-content elementor-clearfix\"><h2 class=\"wpr-grid-item-title elementor-repeater-item-0a1a05e wpr-grid-item-display-block wpr-grid-item-align-left wpr-pointer-none wpr-pointer-line-fx wpr-pointer-fx-fade\"><div class=\"inner-block\"><a href=\"https:\/\/defensoriaparana.com.ar\/index.php\/2023\/01\/20\/2004-jardines-maternales-en-barrios\/\" class=\"wpr-pointer-item\">(2004) Jardines maternales en barrios<\/a><\/div><\/h2><div class=\"wpr-grid-item-read-more elementor-repeater-item-90953c2 wpr-grid-item-display-block wpr-grid-item-align-left\"><div class=\"inner-block\"><a href=\"https:\/\/defensoriaparana.com.ar\/index.php\/2023\/01\/20\/2004-jardines-maternales-en-barrios\/\" class=\"wpr-button-effect wpr-button-none\"><span>Leer m\u00e1s<\/span><\/a><\/div><\/div><\/div><\/div><\/article><article class=\"wpr-grid-item elementor-clearfix post-4282 post type-post status-publish format-standard hentry category-recomendaciones-2004\"><div class=\"wpr-grid-item-inner\"><div class=\"wpr-grid-media-wrap wpr-effect-size-medium \" data-overlay-link=\"yes\"><div class=\"wpr-grid-media-hover wpr-animation-wrap\"><div class=\"wpr-grid-media-hover-bg  wpr-overlay-fade-in wpr-anim-size-large wpr-anim-timing-ease-default wpr-anim-transparency\" data-url=\"https:\/\/defensoriaparana.com.ar\/index.php\/2023\/01\/19\/2004-prestaciones-basicas-para-personas-con-discapacidad\/\"><\/div><\/div><\/div><div class=\"wpr-grid-item-below-content elementor-clearfix\"><h2 class=\"wpr-grid-item-title elementor-repeater-item-0a1a05e wpr-grid-item-display-block wpr-grid-item-align-left wpr-pointer-none wpr-pointer-line-fx wpr-pointer-fx-fade\"><div class=\"inner-block\"><a href=\"https:\/\/defensoriaparana.com.ar\/index.php\/2023\/01\/19\/2004-prestaciones-basicas-para-personas-con-discapacidad\/\" class=\"wpr-pointer-item\">(2004) Prestaciones b\u00e1sicas para personas con discapacidad<\/a><\/div><\/h2><div class=\"wpr-grid-item-excerpt elementor-repeater-item-bebbb1b wpr-grid-item-display-block wpr-grid-item-align-left\"><div class=\"inner-block\"><p>&nbsp; \u00a0<\/p><\/div><\/div><div class=\"wpr-grid-item-read-more elementor-repeater-item-90953c2 wpr-grid-item-display-block wpr-grid-item-align-left\"><div class=\"inner-block\"><a href=\"https:\/\/defensoriaparana.com.ar\/index.php\/2023\/01\/19\/2004-prestaciones-basicas-para-personas-con-discapacidad\/\" class=\"wpr-button-effect wpr-button-none\"><span>Leer m\u00e1s<\/span><\/a><\/div><\/div><\/div><\/div><\/article><article class=\"wpr-grid-item elementor-clearfix post-4268 post type-post status-publish format-standard hentry category-recomendaciones-2004\"><div class=\"wpr-grid-item-inner\"><div class=\"wpr-grid-media-wrap wpr-effect-size-medium \" data-overlay-link=\"yes\"><div class=\"wpr-grid-media-hover wpr-animation-wrap\"><div class=\"wpr-grid-media-hover-bg  wpr-overlay-fade-in wpr-anim-size-large wpr-anim-timing-ease-default wpr-anim-transparency\" data-url=\"https:\/\/defensoriaparana.com.ar\/index.php\/2023\/01\/19\/4268-2\/\"><\/div><\/div><\/div><div class=\"wpr-grid-item-below-content elementor-clearfix\"><h2 class=\"wpr-grid-item-title elementor-repeater-item-0a1a05e wpr-grid-item-display-block wpr-grid-item-align-left wpr-pointer-none wpr-pointer-line-fx wpr-pointer-fx-fade\"><div class=\"inner-block\"><a href=\"https:\/\/defensoriaparana.com.ar\/index.php\/2023\/01\/19\/4268-2\/\" class=\"wpr-pointer-item\">(2004) Pago de planes Programa de Emergencia Ocupacional<\/a><\/div><\/h2><div class=\"wpr-grid-item-excerpt elementor-repeater-item-bebbb1b wpr-grid-item-display-block wpr-grid-item-align-left\"><div class=\"inner-block\"><p>&nbsp;<\/p><\/div><\/div><div class=\"wpr-grid-item-read-more elementor-repeater-item-90953c2 wpr-grid-item-display-block wpr-grid-item-align-left\"><div class=\"inner-block\"><a href=\"https:\/\/defensoriaparana.com.ar\/index.php\/2023\/01\/19\/4268-2\/\" class=\"wpr-button-effect wpr-button-none\"><span>Leer m\u00e1s<\/span><\/a><\/div><\/div><\/div><\/div><\/article><article class=\"wpr-grid-item elementor-clearfix post-4249 post type-post status-publish format-standard hentry category-recomendaciones-2004\"><div class=\"wpr-grid-item-inner\"><div class=\"wpr-grid-media-wrap wpr-effect-size-medium \" data-overlay-link=\"yes\"><div class=\"wpr-grid-media-hover wpr-animation-wrap\"><div class=\"wpr-grid-media-hover-bg  wpr-overlay-fade-in wpr-anim-size-large wpr-anim-timing-ease-default wpr-anim-transparency\" data-url=\"https:\/\/defensoriaparana.com.ar\/index.php\/2023\/01\/19\/4249-2\/\"><\/div><\/div><\/div><div class=\"wpr-grid-item-below-content elementor-clearfix\"><h2 class=\"wpr-grid-item-title elementor-repeater-item-0a1a05e wpr-grid-item-display-block wpr-grid-item-align-left wpr-pointer-none wpr-pointer-line-fx wpr-pointer-fx-fade\"><div class=\"inner-block\"><a href=\"https:\/\/defensoriaparana.com.ar\/index.php\/2023\/01\/19\/4249-2\/\" class=\"wpr-pointer-item\">(2004) DNI y el derecho de acceso a la identidad<\/a><\/div><\/h2><div class=\"wpr-grid-item-excerpt elementor-repeater-item-bebbb1b wpr-grid-item-display-block wpr-grid-item-align-left\"><div class=\"inner-block\"><p>\u00a0<\/p><\/div><\/div><div class=\"wpr-grid-item-read-more elementor-repeater-item-90953c2 wpr-grid-item-display-block wpr-grid-item-align-left\"><div class=\"inner-block\"><a href=\"https:\/\/defensoriaparana.com.ar\/index.php\/2023\/01\/19\/4249-2\/\" class=\"wpr-button-effect wpr-button-none\"><span>Leer m\u00e1s<\/span><\/a><\/div><\/div><\/div><\/div><\/article><article class=\"wpr-grid-item elementor-clearfix post-4242 post type-post status-publish format-standard hentry category-recomendaciones-2004\"><div class=\"wpr-grid-item-inner\"><div class=\"wpr-grid-media-wrap wpr-effect-size-medium \" data-overlay-link=\"yes\"><div class=\"wpr-grid-media-hover wpr-animation-wrap\"><div class=\"wpr-grid-media-hover-bg  wpr-overlay-fade-in wpr-anim-size-large wpr-anim-timing-ease-default wpr-anim-transparency\" data-url=\"https:\/\/defensoriaparana.com.ar\/index.php\/2023\/01\/19\/2004-supermercados-necesidad-de-brindar-informacion-a-clientes-antes-de-aplicar-sistema-de-control\/\"><\/div><\/div><\/div><div class=\"wpr-grid-item-below-content elementor-clearfix\"><h2 class=\"wpr-grid-item-title elementor-repeater-item-0a1a05e wpr-grid-item-display-block wpr-grid-item-align-left wpr-pointer-none wpr-pointer-line-fx wpr-pointer-fx-fade\"><div class=\"inner-block\"><a href=\"https:\/\/defensoriaparana.com.ar\/index.php\/2023\/01\/19\/2004-supermercados-necesidad-de-brindar-informacion-a-clientes-antes-de-aplicar-sistema-de-control\/\" class=\"wpr-pointer-item\">(2004) Supermercados: necesidad de brindar informaci\u00f3n a clientes antes de aplicar sistema de control<\/a><\/div><\/h2><div class=\"wpr-grid-item-read-more elementor-repeater-item-90953c2 wpr-grid-item-display-block wpr-grid-item-align-left\"><div class=\"inner-block\"><a href=\"https:\/\/defensoriaparana.com.ar\/index.php\/2023\/01\/19\/2004-supermercados-necesidad-de-brindar-informacion-a-clientes-antes-de-aplicar-sistema-de-control\/\" class=\"wpr-button-effect wpr-button-none\"><span>Leer m\u00e1s<\/span><\/a><\/div><\/div><\/div><\/div><\/article><article class=\"wpr-grid-item elementor-clearfix post-4235 post type-post status-publish format-standard hentry category-recomendaciones-2004\"><div class=\"wpr-grid-item-inner\"><div class=\"wpr-grid-media-wrap wpr-effect-size-medium \" data-overlay-link=\"yes\"><div class=\"wpr-grid-media-hover wpr-animation-wrap\"><div class=\"wpr-grid-media-hover-bg  wpr-overlay-fade-in wpr-anim-size-large wpr-anim-timing-ease-default wpr-anim-transparency\" data-url=\"https:\/\/defensoriaparana.com.ar\/index.php\/2023\/01\/19\/2004-gas-natural-servicio-y-costos\/\"><\/div><\/div><\/div><div class=\"wpr-grid-item-below-content elementor-clearfix\"><h2 class=\"wpr-grid-item-title elementor-repeater-item-0a1a05e wpr-grid-item-display-block wpr-grid-item-align-left wpr-pointer-none wpr-pointer-line-fx wpr-pointer-fx-fade\"><div class=\"inner-block\"><a href=\"https:\/\/defensoriaparana.com.ar\/index.php\/2023\/01\/19\/2004-gas-natural-servicio-y-costos\/\" class=\"wpr-pointer-item\">(2004) Gas natural, servicio y costos<\/a><\/div><\/h2><div class=\"wpr-grid-item-read-more elementor-repeater-item-90953c2 wpr-grid-item-display-block wpr-grid-item-align-left\"><div class=\"inner-block\"><a href=\"https:\/\/defensoriaparana.com.ar\/index.php\/2023\/01\/19\/2004-gas-natural-servicio-y-costos\/\" class=\"wpr-button-effect wpr-button-none\"><span>Leer m\u00e1s<\/span><\/a><\/div><\/div><\/div><\/div><\/article><article class=\"wpr-grid-item elementor-clearfix post-4225 post type-post status-publish format-standard hentry category-recomendaciones-2004\"><div class=\"wpr-grid-item-inner\"><div class=\"wpr-grid-media-wrap wpr-effect-size-medium \" data-overlay-link=\"yes\"><div class=\"wpr-grid-media-hover wpr-animation-wrap\"><div class=\"wpr-grid-media-hover-bg  wpr-overlay-fade-in wpr-anim-size-large wpr-anim-timing-ease-default wpr-anim-transparency\" data-url=\"https:\/\/defensoriaparana.com.ar\/index.php\/2023\/01\/19\/4225-2\/\"><\/div><\/div><\/div><div class=\"wpr-grid-item-below-content elementor-clearfix\"><h2 class=\"wpr-grid-item-title elementor-repeater-item-0a1a05e wpr-grid-item-display-block wpr-grid-item-align-left wpr-pointer-none wpr-pointer-line-fx wpr-pointer-fx-fade\"><div class=\"inner-block\"><a href=\"https:\/\/defensoriaparana.com.ar\/index.php\/2023\/01\/19\/4225-2\/\" class=\"wpr-pointer-item\">(2004) Recomendaci\u00f3n por el servicio de TV por cable<\/a><\/div><\/h2><div class=\"wpr-grid-item-read-more elementor-repeater-item-90953c2 wpr-grid-item-display-block wpr-grid-item-align-left\"><div class=\"inner-block\"><a href=\"https:\/\/defensoriaparana.com.ar\/index.php\/2023\/01\/19\/4225-2\/\" class=\"wpr-button-effect wpr-button-none\"><span>Leer m\u00e1s<\/span><\/a><\/div><\/div><\/div><\/div><\/article><article class=\"wpr-grid-item elementor-clearfix post-4216 post type-post status-publish format-standard hentry category-recomendaciones-2004\"><div class=\"wpr-grid-item-inner\"><div class=\"wpr-grid-media-wrap wpr-effect-size-medium \" data-overlay-link=\"yes\"><div class=\"wpr-grid-media-hover wpr-animation-wrap\"><div class=\"wpr-grid-media-hover-bg  wpr-overlay-fade-in wpr-anim-size-large wpr-anim-timing-ease-default wpr-anim-transparency\" data-url=\"https:\/\/defensoriaparana.com.ar\/index.php\/2023\/01\/19\/4216-2\/\"><\/div><\/div><\/div><div class=\"wpr-grid-item-below-content elementor-clearfix\"><h2 class=\"wpr-grid-item-title elementor-repeater-item-0a1a05e wpr-grid-item-display-block wpr-grid-item-align-left wpr-pointer-none wpr-pointer-line-fx wpr-pointer-fx-fade\"><div class=\"inner-block\"><a href=\"https:\/\/defensoriaparana.com.ar\/index.php\/2023\/01\/19\/4216-2\/\" class=\"wpr-pointer-item\">(2004) Control y preservaci\u00f3n del Complejo Toma Vieja<\/a><\/div><\/h2><div class=\"wpr-grid-item-excerpt elementor-repeater-item-bebbb1b wpr-grid-item-display-block wpr-grid-item-align-left\"><div class=\"inner-block\"><p>\u00a0<\/p><\/div><\/div><div class=\"wpr-grid-item-read-more elementor-repeater-item-90953c2 wpr-grid-item-display-block wpr-grid-item-align-left\"><div class=\"inner-block\"><a href=\"https:\/\/defensoriaparana.com.ar\/index.php\/2023\/01\/19\/4216-2\/\" class=\"wpr-button-effect wpr-button-none\"><span>Leer m\u00e1s<\/span><\/a><\/div><\/div><\/div><\/div><\/article><article class=\"wpr-grid-item elementor-clearfix post-4210 post type-post status-publish format-standard hentry category-recomendaciones-2004\"><div class=\"wpr-grid-item-inner\"><div class=\"wpr-grid-media-wrap wpr-effect-size-medium \" data-overlay-link=\"yes\"><div class=\"wpr-grid-media-hover wpr-animation-wrap\"><div class=\"wpr-grid-media-hover-bg  wpr-overlay-fade-in wpr-anim-size-large wpr-anim-timing-ease-default wpr-anim-transparency\" data-url=\"https:\/\/defensoriaparana.com.ar\/index.php\/2023\/01\/19\/2004-convenio-de-preservacion-urbana\/\"><\/div><\/div><\/div><div class=\"wpr-grid-item-below-content elementor-clearfix\"><h2 class=\"wpr-grid-item-title elementor-repeater-item-0a1a05e wpr-grid-item-display-block wpr-grid-item-align-left wpr-pointer-none wpr-pointer-line-fx wpr-pointer-fx-fade\"><div class=\"inner-block\"><a href=\"https:\/\/defensoriaparana.com.ar\/index.php\/2023\/01\/19\/2004-convenio-de-preservacion-urbana\/\" class=\"wpr-pointer-item\">(2004) Convenio de preservaci\u00f3n urbana<\/a><\/div><\/h2><div class=\"wpr-grid-item-read-more elementor-repeater-item-90953c2 wpr-grid-item-display-block wpr-grid-item-align-left\"><div class=\"inner-block\"><a href=\"https:\/\/defensoriaparana.com.ar\/index.php\/2023\/01\/19\/2004-convenio-de-preservacion-urbana\/\" class=\"wpr-button-effect wpr-button-none\"><span>Leer m\u00e1s<\/span><\/a><\/div><\/div><\/div><\/div><\/article><article class=\"wpr-grid-item elementor-clearfix post-4206 post type-post status-publish format-standard hentry category-recomendaciones-2004\"><div class=\"wpr-grid-item-inner\"><div class=\"wpr-grid-media-wrap wpr-effect-size-medium \" data-overlay-link=\"yes\"><div class=\"wpr-grid-media-hover wpr-animation-wrap\"><div class=\"wpr-grid-media-hover-bg  wpr-overlay-fade-in wpr-anim-size-large wpr-anim-timing-ease-default wpr-anim-transparency\" data-url=\"https:\/\/defensoriaparana.com.ar\/index.php\/2023\/01\/19\/2004-farmacias-pedido-de-que-se-informen-establecimientos-de-turno-y-horarios-nocturnos\/\"><\/div><\/div><\/div><div class=\"wpr-grid-item-below-content elementor-clearfix\"><h2 class=\"wpr-grid-item-title elementor-repeater-item-0a1a05e wpr-grid-item-display-block wpr-grid-item-align-left wpr-pointer-none wpr-pointer-line-fx wpr-pointer-fx-fade\"><div class=\"inner-block\"><a href=\"https:\/\/defensoriaparana.com.ar\/index.php\/2023\/01\/19\/2004-farmacias-pedido-de-que-se-informen-establecimientos-de-turno-y-horarios-nocturnos\/\" class=\"wpr-pointer-item\">(2004) Farmacias: pedido de que se informen establecimientos de turno y horarios nocturnos<\/a><\/div><\/h2><div class=\"wpr-grid-item-read-more elementor-repeater-item-90953c2 wpr-grid-item-display-block wpr-grid-item-align-left\"><div class=\"inner-block\"><a href=\"https:\/\/defensoriaparana.com.ar\/index.php\/2023\/01\/19\/2004-farmacias-pedido-de-que-se-informen-establecimientos-de-turno-y-horarios-nocturnos\/\" class=\"wpr-button-effect wpr-button-none\"><span>Leer m\u00e1s<\/span><\/a><\/div><\/div><\/div><\/div><\/article><article class=\"wpr-grid-item elementor-clearfix post-4196 post type-post status-publish format-standard hentry category-recomendaciones-2004\"><div class=\"wpr-grid-item-inner\"><div class=\"wpr-grid-media-wrap wpr-effect-size-medium \" data-overlay-link=\"yes\"><div class=\"wpr-grid-media-hover wpr-animation-wrap\"><div class=\"wpr-grid-media-hover-bg  wpr-overlay-fade-in wpr-anim-size-large wpr-anim-timing-ease-default wpr-anim-transparency\" data-url=\"https:\/\/defensoriaparana.com.ar\/index.php\/2023\/01\/19\/2004-banco-municipal-de-parana-en-liquidacion\/\"><\/div><\/div><\/div><div class=\"wpr-grid-item-below-content elementor-clearfix\"><h2 class=\"wpr-grid-item-title elementor-repeater-item-0a1a05e wpr-grid-item-display-block wpr-grid-item-align-left wpr-pointer-none wpr-pointer-line-fx wpr-pointer-fx-fade\"><div class=\"inner-block\"><a href=\"https:\/\/defensoriaparana.com.ar\/index.php\/2023\/01\/19\/2004-banco-municipal-de-parana-en-liquidacion\/\" class=\"wpr-pointer-item\">(2004) Banco Municipal de Paran\u00e1 en liquidaci\u00f3n<\/a><\/div><\/h2><div class=\"wpr-grid-item-read-more elementor-repeater-item-90953c2 wpr-grid-item-display-block wpr-grid-item-align-left\"><div class=\"inner-block\"><a href=\"https:\/\/defensoriaparana.com.ar\/index.php\/2023\/01\/19\/2004-banco-municipal-de-parana-en-liquidacion\/\" class=\"wpr-button-effect wpr-button-none\"><span>Leer m\u00e1s<\/span><\/a><\/div><\/div><\/div><\/div><\/article><article class=\"wpr-grid-item elementor-clearfix post-4188 post type-post status-publish format-standard hentry category-recomendaciones-2004\"><div class=\"wpr-grid-item-inner\"><div class=\"wpr-grid-media-wrap wpr-effect-size-medium \" data-overlay-link=\"yes\"><div class=\"wpr-grid-media-hover wpr-animation-wrap\"><div class=\"wpr-grid-media-hover-bg  wpr-overlay-fade-in wpr-anim-size-large wpr-anim-timing-ease-default wpr-anim-transparency\" data-url=\"https:\/\/defensoriaparana.com.ar\/index.php\/2023\/01\/18\/2004-incinipa\/\"><\/div><\/div><\/div><div class=\"wpr-grid-item-below-content elementor-clearfix\"><h2 class=\"wpr-grid-item-title elementor-repeater-item-0a1a05e wpr-grid-item-display-block wpr-grid-item-align-left wpr-pointer-none wpr-pointer-line-fx wpr-pointer-fx-fade\"><div class=\"inner-block\"><a href=\"https:\/\/defensoriaparana.com.ar\/index.php\/2023\/01\/18\/2004-incinipa\/\" class=\"wpr-pointer-item\">(2004) Incinipa<\/a><\/div><\/h2><div class=\"wpr-grid-item-read-more elementor-repeater-item-90953c2 wpr-grid-item-display-block wpr-grid-item-align-left\"><div class=\"inner-block\"><a href=\"https:\/\/defensoriaparana.com.ar\/index.php\/2023\/01\/18\/2004-incinipa\/\" class=\"wpr-button-effect wpr-button-none\"><span>Leer m\u00e1s<\/span><\/a><\/div><\/div><\/div><\/div><\/article><article class=\"wpr-grid-item elementor-clearfix post-4183 post type-post status-publish format-standard hentry category-recomendaciones-2004\"><div class=\"wpr-grid-item-inner\"><div class=\"wpr-grid-media-wrap wpr-effect-size-medium \" data-overlay-link=\"yes\"><div class=\"wpr-grid-media-hover wpr-animation-wrap\"><div class=\"wpr-grid-media-hover-bg  wpr-overlay-fade-in wpr-anim-size-large wpr-anim-timing-ease-default wpr-anim-transparency\" data-url=\"https:\/\/defensoriaparana.com.ar\/index.php\/2023\/01\/18\/2004-carta-compromiso-por-servicios-publicos-y-relaciones-entre-prestadores-y-consumidores\/\"><\/div><\/div><\/div><div class=\"wpr-grid-item-below-content elementor-clearfix\"><h2 class=\"wpr-grid-item-title elementor-repeater-item-0a1a05e wpr-grid-item-display-block wpr-grid-item-align-left wpr-pointer-none wpr-pointer-line-fx wpr-pointer-fx-fade\"><div class=\"inner-block\"><a href=\"https:\/\/defensoriaparana.com.ar\/index.php\/2023\/01\/18\/2004-carta-compromiso-por-servicios-publicos-y-relaciones-entre-prestadores-y-consumidores\/\" class=\"wpr-pointer-item\">(2004) Carta compromiso por servicios p\u00fablicos y relaciones entre prestadores y consumidores<\/a><\/div><\/h2><div class=\"wpr-grid-item-read-more elementor-repeater-item-90953c2 wpr-grid-item-display-block wpr-grid-item-align-left\"><div class=\"inner-block\"><a href=\"https:\/\/defensoriaparana.com.ar\/index.php\/2023\/01\/18\/2004-carta-compromiso-por-servicios-publicos-y-relaciones-entre-prestadores-y-consumidores\/\" class=\"wpr-button-effect wpr-button-none\"><span>Leer m\u00e1s<\/span><\/a><\/div><\/div><\/div><\/div><\/article><article class=\"wpr-grid-item elementor-clearfix post-4174 post type-post status-publish format-standard hentry category-recomendaciones-2004\"><div class=\"wpr-grid-item-inner\"><div class=\"wpr-grid-media-wrap wpr-effect-size-medium \" data-overlay-link=\"yes\"><div class=\"wpr-grid-media-hover wpr-animation-wrap\"><div class=\"wpr-grid-media-hover-bg  wpr-overlay-fade-in wpr-anim-size-large wpr-anim-timing-ease-default wpr-anim-transparency\" data-url=\"https:\/\/defensoriaparana.com.ar\/index.php\/2023\/01\/18\/2004-consorcio-calle-padre-kentenich\/\"><\/div><\/div><\/div><div class=\"wpr-grid-item-below-content elementor-clearfix\"><h2 class=\"wpr-grid-item-title elementor-repeater-item-0a1a05e wpr-grid-item-display-block wpr-grid-item-align-left wpr-pointer-none wpr-pointer-line-fx wpr-pointer-fx-fade\"><div class=\"inner-block\"><a href=\"https:\/\/defensoriaparana.com.ar\/index.php\/2023\/01\/18\/2004-consorcio-calle-padre-kentenich\/\" class=\"wpr-pointer-item\">(2004) Consorcio calle Padre Kentenich<\/a><\/div><\/h2><div class=\"wpr-grid-item-read-more elementor-repeater-item-90953c2 wpr-grid-item-display-block wpr-grid-item-align-left\"><div class=\"inner-block\"><a href=\"https:\/\/defensoriaparana.com.ar\/index.php\/2023\/01\/18\/2004-consorcio-calle-padre-kentenich\/\" class=\"wpr-button-effect wpr-button-none\"><span>Leer m\u00e1s<\/span><\/a><\/div><\/div><\/div><\/div><\/article><article class=\"wpr-grid-item elementor-clearfix post-3948 post type-post status-publish format-standard hentry category-recomendaciones-2011\"><div class=\"wpr-grid-item-inner\"><div class=\"wpr-grid-media-wrap wpr-effect-size-medium \" data-overlay-link=\"yes\"><div class=\"wpr-grid-media-hover wpr-animation-wrap\"><div class=\"wpr-grid-media-hover-bg  wpr-overlay-fade-in wpr-anim-size-large wpr-anim-timing-ease-default wpr-anim-transparency\" data-url=\"https:\/\/defensoriaparana.com.ar\/index.php\/2023\/01\/11\/2011-pedido-de-revision-por-aumento-en-el-impuesto-inmobiliario-provincial\/\"><\/div><\/div><\/div><div class=\"wpr-grid-item-below-content elementor-clearfix\"><h2 class=\"wpr-grid-item-title elementor-repeater-item-0a1a05e wpr-grid-item-display-block wpr-grid-item-align-left wpr-pointer-none wpr-pointer-line-fx wpr-pointer-fx-fade\"><div class=\"inner-block\"><a href=\"https:\/\/defensoriaparana.com.ar\/index.php\/2023\/01\/11\/2011-pedido-de-revision-por-aumento-en-el-impuesto-inmobiliario-provincial\/\" class=\"wpr-pointer-item\">(2011) Pedido de revisi\u00f3n por aumento en el impuesto inmobiliario provincial<\/a><\/div><\/h2><div class=\"wpr-grid-item-excerpt elementor-repeater-item-bebbb1b wpr-grid-item-display-block wpr-grid-item-align-left\"><div class=\"inner-block\"><p>Resoluci\u00f3n del 09\/03\/2011 con RECOMENDACI\u00d3N N\u00ba 2\/2011 al Sr. Gobernador de la Provincia de Entre R\u00edos. \u00a0 Recomendaci\u00f3n en relaci\u00f3n&hellip;<\/p><\/div><\/div><div class=\"wpr-grid-item-read-more elementor-repeater-item-90953c2 wpr-grid-item-display-block wpr-grid-item-align-left\"><div class=\"inner-block\"><a href=\"https:\/\/defensoriaparana.com.ar\/index.php\/2023\/01\/11\/2011-pedido-de-revision-por-aumento-en-el-impuesto-inmobiliario-provincial\/\" class=\"wpr-button-effect wpr-button-none\"><span>Leer m\u00e1s<\/span><\/a><\/div><\/div><\/div><\/div><\/article><article class=\"wpr-grid-item elementor-clearfix post-3946 post type-post status-publish format-standard hentry category-recomendaciones-2010\"><div class=\"wpr-grid-item-inner\"><div class=\"wpr-grid-media-wrap wpr-effect-size-medium \" data-overlay-link=\"yes\"><div class=\"wpr-grid-media-hover wpr-animation-wrap\"><div class=\"wpr-grid-media-hover-bg  wpr-overlay-fade-in wpr-anim-size-large wpr-anim-timing-ease-default wpr-anim-transparency\" data-url=\"https:\/\/defensoriaparana.com.ar\/index.php\/2023\/01\/11\/2010-muro-del-barrio-cerrado-amarras-del-sol\/\"><\/div><\/div><\/div><div class=\"wpr-grid-item-below-content elementor-clearfix\"><h2 class=\"wpr-grid-item-title elementor-repeater-item-0a1a05e wpr-grid-item-display-block wpr-grid-item-align-left wpr-pointer-none wpr-pointer-line-fx wpr-pointer-fx-fade\"><div class=\"inner-block\"><a href=\"https:\/\/defensoriaparana.com.ar\/index.php\/2023\/01\/11\/2010-muro-del-barrio-cerrado-amarras-del-sol\/\" class=\"wpr-pointer-item\">(2010) Muro en el barrio cerrado Amarras del Sol<\/a><\/div><\/h2><div class=\"wpr-grid-item-excerpt elementor-repeater-item-bebbb1b wpr-grid-item-display-block wpr-grid-item-align-left\"><div class=\"inner-block\"><p>Resoluci\u00f3n del 06\/12\/2010 con RECOMENDACI\u00d3N N\u00ba 5 al Sr. Presidente Municipal de la Ciudad de Paran\u00e1. &nbsp; Recomendaci\u00f3n en relaci\u00f3n&hellip;<\/p><\/div><\/div><div class=\"wpr-grid-item-read-more elementor-repeater-item-90953c2 wpr-grid-item-display-block wpr-grid-item-align-left\"><div class=\"inner-block\"><a href=\"https:\/\/defensoriaparana.com.ar\/index.php\/2023\/01\/11\/2010-muro-del-barrio-cerrado-amarras-del-sol\/\" class=\"wpr-button-effect wpr-button-none\"><span>Leer m\u00e1s<\/span><\/a><\/div><\/div><\/div><\/div><\/article><article class=\"wpr-grid-item elementor-clearfix post-3944 post type-post status-publish format-standard hentry category-recomendaciones-2011\"><div class=\"wpr-grid-item-inner\"><div class=\"wpr-grid-media-wrap wpr-effect-size-medium \" data-overlay-link=\"yes\"><div class=\"wpr-grid-media-hover wpr-animation-wrap\"><div class=\"wpr-grid-media-hover-bg  wpr-overlay-fade-in wpr-anim-size-large wpr-anim-timing-ease-default wpr-anim-transparency\" data-url=\"https:\/\/defensoriaparana.com.ar\/index.php\/2023\/01\/11\/2011-aceptacion-del-uso-del-dni-tarjeta-en-ambitos-municipales\/\"><\/div><\/div><\/div><div class=\"wpr-grid-item-below-content elementor-clearfix\"><h2 class=\"wpr-grid-item-title elementor-repeater-item-0a1a05e wpr-grid-item-display-block wpr-grid-item-align-left wpr-pointer-none wpr-pointer-line-fx wpr-pointer-fx-fade\"><div class=\"inner-block\"><a href=\"https:\/\/defensoriaparana.com.ar\/index.php\/2023\/01\/11\/2011-aceptacion-del-uso-del-dni-tarjeta-en-ambitos-municipales\/\" class=\"wpr-pointer-item\">(2011) Aceptaci\u00f3n del uso del DNI tarjeta en \u00e1mbitos municipales<\/a><\/div><\/h2><div class=\"wpr-grid-item-excerpt elementor-repeater-item-bebbb1b wpr-grid-item-display-block wpr-grid-item-align-left\"><div class=\"inner-block\"><p>Resoluci\u00f3n del 09\/06\/2011 con RECOMENDACI\u00d3N N\u00ba 3\/11 al Sr. Presidente Municipal de la Ciudad de Paran\u00e1. Recomendaci\u00f3n en relaci\u00f3n al&hellip;<\/p><\/div><\/div><div class=\"wpr-grid-item-read-more elementor-repeater-item-90953c2 wpr-grid-item-display-block wpr-grid-item-align-left\"><div class=\"inner-block\"><a href=\"https:\/\/defensoriaparana.com.ar\/index.php\/2023\/01\/11\/2011-aceptacion-del-uso-del-dni-tarjeta-en-ambitos-municipales\/\" class=\"wpr-button-effect wpr-button-none\"><span>Leer m\u00e1s<\/span><\/a><\/div><\/div><\/div><\/div><\/article><article class=\"wpr-grid-item elementor-clearfix post-3931 post type-post status-publish format-standard hentry category-recomendaciones-2004\"><div class=\"wpr-grid-item-inner\"><div class=\"wpr-grid-media-wrap wpr-effect-size-medium \" data-overlay-link=\"yes\"><div class=\"wpr-grid-media-hover wpr-animation-wrap\"><div class=\"wpr-grid-media-hover-bg  wpr-overlay-fade-in wpr-anim-size-large wpr-anim-timing-ease-default wpr-anim-transparency\" data-url=\"https:\/\/defensoriaparana.com.ar\/index.php\/2023\/01\/11\/2004-derecho-de-acceso-a-la-costa-del-rio\/\"><\/div><\/div><\/div><div class=\"wpr-grid-item-below-content elementor-clearfix\"><h2 class=\"wpr-grid-item-title elementor-repeater-item-0a1a05e wpr-grid-item-display-block wpr-grid-item-align-left wpr-pointer-none wpr-pointer-line-fx wpr-pointer-fx-fade\"><div class=\"inner-block\"><a href=\"https:\/\/defensoriaparana.com.ar\/index.php\/2023\/01\/11\/2004-derecho-de-acceso-a-la-costa-del-rio\/\" class=\"wpr-pointer-item\">(2004) Derecho de acceso a la costa del r\u00edo<\/a><\/div><\/h2><div class=\"wpr-grid-item-excerpt elementor-repeater-item-bebbb1b wpr-grid-item-display-block wpr-grid-item-align-left\"><div class=\"inner-block\"><p>RECOMENDACI\u00d3N DE LA DEFENSOR\u00cdA DEL PUEBLO N\u00ba 22\/04 Ref. : A.D.P. N\u00b0 145\/03 28 de septiembre de 2004 &nbsp; VISTO:&hellip;<\/p><\/div><\/div><div class=\"wpr-grid-item-read-more elementor-repeater-item-90953c2 wpr-grid-item-display-block wpr-grid-item-align-left\"><div class=\"inner-block\"><a href=\"https:\/\/defensoriaparana.com.ar\/index.php\/2023\/01\/11\/2004-derecho-de-acceso-a-la-costa-del-rio\/\" class=\"wpr-button-effect wpr-button-none\"><span>Leer m\u00e1s<\/span><\/a><\/div><\/div><\/div><\/div><\/article><article class=\"wpr-grid-item elementor-clearfix post-3929 post type-post status-publish format-standard hentry category-recomendaciones-2005\"><div class=\"wpr-grid-item-inner\"><div class=\"wpr-grid-media-wrap wpr-effect-size-medium \" data-overlay-link=\"yes\"><div class=\"wpr-grid-media-hover wpr-animation-wrap\"><div class=\"wpr-grid-media-hover-bg  wpr-overlay-fade-in wpr-anim-size-large wpr-anim-timing-ease-default wpr-anim-transparency\" data-url=\"https:\/\/defensoriaparana.com.ar\/index.php\/2023\/01\/11\/2005-reclamo-por-presunta-irregularidad-en-proceso-electoral-de-una-vecinal\/\"><\/div><\/div><\/div><div class=\"wpr-grid-item-below-content elementor-clearfix\"><h2 class=\"wpr-grid-item-title elementor-repeater-item-0a1a05e wpr-grid-item-display-block wpr-grid-item-align-left wpr-pointer-none wpr-pointer-line-fx wpr-pointer-fx-fade\"><div class=\"inner-block\"><a href=\"https:\/\/defensoriaparana.com.ar\/index.php\/2023\/01\/11\/2005-reclamo-por-presunta-irregularidad-en-proceso-electoral-de-una-vecinal\/\" class=\"wpr-pointer-item\">(2005) Reclamo por presunta irregularidad en proceso electoral de una vecinal<\/a><\/div><\/h2><div class=\"wpr-grid-item-excerpt elementor-repeater-item-bebbb1b wpr-grid-item-display-block wpr-grid-item-align-left\"><div class=\"inner-block\"><p>RECOMENDACI\u00d3N DE LA DEFENSOR\u00cdA DEL PUEBLO N\u00ba 1\/2005 Ref.: A.D.P. N\u00ba 643\/04 Paran\u00e1 19 de enero de 2005 &nbsp; VISTO:&hellip;<\/p><\/div><\/div><div class=\"wpr-grid-item-read-more elementor-repeater-item-90953c2 wpr-grid-item-display-block wpr-grid-item-align-left\"><div class=\"inner-block\"><a href=\"https:\/\/defensoriaparana.com.ar\/index.php\/2023\/01\/11\/2005-reclamo-por-presunta-irregularidad-en-proceso-electoral-de-una-vecinal\/\" class=\"wpr-button-effect wpr-button-none\"><span>Leer m\u00e1s<\/span><\/a><\/div><\/div><\/div><\/div><\/article><article class=\"wpr-grid-item elementor-clearfix post-3927 post type-post status-publish format-standard hentry category-recomendaciones-2003\"><div class=\"wpr-grid-item-inner\"><div class=\"wpr-grid-media-wrap wpr-effect-size-medium \" data-overlay-link=\"yes\"><div class=\"wpr-grid-media-hover wpr-animation-wrap\"><div class=\"wpr-grid-media-hover-bg  wpr-overlay-fade-in wpr-anim-size-large wpr-anim-timing-ease-default wpr-anim-transparency\" data-url=\"https:\/\/defensoriaparana.com.ar\/index.php\/2023\/01\/11\/2003-caso-de-desmoronamiento-en-bajada-grande\/\"><\/div><\/div><\/div><div class=\"wpr-grid-item-below-content elementor-clearfix\"><h2 class=\"wpr-grid-item-title elementor-repeater-item-0a1a05e wpr-grid-item-display-block wpr-grid-item-align-left wpr-pointer-none wpr-pointer-line-fx wpr-pointer-fx-fade\"><div class=\"inner-block\"><a href=\"https:\/\/defensoriaparana.com.ar\/index.php\/2023\/01\/11\/2003-caso-de-desmoronamiento-en-bajada-grande\/\" class=\"wpr-pointer-item\">(2003) Caso de desmoronamiento en Bajada Grande<\/a><\/div><\/h2><div class=\"wpr-grid-item-excerpt elementor-repeater-item-bebbb1b wpr-grid-item-display-block wpr-grid-item-align-left\"><div class=\"inner-block\"><p>RECOMENDACI\u00d3N DE LA DEFENSORIA DEL PUEBLO N\u00ba 001\/03 &nbsp; Visto: La Actuaci\u00f3n de la Defensor\u00eda del Pueblo Nro. 034\/03 iniciada&hellip;<\/p><\/div><\/div><div class=\"wpr-grid-item-read-more elementor-repeater-item-90953c2 wpr-grid-item-display-block wpr-grid-item-align-left\"><div class=\"inner-block\"><a href=\"https:\/\/defensoriaparana.com.ar\/index.php\/2023\/01\/11\/2003-caso-de-desmoronamiento-en-bajada-grande\/\" class=\"wpr-button-effect wpr-button-none\"><span>Leer m\u00e1s<\/span><\/a><\/div><\/div><\/div><\/div><\/article><article class=\"wpr-grid-item elementor-clearfix post-3925 post type-post status-publish format-standard hentry category-recomendaciones-2004\"><div class=\"wpr-grid-item-inner\"><div class=\"wpr-grid-media-wrap wpr-effect-size-medium \" data-overlay-link=\"yes\"><div class=\"wpr-grid-media-hover wpr-animation-wrap\"><div class=\"wpr-grid-media-hover-bg  wpr-overlay-fade-in wpr-anim-size-large wpr-anim-timing-ease-default wpr-anim-transparency\" data-url=\"https:\/\/defensoriaparana.com.ar\/index.php\/2023\/01\/11\/2004-reglamentacion-del-codigo-ambiental-de-la-ciudad-de-parana\/\"><\/div><\/div><\/div><div class=\"wpr-grid-item-below-content elementor-clearfix\"><h2 class=\"wpr-grid-item-title elementor-repeater-item-0a1a05e wpr-grid-item-display-block wpr-grid-item-align-left wpr-pointer-none wpr-pointer-line-fx wpr-pointer-fx-fade\"><div class=\"inner-block\"><a href=\"https:\/\/defensoriaparana.com.ar\/index.php\/2023\/01\/11\/2004-reglamentacion-del-codigo-ambiental-de-la-ciudad-de-parana\/\" class=\"wpr-pointer-item\">(2004) Reglamentaci\u00f3n del C\u00f3digo Ambiental de la Ciudad de Paran\u00e1<\/a><\/div><\/h2><div class=\"wpr-grid-item-excerpt elementor-repeater-item-bebbb1b wpr-grid-item-display-block wpr-grid-item-align-left\"><div class=\"inner-block\"><p>\u00a0 RECOMENDACI\u00d3N DE LA DEFENSORIA DEL PUEBLO N\u00ba 18\/04 &nbsp; &nbsp; Paran\u00e1, Jueves 1 de Julio de 2004 Actuaci\u00f3n DP&hellip;<\/p><\/div><\/div><div class=\"wpr-grid-item-read-more elementor-repeater-item-90953c2 wpr-grid-item-display-block wpr-grid-item-align-left\"><div class=\"inner-block\"><a href=\"https:\/\/defensoriaparana.com.ar\/index.php\/2023\/01\/11\/2004-reglamentacion-del-codigo-ambiental-de-la-ciudad-de-parana\/\" class=\"wpr-button-effect wpr-button-none\"><span>Leer m\u00e1s<\/span><\/a><\/div><\/div><\/div><\/div><\/article><article class=\"wpr-grid-item elementor-clearfix post-3922 post type-post status-publish format-standard hentry category-recomendaciones-2004\"><div class=\"wpr-grid-item-inner\"><div class=\"wpr-grid-media-wrap wpr-effect-size-medium \" data-overlay-link=\"yes\"><div class=\"wpr-grid-media-hover wpr-animation-wrap\"><div class=\"wpr-grid-media-hover-bg  wpr-overlay-fade-in wpr-anim-size-large wpr-anim-timing-ease-default wpr-anim-transparency\" data-url=\"https:\/\/defensoriaparana.com.ar\/index.php\/2023\/01\/11\/inventario-de-las-piezas-ornamentales-existentes-en-parana\/\"><\/div><\/div><\/div><div class=\"wpr-grid-item-below-content elementor-clearfix\"><h2 class=\"wpr-grid-item-title elementor-repeater-item-0a1a05e wpr-grid-item-display-block wpr-grid-item-align-left wpr-pointer-none wpr-pointer-line-fx wpr-pointer-fx-fade\"><div class=\"inner-block\"><a href=\"https:\/\/defensoriaparana.com.ar\/index.php\/2023\/01\/11\/inventario-de-las-piezas-ornamentales-existentes-en-parana\/\" class=\"wpr-pointer-item\">(2004) Inventario de las piezas ornamentales existentes en Paran\u00e1<\/a><\/div><\/h2><div class=\"wpr-grid-item-excerpt elementor-repeater-item-bebbb1b wpr-grid-item-display-block wpr-grid-item-align-left\"><div class=\"inner-block\"><p>RECOMENDACI\u00d3N DE LA DEFENSORIA DEL PUEBLO N\u00ba 19\/04 &nbsp; Ref. ADP N\u00ba 0089\/03 &nbsp; Paran\u00e1, de 3 de Julio de&hellip;<\/p><\/div><\/div><div class=\"wpr-grid-item-read-more elementor-repeater-item-90953c2 wpr-grid-item-display-block wpr-grid-item-align-left\"><div class=\"inner-block\"><a href=\"https:\/\/defensoriaparana.com.ar\/index.php\/2023\/01\/11\/inventario-de-las-piezas-ornamentales-existentes-en-parana\/\" class=\"wpr-button-effect wpr-button-none\"><span>Leer m\u00e1s<\/span><\/a><\/div><\/div><\/div><\/div><\/article><article class=\"wpr-grid-item elementor-clearfix post-3920 post type-post status-publish format-standard hentry category-recomendaciones-2004\"><div class=\"wpr-grid-item-inner\"><div class=\"wpr-grid-media-wrap wpr-effect-size-medium \" data-overlay-link=\"yes\"><div class=\"wpr-grid-media-hover wpr-animation-wrap\"><div class=\"wpr-grid-media-hover-bg  wpr-overlay-fade-in wpr-anim-size-large wpr-anim-timing-ease-default wpr-anim-transparency\" data-url=\"https:\/\/defensoriaparana.com.ar\/index.php\/2023\/01\/11\/falta-de-condiciones-de-un-edificio-de-una-escuela\/\"><\/div><\/div><\/div><div class=\"wpr-grid-item-below-content elementor-clearfix\"><h2 class=\"wpr-grid-item-title elementor-repeater-item-0a1a05e wpr-grid-item-display-block wpr-grid-item-align-left wpr-pointer-none wpr-pointer-line-fx wpr-pointer-fx-fade\"><div class=\"inner-block\"><a href=\"https:\/\/defensoriaparana.com.ar\/index.php\/2023\/01\/11\/falta-de-condiciones-de-un-edificio-de-una-escuela\/\" class=\"wpr-pointer-item\">(2004) Falta de condiciones de un edificio de una escuela<\/a><\/div><\/h2><div class=\"wpr-grid-item-excerpt elementor-repeater-item-bebbb1b wpr-grid-item-display-block wpr-grid-item-align-left\"><div class=\"inner-block\"><p>RECOMENDACI\u00d3N DE LA DEFENSORIA DEL PUEBLO N\u00ba 14\/04 &nbsp; Ref. Act. N\u00ba 00451\/04.\u00a0\u00a0\u00a0\u00a0\u00a0\u00a0\u00a0\u00a0\u00a0\u00a0\u00a0\u00a0\u00a0\u00a0\u00a0\u00a0\u00a0\u00a0\u00a0\u00a0\u00a0\u00a0\u00a0\u00a0\u00a0\u00a0\u00a0\u00a0\u00a0\u00a0\u00a0\u00a0\u00a0\u00a0\u00a0\u00a0\u00a0\u00a0\u00a0\u00a0\u00a0\u00a0\u00a0\u00a0\u00a0\u00a0 &nbsp; VISTO, La presentaci\u00f3n, ante esta Defensor\u00eda,&hellip;<\/p><\/div><\/div><div class=\"wpr-grid-item-read-more elementor-repeater-item-90953c2 wpr-grid-item-display-block wpr-grid-item-align-left\"><div class=\"inner-block\"><a href=\"https:\/\/defensoriaparana.com.ar\/index.php\/2023\/01\/11\/falta-de-condiciones-de-un-edificio-de-una-escuela\/\" class=\"wpr-button-effect wpr-button-none\"><span>Leer m\u00e1s<\/span><\/a><\/div><\/div><\/div><\/div><\/article><article class=\"wpr-grid-item elementor-clearfix post-3918 post type-post status-publish format-standard hentry category-recomendaciones-2009\"><div class=\"wpr-grid-item-inner\"><div class=\"wpr-grid-media-wrap wpr-effect-size-medium \" data-overlay-link=\"yes\"><div class=\"wpr-grid-media-hover wpr-animation-wrap\"><div class=\"wpr-grid-media-hover-bg  wpr-overlay-fade-in wpr-anim-size-large wpr-anim-timing-ease-default wpr-anim-transparency\" data-url=\"https:\/\/defensoriaparana.com.ar\/index.php\/2023\/01\/11\/contribucion-por-mejoras-en-obras-de-asfalto\/\"><\/div><\/div><\/div><div class=\"wpr-grid-item-below-content elementor-clearfix\"><h2 class=\"wpr-grid-item-title elementor-repeater-item-0a1a05e wpr-grid-item-display-block wpr-grid-item-align-left wpr-pointer-none wpr-pointer-line-fx wpr-pointer-fx-fade\"><div class=\"inner-block\"><a href=\"https:\/\/defensoriaparana.com.ar\/index.php\/2023\/01\/11\/contribucion-por-mejoras-en-obras-de-asfalto\/\" class=\"wpr-pointer-item\">(2009) Contribuci\u00f3n por mejoras en obras de asfalto<\/a><\/div><\/h2><div class=\"wpr-grid-item-excerpt elementor-repeater-item-bebbb1b wpr-grid-item-display-block wpr-grid-item-align-left\"><div class=\"inner-block\"><p>Paran\u00e1, 23 de Marzo 2009 \u00a0 RECOMENDACION N\u00ba 03\/09 DE LA DEFENSORIA DEL PUEBLO \u00a0 ADP N\u00ba 928\/08; 01\/09; 02\/09;&hellip;<\/p><\/div><\/div><div class=\"wpr-grid-item-read-more elementor-repeater-item-90953c2 wpr-grid-item-display-block wpr-grid-item-align-left\"><div class=\"inner-block\"><a href=\"https:\/\/defensoriaparana.com.ar\/index.php\/2023\/01\/11\/contribucion-por-mejoras-en-obras-de-asfalto\/\" class=\"wpr-button-effect wpr-button-none\"><span>Leer m\u00e1s<\/span><\/a><\/div><\/div><\/div><\/div><\/article><article class=\"wpr-grid-item elementor-clearfix post-3916 post type-post status-publish format-standard hentry category-recomendaciones-2005\"><div class=\"wpr-grid-item-inner\"><div class=\"wpr-grid-media-wrap wpr-effect-size-medium \" data-overlay-link=\"yes\"><div class=\"wpr-grid-media-hover wpr-animation-wrap\"><div class=\"wpr-grid-media-hover-bg  wpr-overlay-fade-in wpr-anim-size-large wpr-anim-timing-ease-default wpr-anim-transparency\" data-url=\"https:\/\/defensoriaparana.com.ar\/index.php\/2023\/01\/11\/derecho-a-la-educacion-de-ninos-ninas-y-jovenes-de-entre-rios\/\"><\/div><\/div><\/div><div class=\"wpr-grid-item-below-content elementor-clearfix\"><h2 class=\"wpr-grid-item-title elementor-repeater-item-0a1a05e wpr-grid-item-display-block wpr-grid-item-align-left wpr-pointer-none wpr-pointer-line-fx wpr-pointer-fx-fade\"><div class=\"inner-block\"><a href=\"https:\/\/defensoriaparana.com.ar\/index.php\/2023\/01\/11\/derecho-a-la-educacion-de-ninos-ninas-y-jovenes-de-entre-rios\/\" class=\"wpr-pointer-item\">(2005) Derecho a la educaci\u00f3n de ni\u00f1os, ni\u00f1as y j\u00f3venes de Entre R\u00edos<\/a><\/div><\/h2><div class=\"wpr-grid-item-excerpt elementor-repeater-item-bebbb1b wpr-grid-item-display-block wpr-grid-item-align-left\"><div class=\"inner-block\"><p>\u00a0\u00a0\u00a0\u00a0\u00a0\u00a0\u00a0\u00a0\u00a0\u00a0\u00a0\u00a0\u00a0\u00a0\u00a0\u00a0 RECOMENDACI\u00d3N DE LA DEFENSORIA DEL PUEBLO N\u00ba 06\/05 Paran\u00e1, 29 de agosto de 2005. Ref. Act. Def. N\u00ba 687\/05&hellip;<\/p><\/div><\/div><div class=\"wpr-grid-item-read-more elementor-repeater-item-90953c2 wpr-grid-item-display-block wpr-grid-item-align-left\"><div class=\"inner-block\"><a href=\"https:\/\/defensoriaparana.com.ar\/index.php\/2023\/01\/11\/derecho-a-la-educacion-de-ninos-ninas-y-jovenes-de-entre-rios\/\" class=\"wpr-button-effect wpr-button-none\"><span>Leer m\u00e1s<\/span><\/a><\/div><\/div><\/div><\/div><\/article><article class=\"wpr-grid-item elementor-clearfix post-3914 post type-post status-publish format-standard hentry category-recomendaciones-2005\"><div class=\"wpr-grid-item-inner\"><div class=\"wpr-grid-media-wrap wpr-effect-size-medium \" data-overlay-link=\"yes\"><div class=\"wpr-grid-media-hover wpr-animation-wrap\"><div class=\"wpr-grid-media-hover-bg  wpr-overlay-fade-in wpr-anim-size-large wpr-anim-timing-ease-default wpr-anim-transparency\" data-url=\"https:\/\/defensoriaparana.com.ar\/index.php\/2023\/01\/11\/seguro-beneficiarios-del-programa-jefes-y-jefas-de-hogar-desocupados\/\"><\/div><\/div><\/div><div class=\"wpr-grid-item-below-content elementor-clearfix\"><h2 class=\"wpr-grid-item-title elementor-repeater-item-0a1a05e wpr-grid-item-display-block wpr-grid-item-align-left wpr-pointer-none wpr-pointer-line-fx wpr-pointer-fx-fade\"><div class=\"inner-block\"><a href=\"https:\/\/defensoriaparana.com.ar\/index.php\/2023\/01\/11\/seguro-beneficiarios-del-programa-jefes-y-jefas-de-hogar-desocupados\/\" class=\"wpr-pointer-item\">(2005) Seguro beneficiarios del Programa Jefes y Jefas de Hogar Desocupados<\/a><\/div><\/h2><div class=\"wpr-grid-item-excerpt elementor-repeater-item-bebbb1b wpr-grid-item-display-block wpr-grid-item-align-left\"><div class=\"inner-block\"><p>RECOMENDACI\u00d3N N\u00ba\u00a0 4\/05 DE LA DEFENSOR\u00cdA DEL PUEBLO DE LA MUNICIPALIDAD DE PARAN\u00c1 \u00a0 \u00a0 VISTO: La apertura de las&hellip;<\/p><\/div><\/div><div class=\"wpr-grid-item-read-more elementor-repeater-item-90953c2 wpr-grid-item-display-block wpr-grid-item-align-left\"><div class=\"inner-block\"><a href=\"https:\/\/defensoriaparana.com.ar\/index.php\/2023\/01\/11\/seguro-beneficiarios-del-programa-jefes-y-jefas-de-hogar-desocupados\/\" class=\"wpr-button-effect wpr-button-none\"><span>Leer m\u00e1s<\/span><\/a><\/div><\/div><\/div><\/div><\/article><article class=\"wpr-grid-item elementor-clearfix post-3911 post type-post status-publish format-standard hentry category-recomendaciones-2012\"><div class=\"wpr-grid-item-inner\"><div class=\"wpr-grid-media-wrap wpr-effect-size-medium \" data-overlay-link=\"yes\"><div class=\"wpr-grid-media-hover wpr-animation-wrap\"><div class=\"wpr-grid-media-hover-bg  wpr-overlay-fade-in wpr-anim-size-large wpr-anim-timing-ease-default wpr-anim-transparency\" data-url=\"https:\/\/defensoriaparana.com.ar\/index.php\/2023\/01\/11\/cumplimiento-de-la-normativa-que-rige-las-obras-en-construccion-y-su-afectacion-a-terceros\/\"><\/div><\/div><\/div><div class=\"wpr-grid-item-below-content elementor-clearfix\"><h2 class=\"wpr-grid-item-title elementor-repeater-item-0a1a05e wpr-grid-item-display-block wpr-grid-item-align-left wpr-pointer-none wpr-pointer-line-fx wpr-pointer-fx-fade\"><div class=\"inner-block\"><a href=\"https:\/\/defensoriaparana.com.ar\/index.php\/2023\/01\/11\/cumplimiento-de-la-normativa-que-rige-las-obras-en-construccion-y-su-afectacion-a-terceros\/\" class=\"wpr-pointer-item\">(2012) Normativa que rige en las obras en construcci\u00f3n y su afectaci\u00f3n a terceros<\/a><\/div><\/h2><div class=\"wpr-grid-item-excerpt elementor-repeater-item-bebbb1b wpr-grid-item-display-block wpr-grid-item-align-left\"><div class=\"inner-block\"><p>Resoluci\u00f3n del 7\/09\/2012 con RECOMENDACI\u00d3N N\u00ba 3\/12 a la Sra. Presidenta Municipal de la Ciudad de Paran\u00e1. &nbsp; Recomendaci\u00f3n en&hellip;<\/p><\/div><\/div><div class=\"wpr-grid-item-read-more elementor-repeater-item-90953c2 wpr-grid-item-display-block wpr-grid-item-align-left\"><div class=\"inner-block\"><a href=\"https:\/\/defensoriaparana.com.ar\/index.php\/2023\/01\/11\/cumplimiento-de-la-normativa-que-rige-las-obras-en-construccion-y-su-afectacion-a-terceros\/\" class=\"wpr-button-effect wpr-button-none\"><span>Leer m\u00e1s<\/span><\/a><\/div><\/div><\/div><\/div><\/article><article class=\"wpr-grid-item elementor-clearfix post-3909 post type-post status-publish format-standard hentry category-recomendaciones-2004\"><div class=\"wpr-grid-item-inner\"><div class=\"wpr-grid-media-wrap wpr-effect-size-medium \" data-overlay-link=\"yes\"><div class=\"wpr-grid-media-hover wpr-animation-wrap\"><div class=\"wpr-grid-media-hover-bg  wpr-overlay-fade-in wpr-anim-size-large wpr-anim-timing-ease-default wpr-anim-transparency\" data-url=\"https:\/\/defensoriaparana.com.ar\/index.php\/2023\/01\/11\/regularizacion-del-parque-automotor-municipal\/\"><\/div><\/div><\/div><div class=\"wpr-grid-item-below-content elementor-clearfix\"><h2 class=\"wpr-grid-item-title elementor-repeater-item-0a1a05e wpr-grid-item-display-block wpr-grid-item-align-left wpr-pointer-none wpr-pointer-line-fx wpr-pointer-fx-fade\"><div class=\"inner-block\"><a href=\"https:\/\/defensoriaparana.com.ar\/index.php\/2023\/01\/11\/regularizacion-del-parque-automotor-municipal\/\" class=\"wpr-pointer-item\">(2004) Regularizaci\u00f3n del parque automotor municipal<\/a><\/div><\/h2><div class=\"wpr-grid-item-excerpt elementor-repeater-item-bebbb1b wpr-grid-item-display-block wpr-grid-item-align-left\"><div class=\"inner-block\"><p>Ref.: Actuaci\u00f3n ADP N\u00ba 1226\/04 Paran\u00e1, 27 de Diciembre de 2004 VISTO: Las presentes actuaciones iniciadas de oficio, a ra\u00edz&hellip;<\/p><\/div><\/div><div class=\"wpr-grid-item-read-more elementor-repeater-item-90953c2 wpr-grid-item-display-block wpr-grid-item-align-left\"><div class=\"inner-block\"><a href=\"https:\/\/defensoriaparana.com.ar\/index.php\/2023\/01\/11\/regularizacion-del-parque-automotor-municipal\/\" class=\"wpr-button-effect wpr-button-none\"><span>Leer m\u00e1s<\/span><\/a><\/div><\/div><\/div><\/div><\/article><article class=\"wpr-grid-item elementor-clearfix post-3907 post type-post status-publish format-standard hentry category-recomendaciones-2007\"><div class=\"wpr-grid-item-inner\"><div class=\"wpr-grid-media-wrap wpr-effect-size-medium \" data-overlay-link=\"yes\"><div class=\"wpr-grid-media-hover wpr-animation-wrap\"><div class=\"wpr-grid-media-hover-bg  wpr-overlay-fade-in wpr-anim-size-large wpr-anim-timing-ease-default wpr-anim-transparency\" data-url=\"https:\/\/defensoriaparana.com.ar\/index.php\/2023\/01\/10\/proliferacion-de-edificios-en-zona-parque\/\"><\/div><\/div><\/div><div class=\"wpr-grid-item-below-content elementor-clearfix\"><h2 class=\"wpr-grid-item-title elementor-repeater-item-0a1a05e wpr-grid-item-display-block wpr-grid-item-align-left wpr-pointer-none wpr-pointer-line-fx wpr-pointer-fx-fade\"><div class=\"inner-block\"><a href=\"https:\/\/defensoriaparana.com.ar\/index.php\/2023\/01\/10\/proliferacion-de-edificios-en-zona-parque\/\" class=\"wpr-pointer-item\">(2007) Proliferaci\u00f3n de edificios en zona Parque<\/a><\/div><\/h2><div class=\"wpr-grid-item-excerpt elementor-repeater-item-bebbb1b wpr-grid-item-display-block wpr-grid-item-align-left\"><div class=\"inner-block\"><p>Paran\u00e1, 19 de Septiembre de 2007 Referencia ADP N\u00ba 188\/07 RECOMENDACI\u00d3N DE LA DEFENSORIA DEL PUEBLO N\u00ba 3 de 2007&hellip;<\/p><\/div><\/div><div class=\"wpr-grid-item-read-more elementor-repeater-item-90953c2 wpr-grid-item-display-block wpr-grid-item-align-left\"><div class=\"inner-block\"><a href=\"https:\/\/defensoriaparana.com.ar\/index.php\/2023\/01\/10\/proliferacion-de-edificios-en-zona-parque\/\" class=\"wpr-button-effect wpr-button-none\"><span>Leer m\u00e1s<\/span><\/a><\/div><\/div><\/div><\/div><\/article><article class=\"wpr-grid-item elementor-clearfix post-3901 post type-post status-publish format-standard hentry category-recomendaciones-2013\"><div class=\"wpr-grid-item-inner\"><div class=\"wpr-grid-media-wrap wpr-effect-size-medium \" data-overlay-link=\"yes\"><div class=\"wpr-grid-media-hover wpr-animation-wrap\"><div class=\"wpr-grid-media-hover-bg  wpr-overlay-fade-in wpr-anim-size-large wpr-anim-timing-ease-default wpr-anim-transparency\" data-url=\"https:\/\/defensoriaparana.com.ar\/index.php\/2023\/01\/10\/cupo-laboral-de-las-personas-discapacitadas\/\"><\/div><\/div><\/div><div class=\"wpr-grid-item-below-content elementor-clearfix\"><h2 class=\"wpr-grid-item-title elementor-repeater-item-0a1a05e wpr-grid-item-display-block wpr-grid-item-align-left wpr-pointer-none wpr-pointer-line-fx wpr-pointer-fx-fade\"><div class=\"inner-block\"><a href=\"https:\/\/defensoriaparana.com.ar\/index.php\/2023\/01\/10\/cupo-laboral-de-las-personas-discapacitadas\/\" class=\"wpr-pointer-item\">(2013) Cupo laboral de las personas con discapacidad<\/a><\/div><\/h2><div class=\"wpr-grid-item-excerpt elementor-repeater-item-bebbb1b wpr-grid-item-display-block wpr-grid-item-align-left\"><div class=\"inner-block\"><p>Resoluci\u00f3n del 6\/06\/2013 con RECOMENDACI\u00d3N N\u00ba 2\/13 a la Sra. Presidente Municipal de la Ciudad de Paran\u00e1. &nbsp; Recomendaci\u00f3n en&hellip;<\/p><\/div><\/div><div class=\"wpr-grid-item-read-more elementor-repeater-item-90953c2 wpr-grid-item-display-block wpr-grid-item-align-left\"><div class=\"inner-block\"><a href=\"https:\/\/defensoriaparana.com.ar\/index.php\/2023\/01\/10\/cupo-laboral-de-las-personas-discapacitadas\/\" class=\"wpr-button-effect wpr-button-none\"><span>Leer m\u00e1s<\/span><\/a><\/div><\/div><\/div><\/div><\/article><article class=\"wpr-grid-item elementor-clearfix post-3899 post type-post status-publish format-standard hentry category-recomendaciones-2013\"><div class=\"wpr-grid-item-inner\"><div class=\"wpr-grid-media-wrap wpr-effect-size-medium \" data-overlay-link=\"yes\"><div class=\"wpr-grid-media-hover wpr-animation-wrap\"><div class=\"wpr-grid-media-hover-bg  wpr-overlay-fade-in wpr-anim-size-large wpr-anim-timing-ease-default wpr-anim-transparency\" data-url=\"https:\/\/defensoriaparana.com.ar\/index.php\/2023\/01\/10\/interjurisdiccionalidad-en-tribunales-de-faltas-de-parana\/\"><\/div><\/div><\/div><div class=\"wpr-grid-item-below-content elementor-clearfix\"><h2 class=\"wpr-grid-item-title elementor-repeater-item-0a1a05e wpr-grid-item-display-block wpr-grid-item-align-left wpr-pointer-none wpr-pointer-line-fx wpr-pointer-fx-fade\"><div class=\"inner-block\"><a href=\"https:\/\/defensoriaparana.com.ar\/index.php\/2023\/01\/10\/interjurisdiccionalidad-en-tribunales-de-faltas-de-parana\/\" class=\"wpr-pointer-item\">(2013) Interjurisdiccionalidad en Tribunales de Faltas de Paran\u00e1<\/a><\/div><\/h2><div class=\"wpr-grid-item-excerpt elementor-repeater-item-bebbb1b wpr-grid-item-display-block wpr-grid-item-align-left\"><div class=\"inner-block\"><p>Resoluci\u00f3n del 28\/08\/2013 con RECOMENDACI\u00d3N N\u00ba 3\/13 a los Sres. Jueces de Faltas de la Ciudad de Paran\u00e1. &nbsp; Recomendaci\u00f3n&hellip;<\/p><\/div><\/div><div class=\"wpr-grid-item-read-more elementor-repeater-item-90953c2 wpr-grid-item-display-block wpr-grid-item-align-left\"><div class=\"inner-block\"><a href=\"https:\/\/defensoriaparana.com.ar\/index.php\/2023\/01\/10\/interjurisdiccionalidad-en-tribunales-de-faltas-de-parana\/\" class=\"wpr-button-effect wpr-button-none\"><span>Leer m\u00e1s<\/span><\/a><\/div><\/div><\/div><\/div><\/article><article class=\"wpr-grid-item elementor-clearfix post-3897 post type-post status-publish format-standard hentry category-recomendaciones-2006\"><div class=\"wpr-grid-item-inner\"><div class=\"wpr-grid-media-wrap wpr-effect-size-medium \" data-overlay-link=\"yes\"><div class=\"wpr-grid-media-hover wpr-animation-wrap\"><div class=\"wpr-grid-media-hover-bg  wpr-overlay-fade-in wpr-anim-size-large wpr-anim-timing-ease-default wpr-anim-transparency\" data-url=\"https:\/\/defensoriaparana.com.ar\/index.php\/2023\/01\/10\/incremento-de-la-tasa-general-inmobiliaria\/\"><\/div><\/div><\/div><div class=\"wpr-grid-item-below-content elementor-clearfix\"><h2 class=\"wpr-grid-item-title elementor-repeater-item-0a1a05e wpr-grid-item-display-block wpr-grid-item-align-left wpr-pointer-none wpr-pointer-line-fx wpr-pointer-fx-fade\"><div class=\"inner-block\"><a href=\"https:\/\/defensoriaparana.com.ar\/index.php\/2023\/01\/10\/incremento-de-la-tasa-general-inmobiliaria\/\" class=\"wpr-pointer-item\">(2006) Incremento de la Tasa General Inmobiliaria<\/a><\/div><\/h2><div class=\"wpr-grid-item-excerpt elementor-repeater-item-bebbb1b wpr-grid-item-display-block wpr-grid-item-align-left\"><div class=\"inner-block\"><p>&nbsp; Paran\u00e1, 24 de febrero de 2006 Referencia ADP N\u00ba 177\/06 RECOMENDACI\u00d3N DE LA DEFENSOR\u00cdA DEL PUEBLO N\u00ba 1 DE&hellip;<\/p><\/div><\/div><div class=\"wpr-grid-item-read-more elementor-repeater-item-90953c2 wpr-grid-item-display-block wpr-grid-item-align-left\"><div class=\"inner-block\"><a href=\"https:\/\/defensoriaparana.com.ar\/index.php\/2023\/01\/10\/incremento-de-la-tasa-general-inmobiliaria\/\" class=\"wpr-button-effect wpr-button-none\"><span>Leer m\u00e1s<\/span><\/a><\/div><\/div><\/div><\/div><\/article><article class=\"wpr-grid-item elementor-clearfix post-3891 post type-post status-publish format-standard hentry category-recomendaciones-2012\"><div class=\"wpr-grid-item-inner\"><div class=\"wpr-grid-media-wrap wpr-effect-size-medium \" data-overlay-link=\"yes\"><div class=\"wpr-grid-media-hover wpr-animation-wrap\"><div class=\"wpr-grid-media-hover-bg  wpr-overlay-fade-in wpr-anim-size-large wpr-anim-timing-ease-default wpr-anim-transparency\" data-url=\"https:\/\/defensoriaparana.com.ar\/index.php\/2023\/01\/10\/derecho-de-las-personas-de-acceder-al-borde-costero\/\"><\/div><\/div><\/div><div class=\"wpr-grid-item-below-content elementor-clearfix\"><h2 class=\"wpr-grid-item-title elementor-repeater-item-0a1a05e wpr-grid-item-display-block wpr-grid-item-align-left wpr-pointer-none wpr-pointer-line-fx wpr-pointer-fx-fade\"><div class=\"inner-block\"><a href=\"https:\/\/defensoriaparana.com.ar\/index.php\/2023\/01\/10\/derecho-de-las-personas-de-acceder-al-borde-costero\/\" class=\"wpr-pointer-item\">(2012) Derecho de las personas de acceder al borde costero<\/a><\/div><\/h2><div class=\"wpr-grid-item-excerpt elementor-repeater-item-bebbb1b wpr-grid-item-display-block wpr-grid-item-align-left\"><div class=\"inner-block\"><p>&nbsp; Recomendaci\u00f3n en relaci\u00f3n al derecho de las personas de acceder al borde costero &nbsp; PARANA, 9 de octubre de&hellip;<\/p><\/div><\/div><div class=\"wpr-grid-item-read-more elementor-repeater-item-90953c2 wpr-grid-item-display-block wpr-grid-item-align-left\"><div class=\"inner-block\"><a href=\"https:\/\/defensoriaparana.com.ar\/index.php\/2023\/01\/10\/derecho-de-las-personas-de-acceder-al-borde-costero\/\" class=\"wpr-button-effect wpr-button-none\"><span>Leer m\u00e1s<\/span><\/a><\/div><\/div><\/div><\/div><\/article><article class=\"wpr-grid-item elementor-clearfix post-3889 post type-post status-publish format-standard hentry category-recomendaciones-2013\"><div class=\"wpr-grid-item-inner\"><div class=\"wpr-grid-media-wrap wpr-effect-size-medium \" data-overlay-link=\"yes\"><div class=\"wpr-grid-media-hover wpr-animation-wrap\"><div class=\"wpr-grid-media-hover-bg  wpr-overlay-fade-in wpr-anim-size-large wpr-anim-timing-ease-default wpr-anim-transparency\" data-url=\"https:\/\/defensoriaparana.com.ar\/index.php\/2023\/01\/10\/derecho-a-la-reincorporacion-e-indemnizacion-por-despido-arbitrario-durante-la-dictadura-militar\/\"><\/div><\/div><\/div><div class=\"wpr-grid-item-below-content elementor-clearfix\"><h2 class=\"wpr-grid-item-title elementor-repeater-item-0a1a05e wpr-grid-item-display-block wpr-grid-item-align-left wpr-pointer-none wpr-pointer-line-fx wpr-pointer-fx-fade\"><div class=\"inner-block\"><a href=\"https:\/\/defensoriaparana.com.ar\/index.php\/2023\/01\/10\/derecho-a-la-reincorporacion-e-indemnizacion-por-despido-arbitrario-durante-la-dictadura-militar\/\" class=\"wpr-pointer-item\">(2013) Derecho a la reincorporaci\u00f3n e indemnizaci\u00f3n por despido arbitrario durante la dictadura militar<\/a><\/div><\/h2><div class=\"wpr-grid-item-excerpt elementor-repeater-item-bebbb1b wpr-grid-item-display-block wpr-grid-item-align-left\"><div class=\"inner-block\"><p>\u00a0 Resoluci\u00f3n del 22\/11\/2013 con RECOMENDACI\u00d3N N\u00ba 5\/13 a la Sra. Presidenta Municipal de la Ciudad de Paran\u00e1. \u00a0 Recomendaci\u00f3n&hellip;<\/p><\/div><\/div><div class=\"wpr-grid-item-read-more elementor-repeater-item-90953c2 wpr-grid-item-display-block wpr-grid-item-align-left\"><div class=\"inner-block\"><a href=\"https:\/\/defensoriaparana.com.ar\/index.php\/2023\/01\/10\/derecho-a-la-reincorporacion-e-indemnizacion-por-despido-arbitrario-durante-la-dictadura-militar\/\" class=\"wpr-button-effect wpr-button-none\"><span>Leer m\u00e1s<\/span><\/a><\/div><\/div><\/div><\/div><\/article><article class=\"wpr-grid-item elementor-clearfix post-3886 post type-post status-publish format-standard hentry category-recomendaciones-2015\"><div class=\"wpr-grid-item-inner\"><div class=\"wpr-grid-media-wrap wpr-effect-size-medium \" data-overlay-link=\"yes\"><div class=\"wpr-grid-media-hover wpr-animation-wrap\"><div class=\"wpr-grid-media-hover-bg  wpr-overlay-fade-in wpr-anim-size-large wpr-anim-timing-ease-default wpr-anim-transparency\" data-url=\"https:\/\/defensoriaparana.com.ar\/index.php\/2023\/01\/10\/desalojo-de-seis-familias-en-la-ciudad\/\"><\/div><\/div><\/div><div class=\"wpr-grid-item-below-content elementor-clearfix\"><h2 class=\"wpr-grid-item-title elementor-repeater-item-0a1a05e wpr-grid-item-display-block wpr-grid-item-align-left wpr-pointer-none wpr-pointer-line-fx wpr-pointer-fx-fade\"><div class=\"inner-block\"><a href=\"https:\/\/defensoriaparana.com.ar\/index.php\/2023\/01\/10\/desalojo-de-seis-familias-en-la-ciudad\/\" class=\"wpr-pointer-item\">(2015) Desalojo de seis familias en la ciudad<\/a><\/div><\/h2><div class=\"wpr-grid-item-excerpt elementor-repeater-item-bebbb1b wpr-grid-item-display-block wpr-grid-item-align-left\"><div class=\"inner-block\"><p>Resoluci\u00f3n del 25\/03\/2015 con RECOMENDACI\u00d3N N\u00ba 1\/15 a la Sra. Presidenta Municipal de la Ciudad de Paran\u00e1. Recomendaci\u00f3n en relaci\u00f3n&hellip;<\/p><\/div><\/div><div class=\"wpr-grid-item-read-more elementor-repeater-item-90953c2 wpr-grid-item-display-block wpr-grid-item-align-left\"><div class=\"inner-block\"><a href=\"https:\/\/defensoriaparana.com.ar\/index.php\/2023\/01\/10\/desalojo-de-seis-familias-en-la-ciudad\/\" class=\"wpr-button-effect wpr-button-none\"><span>Leer m\u00e1s<\/span><\/a><\/div><\/div><\/div><\/div><\/article><article class=\"wpr-grid-item elementor-clearfix post-3881 post type-post status-publish format-standard hentry category-recomendaciones-2016\"><div class=\"wpr-grid-item-inner\"><div class=\"wpr-grid-media-wrap wpr-effect-size-medium \" data-overlay-link=\"yes\"><div class=\"wpr-grid-media-hover wpr-animation-wrap\"><div class=\"wpr-grid-media-hover-bg  wpr-overlay-fade-in wpr-anim-size-large wpr-anim-timing-ease-default wpr-anim-transparency\" data-url=\"https:\/\/defensoriaparana.com.ar\/index.php\/2023\/01\/10\/medios-alternativos-de-solucion-de-conflictos-por-reclamos-que-se-enmarcan-en-la-responsabilidad-del-estado-publico-municipal-de-escasa-cuantia\/\"><\/div><\/div><\/div><div class=\"wpr-grid-item-below-content elementor-clearfix\"><h2 class=\"wpr-grid-item-title elementor-repeater-item-0a1a05e wpr-grid-item-display-block wpr-grid-item-align-left wpr-pointer-none wpr-pointer-line-fx wpr-pointer-fx-fade\"><div class=\"inner-block\"><a href=\"https:\/\/defensoriaparana.com.ar\/index.php\/2023\/01\/10\/medios-alternativos-de-solucion-de-conflictos-por-reclamos-que-se-enmarcan-en-la-responsabilidad-del-estado-publico-municipal-de-escasa-cuantia\/\" class=\"wpr-pointer-item\">(2016) Medios alternativos de soluci\u00f3n de conflictos por reclamos que se enmarcan en la responsabilidad del Estado Municipal<\/a><\/div><\/h2><div class=\"wpr-grid-item-excerpt elementor-repeater-item-bebbb1b wpr-grid-item-display-block wpr-grid-item-align-left\"><div class=\"inner-block\"><p>Resoluci\u00f3n del 15\/02\/2016 con RECOMENDACI\u00d3N N\u00ba 2\/16 al Sr. Presidente Municipal de la Ciudad de Paran\u00e1. Recomendaci\u00f3n en relaci\u00f3n a&hellip;<\/p><\/div><\/div><div class=\"wpr-grid-item-read-more elementor-repeater-item-90953c2 wpr-grid-item-display-block wpr-grid-item-align-left\"><div class=\"inner-block\"><a href=\"https:\/\/defensoriaparana.com.ar\/index.php\/2023\/01\/10\/medios-alternativos-de-solucion-de-conflictos-por-reclamos-que-se-enmarcan-en-la-responsabilidad-del-estado-publico-municipal-de-escasa-cuantia\/\" class=\"wpr-button-effect wpr-button-none\"><span>Leer m\u00e1s<\/span><\/a><\/div><\/div><\/div><\/div><\/article><article class=\"wpr-grid-item elementor-clearfix post-3879 post type-post status-publish format-standard hentry category-recomendaciones-2016\"><div class=\"wpr-grid-item-inner\"><div class=\"wpr-grid-media-wrap wpr-effect-size-medium \" data-overlay-link=\"yes\"><div class=\"wpr-grid-media-hover wpr-animation-wrap\"><div class=\"wpr-grid-media-hover-bg  wpr-overlay-fade-in wpr-anim-size-large wpr-anim-timing-ease-default wpr-anim-transparency\" data-url=\"https:\/\/defensoriaparana.com.ar\/index.php\/2023\/01\/10\/servicio-de-colectivos-recomendacion-para-que-se-convoque-a-licitacion-publica\/\"><\/div><\/div><\/div><div class=\"wpr-grid-item-below-content elementor-clearfix\"><h2 class=\"wpr-grid-item-title elementor-repeater-item-0a1a05e wpr-grid-item-display-block wpr-grid-item-align-left wpr-pointer-none wpr-pointer-line-fx wpr-pointer-fx-fade\"><div class=\"inner-block\"><a href=\"https:\/\/defensoriaparana.com.ar\/index.php\/2023\/01\/10\/servicio-de-colectivos-recomendacion-para-que-se-convoque-a-licitacion-publica\/\" class=\"wpr-pointer-item\">(2016) Servicio de colectivos: recomendaci\u00f3n para que se convoque a licitaci\u00f3n p\u00fablica<\/a><\/div><\/h2><div class=\"wpr-grid-item-excerpt elementor-repeater-item-bebbb1b wpr-grid-item-display-block wpr-grid-item-align-left\"><div class=\"inner-block\"><p>Resoluci\u00f3n del 18\/01\/2016 con RECOMENDACI\u00d3N N\u00ba 01\/16 al Sr. Presidente Municipal de la Ciudad de Paran\u00e1. \u00a0 Recomendaci\u00f3n en relaci\u00f3n&hellip;<\/p><\/div><\/div><div class=\"wpr-grid-item-read-more elementor-repeater-item-90953c2 wpr-grid-item-display-block wpr-grid-item-align-left\"><div class=\"inner-block\"><a href=\"https:\/\/defensoriaparana.com.ar\/index.php\/2023\/01\/10\/servicio-de-colectivos-recomendacion-para-que-se-convoque-a-licitacion-publica\/\" class=\"wpr-button-effect wpr-button-none\"><span>Leer m\u00e1s<\/span><\/a><\/div><\/div><\/div><\/div><\/article><article class=\"wpr-grid-item elementor-clearfix post-3875 post type-post status-publish format-standard hentry category-recomendaciones-2015\"><div class=\"wpr-grid-item-inner\"><div class=\"wpr-grid-media-wrap wpr-effect-size-medium \" data-overlay-link=\"yes\"><div class=\"wpr-grid-media-hover wpr-animation-wrap\"><div class=\"wpr-grid-media-hover-bg  wpr-overlay-fade-in wpr-anim-size-large wpr-anim-timing-ease-default wpr-anim-transparency\" data-url=\"https:\/\/defensoriaparana.com.ar\/index.php\/2023\/01\/10\/programa-de-asistencia-integral-para-personas-en-situacion-de-calle\/\"><\/div><\/div><\/div><div class=\"wpr-grid-item-below-content elementor-clearfix\"><h2 class=\"wpr-grid-item-title elementor-repeater-item-0a1a05e wpr-grid-item-display-block wpr-grid-item-align-left wpr-pointer-none wpr-pointer-line-fx wpr-pointer-fx-fade\"><div class=\"inner-block\"><a href=\"https:\/\/defensoriaparana.com.ar\/index.php\/2023\/01\/10\/programa-de-asistencia-integral-para-personas-en-situacion-de-calle\/\" class=\"wpr-pointer-item\">(2015) Programa de Asistencia Integral para Personas en Situaci\u00f3n de Calle<\/a><\/div><\/h2><div class=\"wpr-grid-item-excerpt elementor-repeater-item-bebbb1b wpr-grid-item-display-block wpr-grid-item-align-left\"><div class=\"inner-block\"><p>Resoluci\u00f3n del 14\/04\/2015 con RECOMENDACI\u00d3N N\u00ba 2\/15 a la Sra. Presidenta Municipal de Paran\u00e1 \u00a0 Recomendaci\u00f3n para la puesta en&hellip;<\/p><\/div><\/div><div class=\"wpr-grid-item-read-more elementor-repeater-item-90953c2 wpr-grid-item-display-block wpr-grid-item-align-left\"><div class=\"inner-block\"><a href=\"https:\/\/defensoriaparana.com.ar\/index.php\/2023\/01\/10\/programa-de-asistencia-integral-para-personas-en-situacion-de-calle\/\" class=\"wpr-button-effect wpr-button-none\"><span>Leer m\u00e1s<\/span><\/a><\/div><\/div><\/div><\/div><\/article><article class=\"wpr-grid-item elementor-clearfix post-3868 post type-post status-publish format-standard hentry category-recomendaciones-2016\"><div class=\"wpr-grid-item-inner\"><div class=\"wpr-grid-media-wrap wpr-effect-size-medium \" data-overlay-link=\"yes\"><div class=\"wpr-grid-media-hover wpr-animation-wrap\"><div class=\"wpr-grid-media-hover-bg  wpr-overlay-fade-in wpr-anim-size-large wpr-anim-timing-ease-default wpr-anim-transparency\" data-url=\"https:\/\/defensoriaparana.com.ar\/index.php\/2023\/01\/10\/colectivos-el-servicio-debe-contar-con-unidades-accesibles-a-personas-con-discapacidad-motriz\/\"><\/div><\/div><\/div><div class=\"wpr-grid-item-below-content elementor-clearfix\"><h2 class=\"wpr-grid-item-title elementor-repeater-item-0a1a05e wpr-grid-item-display-block wpr-grid-item-align-left wpr-pointer-none wpr-pointer-line-fx wpr-pointer-fx-fade\"><div class=\"inner-block\"><a href=\"https:\/\/defensoriaparana.com.ar\/index.php\/2023\/01\/10\/colectivos-el-servicio-debe-contar-con-unidades-accesibles-a-personas-con-discapacidad-motriz\/\" class=\"wpr-pointer-item\">(2016) Servicio de colectivos: incorporaci\u00f3n de unidades accesibles a personas con discapacidad motriz<\/a><\/div><\/h2><div class=\"wpr-grid-item-excerpt elementor-repeater-item-bebbb1b wpr-grid-item-display-block wpr-grid-item-align-left\"><div class=\"inner-block\"><p>Resoluci\u00f3n del 06\/09\/16 con RECOMENDACI\u00d3N N\u00ba 3\/2016 al Departamento Ejecutivo de la Municipalidad de Paran\u00e1 &nbsp; Recomendaci\u00f3n instando\u00a0 al Departamento&hellip;<\/p><\/div><\/div><div class=\"wpr-grid-item-read-more elementor-repeater-item-90953c2 wpr-grid-item-display-block wpr-grid-item-align-left\"><div class=\"inner-block\"><a href=\"https:\/\/defensoriaparana.com.ar\/index.php\/2023\/01\/10\/colectivos-el-servicio-debe-contar-con-unidades-accesibles-a-personas-con-discapacidad-motriz\/\" class=\"wpr-button-effect wpr-button-none\"><span>Leer m\u00e1s<\/span><\/a><\/div><\/div><\/div><\/div><\/article><article class=\"wpr-grid-item elementor-clearfix post-3866 post type-post status-publish format-standard hentry category-recomendaciones-2017\"><div class=\"wpr-grid-item-inner\"><div class=\"wpr-grid-media-wrap wpr-effect-size-medium \" data-overlay-link=\"yes\"><div class=\"wpr-grid-media-hover wpr-animation-wrap\"><div class=\"wpr-grid-media-hover-bg  wpr-overlay-fade-in wpr-anim-size-large wpr-anim-timing-ease-default wpr-anim-transparency\" data-url=\"https:\/\/defensoriaparana.com.ar\/index.php\/2023\/01\/10\/situacion-del-habitat-en-la-villa-351\/\"><\/div><\/div><\/div><div class=\"wpr-grid-item-below-content elementor-clearfix\"><h2 class=\"wpr-grid-item-title elementor-repeater-item-0a1a05e wpr-grid-item-display-block wpr-grid-item-align-left wpr-pointer-none wpr-pointer-line-fx wpr-pointer-fx-fade\"><div class=\"inner-block\"><a href=\"https:\/\/defensoriaparana.com.ar\/index.php\/2023\/01\/10\/situacion-del-habitat-en-la-villa-351\/\" class=\"wpr-pointer-item\">(2017) Situaci\u00f3n del h\u00e1bitat de familias en la Villa 351<\/a><\/div><\/h2><div class=\"wpr-grid-item-excerpt elementor-repeater-item-bebbb1b wpr-grid-item-display-block wpr-grid-item-align-left\"><div class=\"inner-block\"><p>RECOMENDACI\u00d3N N\u00ba 1\/17 al Sr. Presidente Municipal de la Ciudad de Paran\u00e1. &nbsp; Recomendaci\u00f3n en relaci\u00f3n a la situaci\u00f3n del&hellip;<\/p><\/div><\/div><div class=\"wpr-grid-item-read-more elementor-repeater-item-90953c2 wpr-grid-item-display-block wpr-grid-item-align-left\"><div class=\"inner-block\"><a href=\"https:\/\/defensoriaparana.com.ar\/index.php\/2023\/01\/10\/situacion-del-habitat-en-la-villa-351\/\" class=\"wpr-button-effect wpr-button-none\"><span>Leer m\u00e1s<\/span><\/a><\/div><\/div><\/div><\/div><\/article><article class=\"wpr-grid-item elementor-clearfix post-3863 post type-post status-publish format-standard hentry category-recomendaciones-2018\"><div class=\"wpr-grid-item-inner\"><div class=\"wpr-grid-media-wrap wpr-effect-size-medium \" data-overlay-link=\"yes\"><div class=\"wpr-grid-media-hover wpr-animation-wrap\"><div class=\"wpr-grid-media-hover-bg  wpr-overlay-fade-in wpr-anim-size-large wpr-anim-timing-ease-default wpr-anim-transparency\" data-url=\"https:\/\/defensoriaparana.com.ar\/index.php\/2023\/01\/10\/facturacion-del-servicio-de-provision-de-agua-potable\/\"><\/div><\/div><\/div><div class=\"wpr-grid-item-below-content elementor-clearfix\"><h2 class=\"wpr-grid-item-title elementor-repeater-item-0a1a05e wpr-grid-item-display-block wpr-grid-item-align-left wpr-pointer-none wpr-pointer-line-fx wpr-pointer-fx-fade\"><div class=\"inner-block\"><a href=\"https:\/\/defensoriaparana.com.ar\/index.php\/2023\/01\/10\/facturacion-del-servicio-de-provision-de-agua-potable\/\" class=\"wpr-pointer-item\">(2018) Facturaci\u00f3n del servicio de provisi\u00f3n de agua potable<\/a><\/div><\/h2><div class=\"wpr-grid-item-excerpt elementor-repeater-item-bebbb1b wpr-grid-item-display-block wpr-grid-item-align-left\"><div class=\"inner-block\"><p>\u00a0 Resoluci\u00f3n del 28\/06\/2018 con RECOMENDACI\u00d3N N\u00ba 1\/2018 al Sr. Presidente Municipal de la Ciudad de Paran\u00e1. \u00a0 Recomendaci\u00f3n en&hellip;<\/p><\/div><\/div><div class=\"wpr-grid-item-read-more elementor-repeater-item-90953c2 wpr-grid-item-display-block wpr-grid-item-align-left\"><div class=\"inner-block\"><a href=\"https:\/\/defensoriaparana.com.ar\/index.php\/2023\/01\/10\/facturacion-del-servicio-de-provision-de-agua-potable\/\" class=\"wpr-button-effect wpr-button-none\"><span>Leer m\u00e1s<\/span><\/a><\/div><\/div><\/div><\/div><\/article><article class=\"wpr-grid-item elementor-clearfix post-3861 post type-post status-publish format-standard hentry category-recomendaciones-2018\"><div class=\"wpr-grid-item-inner\"><div class=\"wpr-grid-media-wrap wpr-effect-size-medium \" data-overlay-link=\"yes\"><div class=\"wpr-grid-media-hover wpr-animation-wrap\"><div class=\"wpr-grid-media-hover-bg  wpr-overlay-fade-in wpr-anim-size-large wpr-anim-timing-ease-default wpr-anim-transparency\" data-url=\"https:\/\/defensoriaparana.com.ar\/index.php\/2023\/01\/10\/presupuesto-participativo\/\"><\/div><\/div><\/div><div class=\"wpr-grid-item-below-content elementor-clearfix\"><h2 class=\"wpr-grid-item-title elementor-repeater-item-0a1a05e wpr-grid-item-display-block wpr-grid-item-align-left wpr-pointer-none wpr-pointer-line-fx wpr-pointer-fx-fade\"><div class=\"inner-block\"><a href=\"https:\/\/defensoriaparana.com.ar\/index.php\/2023\/01\/10\/presupuesto-participativo\/\" class=\"wpr-pointer-item\">(2018) Aplicaci\u00f3n del Presupuesto Participativo<\/a><\/div><\/h2><div class=\"wpr-grid-item-excerpt elementor-repeater-item-bebbb1b wpr-grid-item-display-block wpr-grid-item-align-left\"><div class=\"inner-block\"><p>Resoluci\u00f3n del 1\u00ba\/08\/2018 con RECOMENDACI\u00d3N N\u00ba 2\/2018 al Sr. Presidente Municipal de la Ciudad de Paran\u00e1. \u00a0 Recomendaci\u00f3n en relaci\u00f3n&hellip;<\/p><\/div><\/div><div class=\"wpr-grid-item-read-more elementor-repeater-item-90953c2 wpr-grid-item-display-block wpr-grid-item-align-left\"><div class=\"inner-block\"><a href=\"https:\/\/defensoriaparana.com.ar\/index.php\/2023\/01\/10\/presupuesto-participativo\/\" class=\"wpr-button-effect wpr-button-none\"><span>Leer m\u00e1s<\/span><\/a><\/div><\/div><\/div><\/div><\/article><article class=\"wpr-grid-item elementor-clearfix post-2104 post type-post status-publish format-standard hentry category-recomendaciones-2011\"><div class=\"wpr-grid-item-inner\"><div class=\"wpr-grid-media-wrap wpr-effect-size-medium \" data-overlay-link=\"yes\"><div class=\"wpr-grid-media-hover wpr-animation-wrap\"><div class=\"wpr-grid-media-hover-bg  wpr-overlay-fade-in wpr-anim-size-large wpr-anim-timing-ease-default wpr-anim-transparency\" data-url=\"https:\/\/defensoriaparana.com.ar\/index.php\/2022\/07\/09\/derecho-a-la-informacion-publica\/\"><\/div><\/div><\/div><div class=\"wpr-grid-item-below-content elementor-clearfix\"><h2 class=\"wpr-grid-item-title elementor-repeater-item-0a1a05e wpr-grid-item-display-block wpr-grid-item-align-left wpr-pointer-none wpr-pointer-line-fx wpr-pointer-fx-fade\"><div class=\"inner-block\"><a href=\"https:\/\/defensoriaparana.com.ar\/index.php\/2022\/07\/09\/derecho-a-la-informacion-publica\/\" class=\"wpr-pointer-item\">(2011) Derecho a la Informaci\u00f3n P\u00fablica<\/a><\/div><\/h2><div class=\"wpr-grid-item-read-more elementor-repeater-item-90953c2 wpr-grid-item-display-block wpr-grid-item-align-left\"><div class=\"inner-block\"><a href=\"https:\/\/defensoriaparana.com.ar\/index.php\/2022\/07\/09\/derecho-a-la-informacion-publica\/\" class=\"wpr-button-effect wpr-button-none\"><span>Leer m\u00e1s<\/span><\/a><\/div><\/div><\/div><\/div><\/article><article class=\"wpr-grid-item elementor-clearfix post-2103 post type-post status-publish format-standard hentry category-recomendaciones-2013\"><div class=\"wpr-grid-item-inner\"><div class=\"wpr-grid-media-wrap wpr-effect-size-medium \" data-overlay-link=\"yes\"><div class=\"wpr-grid-media-hover wpr-animation-wrap\"><div class=\"wpr-grid-media-hover-bg  wpr-overlay-fade-in wpr-anim-size-large wpr-anim-timing-ease-default wpr-anim-transparency\" data-url=\"https:\/\/defensoriaparana.com.ar\/index.php\/2022\/07\/09\/recomendacion-sobre-los-ciudadanos-en-situacion-de-calle\/\"><\/div><\/div><\/div><div class=\"wpr-grid-item-below-content elementor-clearfix\"><h2 class=\"wpr-grid-item-title elementor-repeater-item-0a1a05e wpr-grid-item-display-block wpr-grid-item-align-left wpr-pointer-none wpr-pointer-line-fx wpr-pointer-fx-fade\"><div class=\"inner-block\"><a href=\"https:\/\/defensoriaparana.com.ar\/index.php\/2022\/07\/09\/recomendacion-sobre-los-ciudadanos-en-situacion-de-calle\/\" class=\"wpr-pointer-item\">(2013) Pedido para que se aborde la situaci\u00f3n de las personas que viven en la calle<\/a><\/div><\/h2><div class=\"wpr-grid-item-read-more elementor-repeater-item-90953c2 wpr-grid-item-display-block wpr-grid-item-align-left\"><div class=\"inner-block\"><a href=\"https:\/\/defensoriaparana.com.ar\/index.php\/2022\/07\/09\/recomendacion-sobre-los-ciudadanos-en-situacion-de-calle\/\" class=\"wpr-button-effect wpr-button-none\"><span>Leer m\u00e1s<\/span><\/a><\/div><\/div><\/div><\/div><\/article><article class=\"wpr-grid-item elementor-clearfix post-2102 post type-post status-publish format-standard hentry category-recomendaciones-2011\"><div class=\"wpr-grid-item-inner\"><div class=\"wpr-grid-media-wrap wpr-effect-size-medium \" data-overlay-link=\"yes\"><div class=\"wpr-grid-media-hover wpr-animation-wrap\"><div class=\"wpr-grid-media-hover-bg  wpr-overlay-fade-in wpr-anim-size-large wpr-anim-timing-ease-default wpr-anim-transparency\" data-url=\"https:\/\/defensoriaparana.com.ar\/index.php\/2022\/07\/09\/discapacidadvalidez-del-certificado-nacional-en-el-transporte-publico\/\"><\/div><\/div><\/div><div class=\"wpr-grid-item-below-content elementor-clearfix\"><h2 class=\"wpr-grid-item-title elementor-repeater-item-0a1a05e wpr-grid-item-display-block wpr-grid-item-align-left wpr-pointer-none wpr-pointer-line-fx wpr-pointer-fx-fade\"><div class=\"inner-block\"><a href=\"https:\/\/defensoriaparana.com.ar\/index.php\/2022\/07\/09\/discapacidadvalidez-del-certificado-nacional-en-el-transporte-publico\/\" class=\"wpr-pointer-item\">(2011) Servicio de colectivo: validez del certificado nacional de discapacidad<\/a><\/div><\/h2><div class=\"wpr-grid-item-read-more elementor-repeater-item-90953c2 wpr-grid-item-display-block wpr-grid-item-align-left\"><div class=\"inner-block\"><a href=\"https:\/\/defensoriaparana.com.ar\/index.php\/2022\/07\/09\/discapacidadvalidez-del-certificado-nacional-en-el-transporte-publico\/\" class=\"wpr-button-effect wpr-button-none\"><span>Leer m\u00e1s<\/span><\/a><\/div><\/div><\/div><\/div><\/article><article class=\"wpr-grid-item elementor-clearfix post-2101 post type-post status-publish format-standard hentry category-recomendaciones-2012\"><div class=\"wpr-grid-item-inner\"><div class=\"wpr-grid-media-wrap wpr-effect-size-medium \" data-overlay-link=\"yes\"><div class=\"wpr-grid-media-hover wpr-animation-wrap\"><div class=\"wpr-grid-media-hover-bg  wpr-overlay-fade-in wpr-anim-size-large wpr-anim-timing-ease-default wpr-anim-transparency\" data-url=\"https:\/\/defensoriaparana.com.ar\/index.php\/2022\/07\/09\/situacion-del-habitat-en-la-ciudad\/\"><\/div><\/div><\/div><div class=\"wpr-grid-item-below-content elementor-clearfix\"><h2 class=\"wpr-grid-item-title elementor-repeater-item-0a1a05e wpr-grid-item-display-block wpr-grid-item-align-left wpr-pointer-none wpr-pointer-line-fx wpr-pointer-fx-fade\"><div class=\"inner-block\"><a href=\"https:\/\/defensoriaparana.com.ar\/index.php\/2022\/07\/09\/situacion-del-habitat-en-la-ciudad\/\" class=\"wpr-pointer-item\">(2012) Situaci\u00f3n del h\u00e1bitat en la ciudad<\/a><\/div><\/h2><div class=\"wpr-grid-item-read-more elementor-repeater-item-90953c2 wpr-grid-item-display-block wpr-grid-item-align-left\"><div class=\"inner-block\"><a href=\"https:\/\/defensoriaparana.com.ar\/index.php\/2022\/07\/09\/situacion-del-habitat-en-la-ciudad\/\" class=\"wpr-button-effect wpr-button-none\"><span>Leer m\u00e1s<\/span><\/a><\/div><\/div><\/div><\/div><\/article><article class=\"wpr-grid-item elementor-clearfix post-2100 post type-post status-publish format-standard hentry category-recomendaciones-2011\"><div class=\"wpr-grid-item-inner\"><div class=\"wpr-grid-media-wrap wpr-effect-size-medium \" data-overlay-link=\"yes\"><div class=\"wpr-grid-media-hover wpr-animation-wrap\"><div class=\"wpr-grid-media-hover-bg  wpr-overlay-fade-in wpr-anim-size-large wpr-anim-timing-ease-default wpr-anim-transparency\" data-url=\"https:\/\/defensoriaparana.com.ar\/index.php\/2022\/07\/09\/recomendacion-por-venta-de-loteos\/\"><\/div><\/div><\/div><div class=\"wpr-grid-item-below-content elementor-clearfix\"><h2 class=\"wpr-grid-item-title elementor-repeater-item-0a1a05e wpr-grid-item-display-block wpr-grid-item-align-left wpr-pointer-none wpr-pointer-line-fx wpr-pointer-fx-fade\"><div class=\"inner-block\"><a href=\"https:\/\/defensoriaparana.com.ar\/index.php\/2022\/07\/09\/recomendacion-por-venta-de-loteos\/\" class=\"wpr-pointer-item\">(2011) Venta de loteos: pedido de difusi\u00f3n de condiciones<\/a><\/div><\/h2><div class=\"wpr-grid-item-read-more elementor-repeater-item-90953c2 wpr-grid-item-display-block wpr-grid-item-align-left\"><div class=\"inner-block\"><a href=\"https:\/\/defensoriaparana.com.ar\/index.php\/2022\/07\/09\/recomendacion-por-venta-de-loteos\/\" class=\"wpr-button-effect wpr-button-none\"><span>Leer m\u00e1s<\/span><\/a><\/div><\/div><\/div><\/div><\/article><article class=\"wpr-grid-item elementor-clearfix post-2098 post type-post status-publish format-standard hentry category-recomendaciones-2010\"><div class=\"wpr-grid-item-inner\"><div class=\"wpr-grid-media-wrap wpr-effect-size-medium \" data-overlay-link=\"yes\"><div class=\"wpr-grid-media-hover wpr-animation-wrap\"><div class=\"wpr-grid-media-hover-bg  wpr-overlay-fade-in wpr-anim-size-large wpr-anim-timing-ease-default wpr-anim-transparency\" data-url=\"https:\/\/defensoriaparana.com.ar\/index.php\/2022\/07\/09\/chatarreria-todoni\/\"><\/div><\/div><\/div><div class=\"wpr-grid-item-below-content elementor-clearfix\"><h2 class=\"wpr-grid-item-title elementor-repeater-item-0a1a05e wpr-grid-item-display-block wpr-grid-item-align-left wpr-pointer-none wpr-pointer-line-fx wpr-pointer-fx-fade\"><div class=\"inner-block\"><a href=\"https:\/\/defensoriaparana.com.ar\/index.php\/2022\/07\/09\/chatarreria-todoni\/\" class=\"wpr-pointer-item\">(2010) Chatarrer\u00eda Todoni<\/a><\/div><\/h2><div class=\"wpr-grid-item-read-more elementor-repeater-item-90953c2 wpr-grid-item-display-block wpr-grid-item-align-left\"><div class=\"inner-block\"><a href=\"https:\/\/defensoriaparana.com.ar\/index.php\/2022\/07\/09\/chatarreria-todoni\/\" class=\"wpr-button-effect wpr-button-none\"><span>Leer m\u00e1s<\/span><\/a><\/div><\/div><\/div><\/div><\/article><article class=\"wpr-grid-item elementor-clearfix post-2097 post type-post status-publish format-standard hentry category-recomendaciones-2009\"><div class=\"wpr-grid-item-inner\"><div class=\"wpr-grid-media-wrap wpr-effect-size-medium \" data-overlay-link=\"yes\"><div class=\"wpr-grid-media-hover wpr-animation-wrap\"><div class=\"wpr-grid-media-hover-bg  wpr-overlay-fade-in wpr-anim-size-large wpr-anim-timing-ease-default wpr-anim-transparency\" data-url=\"https:\/\/defensoriaparana.com.ar\/index.php\/2022\/07\/09\/oferta-jardines-maternales\/\"><\/div><\/div><\/div><div class=\"wpr-grid-item-below-content elementor-clearfix\"><h2 class=\"wpr-grid-item-title elementor-repeater-item-0a1a05e wpr-grid-item-display-block wpr-grid-item-align-left wpr-pointer-none wpr-pointer-line-fx wpr-pointer-fx-fade\"><div class=\"inner-block\"><a href=\"https:\/\/defensoriaparana.com.ar\/index.php\/2022\/07\/09\/oferta-jardines-maternales\/\" class=\"wpr-pointer-item\">(2009) Oferta jardines maternales<\/a><\/div><\/h2><div class=\"wpr-grid-item-read-more elementor-repeater-item-90953c2 wpr-grid-item-display-block wpr-grid-item-align-left\"><div class=\"inner-block\"><a href=\"https:\/\/defensoriaparana.com.ar\/index.php\/2022\/07\/09\/oferta-jardines-maternales\/\" class=\"wpr-button-effect wpr-button-none\"><span>Leer m\u00e1s<\/span><\/a><\/div><\/div><\/div><\/div><\/article><article class=\"wpr-grid-item elementor-clearfix post-2072 post type-post status-publish format-standard hentry category-recomendaciones-2010\"><div class=\"wpr-grid-item-inner\"><div class=\"wpr-grid-media-wrap wpr-effect-size-medium \" data-overlay-link=\"yes\"><div class=\"wpr-grid-media-hover wpr-animation-wrap\"><div class=\"wpr-grid-media-hover-bg  wpr-overlay-fade-in wpr-anim-size-large wpr-anim-timing-ease-default wpr-anim-transparency\" data-url=\"https:\/\/defensoriaparana.com.ar\/index.php\/2022\/07\/09\/ocupacion-de-espacio-publico-barrio-parana-xiii\/\"><\/div><\/div><\/div><div class=\"wpr-grid-item-below-content elementor-clearfix\"><h2 class=\"wpr-grid-item-title elementor-repeater-item-0a1a05e wpr-grid-item-display-block wpr-grid-item-align-left wpr-pointer-none wpr-pointer-line-fx wpr-pointer-fx-fade\"><div class=\"inner-block\"><a href=\"https:\/\/defensoriaparana.com.ar\/index.php\/2022\/07\/09\/ocupacion-de-espacio-publico-barrio-parana-xiii\/\" class=\"wpr-pointer-item\">(2010) Ocupaci\u00f3n del espacio p\u00fablico en barrio Paran\u00e1 XIII<\/a><\/div><\/h2><div class=\"wpr-grid-item-read-more elementor-repeater-item-90953c2 wpr-grid-item-display-block wpr-grid-item-align-left\"><div class=\"inner-block\"><a href=\"https:\/\/defensoriaparana.com.ar\/index.php\/2022\/07\/09\/ocupacion-de-espacio-publico-barrio-parana-xiii\/\" class=\"wpr-button-effect wpr-button-none\"><span>Leer m\u00e1s<\/span><\/a><\/div><\/div><\/div><\/div><\/article><article class=\"wpr-grid-item elementor-clearfix post-2071 post type-post status-publish format-standard hentry category-recomendaciones-2009\"><div class=\"wpr-grid-item-inner\"><div class=\"wpr-grid-media-wrap wpr-effect-size-medium \" data-overlay-link=\"yes\"><div class=\"wpr-grid-media-hover wpr-animation-wrap\"><div class=\"wpr-grid-media-hover-bg  wpr-overlay-fade-in wpr-anim-size-large wpr-anim-timing-ease-default wpr-anim-transparency\" data-url=\"https:\/\/defensoriaparana.com.ar\/index.php\/2022\/07\/09\/instalacion-de-un-hipermercado\/\"><\/div><\/div><\/div><div class=\"wpr-grid-item-below-content elementor-clearfix\"><h2 class=\"wpr-grid-item-title elementor-repeater-item-0a1a05e wpr-grid-item-display-block wpr-grid-item-align-left wpr-pointer-none wpr-pointer-line-fx wpr-pointer-fx-fade\"><div class=\"inner-block\"><a href=\"https:\/\/defensoriaparana.com.ar\/index.php\/2022\/07\/09\/instalacion-de-un-hipermercado\/\" class=\"wpr-pointer-item\">(2009) Instalaci\u00f3n de un hipermercado<\/a><\/div><\/h2><div class=\"wpr-grid-item-read-more elementor-repeater-item-90953c2 wpr-grid-item-display-block wpr-grid-item-align-left\"><div class=\"inner-block\"><a href=\"https:\/\/defensoriaparana.com.ar\/index.php\/2022\/07\/09\/instalacion-de-un-hipermercado\/\" class=\"wpr-button-effect wpr-button-none\"><span>Leer m\u00e1s<\/span><\/a><\/div><\/div><\/div><\/div><\/article><article class=\"wpr-grid-item elementor-clearfix post-2069 post type-post status-publish format-standard hentry category-recomendaciones-2009\"><div class=\"wpr-grid-item-inner\"><div class=\"wpr-grid-media-wrap wpr-effect-size-medium \" data-overlay-link=\"yes\"><div class=\"wpr-grid-media-hover wpr-animation-wrap\"><div class=\"wpr-grid-media-hover-bg  wpr-overlay-fade-in wpr-anim-size-large wpr-anim-timing-ease-default wpr-anim-transparency\" data-url=\"https:\/\/defensoriaparana.com.ar\/index.php\/2022\/07\/09\/prevencion-de-abuso-en-ninos\/\"><\/div><\/div><\/div><div class=\"wpr-grid-item-below-content elementor-clearfix\"><h2 class=\"wpr-grid-item-title elementor-repeater-item-0a1a05e wpr-grid-item-display-block wpr-grid-item-align-left wpr-pointer-none wpr-pointer-line-fx wpr-pointer-fx-fade\"><div class=\"inner-block\"><a href=\"https:\/\/defensoriaparana.com.ar\/index.php\/2022\/07\/09\/prevencion-de-abuso-en-ninos\/\" class=\"wpr-pointer-item\">(2009) Derecho de los ni\u00f1os, ni\u00f1as y adolescentes<\/a><\/div><\/h2><div class=\"wpr-grid-item-read-more elementor-repeater-item-90953c2 wpr-grid-item-display-block wpr-grid-item-align-left\"><div class=\"inner-block\"><a href=\"https:\/\/defensoriaparana.com.ar\/index.php\/2022\/07\/09\/prevencion-de-abuso-en-ninos\/\" class=\"wpr-button-effect wpr-button-none\"><span>Leer m\u00e1s<\/span><\/a><\/div><\/div><\/div><\/div><\/article><article class=\"wpr-grid-item elementor-clearfix post-2063 post type-post status-publish format-standard hentry category-recomendaciones-2021\"><div class=\"wpr-grid-item-inner\"><div class=\"wpr-grid-media-wrap wpr-effect-size-medium \" data-overlay-link=\"yes\"><div class=\"wpr-grid-media-hover wpr-animation-wrap\"><div class=\"wpr-grid-media-hover-bg  wpr-overlay-fade-in wpr-anim-size-large wpr-anim-timing-ease-default wpr-anim-transparency\" data-url=\"https:\/\/defensoriaparana.com.ar\/index.php\/2022\/07\/09\/recomendaciones-de-2021\/\"><\/div><\/div><\/div><div class=\"wpr-grid-item-below-content elementor-clearfix\"><h2 class=\"wpr-grid-item-title elementor-repeater-item-0a1a05e wpr-grid-item-display-block wpr-grid-item-align-left wpr-pointer-none wpr-pointer-line-fx wpr-pointer-fx-fade\"><div class=\"inner-block\"><a href=\"https:\/\/defensoriaparana.com.ar\/index.php\/2022\/07\/09\/recomendaciones-de-2021\/\" class=\"wpr-pointer-item\">(2021) Propiciar la participaci\u00f3n ciudadana para el desarrollo de los proyectos de obra y pol\u00edticas p\u00fablicas<\/a><\/div><\/h2><div class=\"wpr-grid-item-read-more elementor-repeater-item-90953c2 wpr-grid-item-display-block wpr-grid-item-align-left\"><div class=\"inner-block\"><a href=\"https:\/\/defensoriaparana.com.ar\/index.php\/2022\/07\/09\/recomendaciones-de-2021\/\" class=\"wpr-button-effect wpr-button-none\"><span>Leer m\u00e1s<\/span><\/a><\/div><\/div><\/div><\/div><\/article><article class=\"wpr-grid-item elementor-clearfix post-4033 post type-post status-publish format-standard hentry category-recomendaciones-2022\"><div class=\"wpr-grid-item-inner\"><div class=\"wpr-grid-media-wrap wpr-effect-size-medium \" data-overlay-link=\"yes\"><div class=\"wpr-grid-media-hover wpr-animation-wrap\"><div class=\"wpr-grid-media-hover-bg  wpr-overlay-fade-in wpr-anim-size-large wpr-anim-timing-ease-default wpr-anim-transparency\" data-url=\"https:\/\/defensoriaparana.com.ar\/index.php\/2022\/07\/08\/2022-perspectiva-de-los-derechos-de-las-personas-mayores-en-acciones-y-proyectos-del-estado\/\"><\/div><\/div><\/div><div class=\"wpr-grid-item-below-content elementor-clearfix\"><h2 class=\"wpr-grid-item-title elementor-repeater-item-0a1a05e wpr-grid-item-display-block wpr-grid-item-align-left wpr-pointer-none wpr-pointer-line-fx wpr-pointer-fx-fade\"><div class=\"inner-block\"><a href=\"https:\/\/defensoriaparana.com.ar\/index.php\/2022\/07\/08\/2022-perspectiva-de-los-derechos-de-las-personas-mayores-en-acciones-y-proyectos-del-estado\/\" class=\"wpr-pointer-item\">(2022) Perspectiva de los derechos de las personas mayores en acciones y proyectos del Estado<\/a><\/div><\/h2><div class=\"wpr-grid-item-excerpt elementor-repeater-item-bebbb1b wpr-grid-item-display-block wpr-grid-item-align-left\"><div class=\"inner-block\"><p>Paran\u00e1, 8 de Julio 2022 Recomendaci\u00f3n N\u00b01\/2022 Recomendaci\u00f3n en relaci\u00f3n a los Derechos Humanos de las Personas Mayores y la&hellip;<\/p><\/div><\/div><div class=\"wpr-grid-item-read-more elementor-repeater-item-90953c2 wpr-grid-item-display-block wpr-grid-item-align-left\"><div class=\"inner-block\"><a href=\"https:\/\/defensoriaparana.com.ar\/index.php\/2022\/07\/08\/2022-perspectiva-de-los-derechos-de-las-personas-mayores-en-acciones-y-proyectos-del-estado\/\" class=\"wpr-button-effect wpr-button-none\"><span>Leer m\u00e1s<\/span><\/a><\/div><\/div><\/div><\/div><\/article><\/section>\t\t<\/div>\n\t\t\t\t<\/div>\n\t\t\t\t\t<\/div>\n\t\t<\/div>\n\t\t\t\t\t\t\t<\/div>\n\t\t<\/section>\n\t\t\t\t\t\t\t<\/div>\n\t\t","protected":false},"excerpt":{"rendered":"<p>&nbsp; &nbsp; Recomendaciones 2021 Recomendaciones 2014 Recomendaciones 2013 Recomendaciones 2012 Recomendaciones 2011 Recomendaciones 2007 Recomendaciones 2006 Recomendaciones 2005 Recomendaciones 2004 Recomendaciones 2022 Recomendaciones 2010 Recomendaciones 2003 Recomendaciones 2009 Recomendaciones 2016 Recomendaciones 2017 Recomendaciones 2018 Recomendaciones 2015 (2021) Situaci\u00f3n y estado de calle Juan B. Justo Paran\u00e1, 14 de Julio de 2021 Se\u00f1or Presidente Municipal de [&hellip;]<\/p>\n","protected":false},"author":1,"featured_media":0,"parent":0,"menu_order":0,"comment_status":"closed","ping_status":"closed","template":"","meta":{"om_disable_all_campaigns":false,"_monsterinsights_skip_tracking":false,"_monsterinsights_sitenote_active":false,"_monsterinsights_sitenote_note":"","_monsterinsights_sitenote_category":0},"_links":{"self":[{"href":"https:\/\/defensoriaparana.com.ar\/index.php\/wp-json\/wp\/v2\/pages\/1830"}],"collection":[{"href":"https:\/\/defensoriaparana.com.ar\/index.php\/wp-json\/wp\/v2\/pages"}],"about":[{"href":"https:\/\/defensoriaparana.com.ar\/index.php\/wp-json\/wp\/v2\/types\/page"}],"author":[{"embeddable":true,"href":"https:\/\/defensoriaparana.com.ar\/index.php\/wp-json\/wp\/v2\/users\/1"}],"replies":[{"embeddable":true,"href":"https:\/\/defensoriaparana.com.ar\/index.php\/wp-json\/wp\/v2\/comments?post=1830"}],"version-history":[{"count":14,"href":"https:\/\/defensoriaparana.com.ar\/index.php\/wp-json\/wp\/v2\/pages\/1830\/revisions"}],"predecessor-version":[{"id":5647,"href":"https:\/\/defensoriaparana.com.ar\/index.php\/wp-json\/wp\/v2\/pages\/1830\/revisions\/5647"}],"wp:attachment":[{"href":"https:\/\/defensoriaparana.com.ar\/index.php\/wp-json\/wp\/v2\/media?parent=1830"}],"curies":[{"name":"wp","href":"https:\/\/api.w.org\/{rel}","templated":true}]}}