{"id":2032,"date":"2022-07-09T13:00:37","date_gmt":"2022-07-09T13:00:37","guid":{"rendered":"http:\/\/defensoriaparana.com.ar\/?page_id=2032"},"modified":"2023-01-17T11:59:40","modified_gmt":"2023-01-17T11:59:40","slug":"cuando-empieza-la-mediacion","status":"publish","type":"page","link":"https:\/\/defensoriaparana.com.ar\/index.php\/centro-de-mediacion-2\/cuando-empieza-la-mediacion\/","title":{"rendered":"C\u00f3mo solicitar una mediaci\u00f3n"},"content":{"rendered":"\t\t<div data-elementor-type=\"wp-page\" data-elementor-id=\"2032\" class=\"elementor elementor-2032\">\n\t\t\t\t\t\t\t\t\t<section class=\"elementor-section elementor-top-section elementor-element elementor-element-34d367d elementor-section-boxed elementor-section-height-default elementor-section-height-default wpr-particle-no wpr-jarallax-no wpr-parallax-no wpr-sticky-section-no\" data-id=\"34d367d\" data-element_type=\"section\">\n\t\t\t\t\t\t<div class=\"elementor-container elementor-column-gap-default\">\n\t\t\t\t\t<div class=\"elementor-column elementor-col-100 elementor-top-column elementor-element elementor-element-1ad308c\" data-id=\"1ad308c\" data-element_type=\"column\">\n\t\t\t<div class=\"elementor-widget-wrap elementor-element-populated\">\n\t\t\t\t\t\t\t\t<div class=\"elementor-element elementor-element-509b7cf elementor-widget elementor-widget-text-editor\" data-id=\"509b7cf\" data-element_type=\"widget\" data-widget_type=\"text-editor.default\">\n\t\t\t\t<div class=\"elementor-widget-container\">\n\t\t\t<style>\/*! elementor - v3.6.5 - 27-04-2022 *\/\n.elementor-widget-text-editor.elementor-drop-cap-view-stacked .elementor-drop-cap{background-color:#818a91;color:#fff}.elementor-widget-text-editor.elementor-drop-cap-view-framed .elementor-drop-cap{color:#818a91;border:3px solid;background-color:transparent}.elementor-widget-text-editor:not(.elementor-drop-cap-view-default) .elementor-drop-cap{margin-top:8px}.elementor-widget-text-editor:not(.elementor-drop-cap-view-default) .elementor-drop-cap-letter{width:1em;height:1em}.elementor-widget-text-editor .elementor-drop-cap{float:left;text-align:center;line-height:1;font-size:50px}.elementor-widget-text-editor .elementor-drop-cap-letter{display:inline-block}<\/style>\t\t\t\t<p><!-- wp:image {\"id\":1855} --><\/p>\n<h2><strong>C\u00f3mo solicitar una mediaci\u00f3n<\/strong><\/h2>\n<div>\u00a0<\/div>\n<p style=\"mso-margin-bottom-alt: auto; line-height: normal;\">Se puede solicitar de manera presencial o mediante las diferentes v\u00edas de comunicaci\u00f3n que tiene el Centro. Se requiere s\u00f3lo de una breve descripci\u00f3n del problema y datos de la persona a convocar (nombre, direcci\u00f3n y tel\u00e9fono).<\/p>\n<p style=\"mso-margin-bottom-alt: auto; line-height: normal;\"><span style=\"font-size: 12.0pt;\">*El Centro de Mediaci\u00f3n funciona en la Defensor\u00eda del Pueblo, en calle H. Yrigoyen 236 de Paran\u00e1. Los n\u00fameros telef\u00f3nicos son (0343) 4211029 &#8211; 4211051, la l\u00ednea de WhatsApp 343 5163712 y la direcci\u00f3n de mail <a href=\"mailto:mediacionparana@hotmail.com\">mediacionparana@hotmail.com<\/a><\/span><\/p>\n<p><strong><span style=\"font-size: 11pt; line-height: 107%; font-family: Roboto,;\">El proceso de mediaci\u00f3n se inicia, adem\u00e1s d<\/span><\/strong><span style=\"font-size: 11pt; line-height: 107%; font-family: Roboto,;\">el pedido espont\u00e1neo de uno de los involucrados en el conflicto, por derivaciones desde el \u00e1mbito judicial, expediente administrativo municipal o de otros organismos.<\/span><\/p>\n<p>\u00a0<\/p>\n<p><!-- \/wp:paragraph --><\/p>\t\t\t\t\t\t<\/div>\n\t\t\t\t<\/div>\n\t\t\t\t\t<\/div>\n\t\t<\/div>\n\t\t\t\t\t\t\t<\/div>\n\t\t<\/section>\n\t\t\t\t\t\t\t<\/div>\n\t\t","protected":false},"excerpt":{"rendered":"","protected":false},"author":1,"featured_media":0,"parent":2019,"menu_order":0,"comment_status":"closed","ping_status":"closed","template":"elementor_canvas","meta":{"om_disable_all_campaigns":false,"_monsterinsights_skip_tracking":false,"_monsterinsights_sitenote_active":false,"_monsterinsights_sitenote_note":"","_monsterinsights_sitenote_category":0},"_links":{"self":[{"href":"https:\/\/defensoriaparana.com.ar\/index.php\/wp-json\/wp\/v2\/pages\/2032"}],"collection":[{"href":"https:\/\/defensoriaparana.com.ar\/index.php\/wp-json\/wp\/v2\/pages"}],"about":[{"href":"https:\/\/defensoriaparana.com.ar\/index.php\/wp-json\/wp\/v2\/types\/page"}],"author":[{"embeddable":true,"href":"https:\/\/defensoriaparana.com.ar\/index.php\/wp-json\/wp\/v2\/users\/1"}],"replies":[{"embeddable":true,"href":"https:\/\/defensoriaparana.com.ar\/index.php\/wp-json\/wp\/v2\/comments?post=2032"}],"version-history":[{"count":14,"href":"https:\/\/defensoriaparana.com.ar\/index.php\/wp-json\/wp\/v2\/pages\/2032\/revisions"}],"predecessor-version":[{"id":4107,"href":"https:\/\/defensoriaparana.com.ar\/index.php\/wp-json\/wp\/v2\/pages\/2032\/revisions\/4107"}],"up":[{"embeddable":true,"href":"https:\/\/defensoriaparana.com.ar\/index.php\/wp-json\/wp\/v2\/pages\/2019"}],"wp:attachment":[{"href":"https:\/\/defensoriaparana.com.ar\/index.php\/wp-json\/wp\/v2\/media?parent=2032"}],"curies":[{"name":"wp","href":"https:\/\/api.w.org\/{rel}","templated":true}]}}