{"id":2578,"date":"2022-07-28T21:12:49","date_gmt":"2022-07-28T21:12:49","guid":{"rendered":"http:\/\/defensoriaparana.com.ar\/?page_id=2578"},"modified":"2025-02-11T16:12:29","modified_gmt":"2025-02-11T16:12:29","slug":"noticias","status":"publish","type":"page","link":"https:\/\/defensoriaparana.com.ar\/index.php\/noticias\/","title":{"rendered":"Noticias"},"content":{"rendered":"\t\t<div data-elementor-type=\"wp-page\" data-elementor-id=\"2578\" class=\"elementor elementor-2578\">\n\t\t\t\t\t\t\t\t\t<section class=\"elementor-section elementor-top-section elementor-element elementor-element-b4a6807 elementor-section-boxed elementor-section-height-default elementor-section-height-default wpr-particle-no wpr-jarallax-no wpr-parallax-no wpr-sticky-section-no\" data-id=\"b4a6807\" data-element_type=\"section\">\n\t\t\t\t\t\t<div class=\"elementor-container elementor-column-gap-default\">\n\t\t\t\t\t<div class=\"elementor-column elementor-col-100 elementor-top-column elementor-element elementor-element-3153e02\" data-id=\"3153e02\" data-element_type=\"column\">\n\t\t\t<div class=\"elementor-widget-wrap elementor-element-populated\">\n\t\t\t\t\t\t\t\t<div class=\"elementor-element elementor-element-2fb9443 elementor-widget elementor-widget-heading\" data-id=\"2fb9443\" data-element_type=\"widget\" data-widget_type=\"heading.default\">\n\t\t\t\t<div class=\"elementor-widget-container\">\n\t\t\t<style>\/*! elementor - v3.6.5 - 27-04-2022 *\/\n.elementor-heading-title{padding:0;margin:0;line-height:1}.elementor-widget-heading .elementor-heading-title[class*=elementor-size-]>a{color:inherit;font-size:inherit;line-height:inherit}.elementor-widget-heading .elementor-heading-title.elementor-size-small{font-size:15px}.elementor-widget-heading .elementor-heading-title.elementor-size-medium{font-size:19px}.elementor-widget-heading .elementor-heading-title.elementor-size-large{font-size:29px}.elementor-widget-heading .elementor-heading-title.elementor-size-xl{font-size:39px}.elementor-widget-heading .elementor-heading-title.elementor-size-xxl{font-size:59px}<\/style><h2 class=\"elementor-heading-title elementor-size-default\">Noticias<\/h2>\t\t<\/div>\n\t\t\t\t<\/div>\n\t\t\t\t<div class=\"elementor-element elementor-element-2d707b5 wpr-grid-columns-3 wpr-grid-columns--tablet2 wpr-grid-columns--mobile1 wpr-grid-pagination-center elementor-widget elementor-widget-wpr-grid\" data-id=\"2d707b5\" data-element_type=\"widget\" data-widget_type=\"wpr-grid.default\">\n\t\t\t\t<div class=\"elementor-widget-container\">\n\t\t\t<ul class=\"wpr-grid-filters elementor-clearfix wpr-grid-filters-sep-right\"><li class=\" wpr-pointer-none wpr-pointer-line-fx wpr-pointer-fx-none\"><span data-filter=\"*\" class=\"wpr-active-filter wpr-pointer-item\">Todas las entradas<\/span><em class=\"wpr-grid-filters-sep\"><\/em><\/li><li class=\" wpr-pointer-none wpr-pointer-line-fx wpr-pointer-fx-none\"><span class=\"wpr-pointer-item\" data-filter=\".category-noticias\">Noticias<\/span><em class=\"wpr-grid-filters-sep\"><\/em><\/li><\/ul><section class=\"wpr-grid elementor-clearfix\" data-settings=\"{&quot;layout&quot;:&quot;fitRows&quot;,&quot;columns_desktop&quot;:3,&quot;gutter_hr&quot;:15,&quot;gutter_vr&quot;:15,&quot;animation&quot;:&quot;default&quot;,&quot;animation_duration&quot;:0.3,&quot;animation_delay&quot;:0.1,&quot;deeplinking&quot;:&quot;&quot;,&quot;filters_linkable&quot;:&quot;no&quot;,&quot;filters_default_filter&quot;:&quot;&quot;,&quot;filters_count&quot;:&quot;&quot;,&quot;filters_hide_empty&quot;:&quot;no&quot;,&quot;filters_animation&quot;:&quot;default&quot;,&quot;filters_animation_duration&quot;:0.3,&quot;filters_animation_delay&quot;:0.1,&quot;pagination_type&quot;:&quot;load-more&quot;,&quot;pagination_max_pages&quot;:50,&quot;lightbox&quot;:{&quot;selector&quot;:&quot;.wpr-grid-image-wrap&quot;,&quot;iframeMaxWidth&quot;:&quot;60%&quot;,&quot;hash&quot;:false,&quot;autoplay&quot;:&quot;true&quot;,&quot;pause&quot;:5000,&quot;progressBar&quot;:&quot;true&quot;,&quot;counter&quot;:&quot;true&quot;,&quot;controls&quot;:&quot;true&quot;,&quot;getCaptionFromTitleOrAlt&quot;:&quot;true&quot;,&quot;thumbnail&quot;:&quot;&quot;,&quot;showThumbByDefault&quot;:&quot;&quot;,&quot;share&quot;:&quot;&quot;,&quot;zoom&quot;:&quot;true&quot;,&quot;fullScreen&quot;:&quot;true&quot;,&quot;download&quot;:&quot;true&quot;}}\"><article class=\"wpr-grid-item elementor-clearfix post-7013 post type-post status-publish format-standard has-post-thumbnail hentry category-noticias\"><div class=\"wpr-grid-item-inner\"><div class=\"wpr-grid-media-wrap wpr-effect-size-medium \" data-overlay-link=\"yes\"><div class=\"wpr-grid-image-wrap\" data-src=\"https:\/\/defensoriaparana.com.ar\/wp-content\/uploads\/2026\/04\/reunion-2.jpg\"><img src=\"https:\/\/defensoriaparana.com.ar\/wp-content\/uploads\/2026\/04\/reunion-2.jpg\" alt=\"La Defensor\u00eda recibi\u00f3 la visita de Jorge Maier: se analizaron proyectos de ley\" class=\"wpr-anim-timing-ease-default\"><\/div><div class=\"wpr-grid-media-hover wpr-animation-wrap\"><div class=\"wpr-grid-media-hover-bg  wpr-overlay-fade-in wpr-anim-size-large wpr-anim-timing-ease-default wpr-anim-transparency\" data-url=\"https:\/\/defensoriaparana.com.ar\/index.php\/2026\/04\/27\/la-defensoria-recibio-la-visita-de-jorge-maier-se-analizaron-proyectos-de-ley\/\"><\/div><\/div><\/div><div class=\"wpr-grid-item-below-content elementor-clearfix\"><h2 class=\"wpr-grid-item-title elementor-repeater-item-61e5d67 wpr-grid-item-display-block wpr-grid-item-align-left wpr-pointer-none wpr-pointer-line-fx wpr-pointer-fx-fade\"><div class=\"inner-block\"><a href=\"https:\/\/defensoriaparana.com.ar\/index.php\/2026\/04\/27\/la-defensoria-recibio-la-visita-de-jorge-maier-se-analizaron-proyectos-de-ley\/\" class=\"wpr-pointer-item\">La Defensor\u00eda recibi\u00f3 la visita de Jorge Maier: se analizaron proyectos de ley<\/a><\/div><\/h2><div class=\"wpr-grid-item-date elementor-repeater-item-4c4b780 wpr-grid-item-display-inline wpr-grid-item-align-left\"><div class=\"inner-block\"><span>abril 27, 2026<span class=\"wpr-grid-extra-text-right\">\/<\/span><\/span><\/div><\/div><div class=\"wpr-grid-item-excerpt elementor-repeater-item-aedd329 wpr-grid-item-display-block wpr-grid-item-align-left\"><div class=\"inner-block\"><p>El Defensor del Pueblo, Lisandro Amavet, y la Defensora de los Derechos de las Personas Mayores, Marcia L\u00f3pez, recibieron este&hellip;<\/p><\/div><\/div><div class=\"wpr-grid-item-read-more elementor-repeater-item-6b801ad wpr-grid-item-display-block wpr-grid-item-align-left\"><div class=\"inner-block\"><a href=\"https:\/\/defensoriaparana.com.ar\/index.php\/2026\/04\/27\/la-defensoria-recibio-la-visita-de-jorge-maier-se-analizaron-proyectos-de-ley\/\" class=\"wpr-button-effect wpr-button-none\"><span>Leer m\u00e1s<\/span><\/a><\/div><\/div><\/div><\/div><\/article><article class=\"wpr-grid-item elementor-clearfix post-6988 post type-post status-publish format-standard has-post-thumbnail hentry category-noticias\"><div class=\"wpr-grid-item-inner\"><div class=\"wpr-grid-media-wrap wpr-effect-size-medium \" data-overlay-link=\"yes\"><div class=\"wpr-grid-image-wrap\" data-src=\"https:\/\/defensoriaparana.com.ar\/wp-content\/uploads\/2026\/04\/c350187b-aa23-44e3-853a-e14e7dbad6d8.jpg\"><img src=\"https:\/\/defensoriaparana.com.ar\/wp-content\/uploads\/2026\/04\/c350187b-aa23-44e3-853a-e14e7dbad6d8.jpg\" alt=\"La Defensor\u00eda del Pueblo recibir\u00e1 consultas y presentaciones ante casos de discriminaci\u00f3n\" class=\"wpr-anim-timing-ease-default\"><\/div><div class=\"wpr-grid-media-hover wpr-animation-wrap\"><div class=\"wpr-grid-media-hover-bg  wpr-overlay-fade-in wpr-anim-size-large wpr-anim-timing-ease-default wpr-anim-transparency\" data-url=\"https:\/\/defensoriaparana.com.ar\/index.php\/2026\/04\/24\/la-defensoria-del-pueblo-recibira-consultas-y-presentaciones-ante-casos-de-discriminacion\/\"><\/div><\/div><\/div><div class=\"wpr-grid-item-below-content elementor-clearfix\"><h2 class=\"wpr-grid-item-title elementor-repeater-item-61e5d67 wpr-grid-item-display-block wpr-grid-item-align-left wpr-pointer-none wpr-pointer-line-fx wpr-pointer-fx-fade\"><div class=\"inner-block\"><a href=\"https:\/\/defensoriaparana.com.ar\/index.php\/2026\/04\/24\/la-defensoria-del-pueblo-recibira-consultas-y-presentaciones-ante-casos-de-discriminacion\/\" class=\"wpr-pointer-item\">La Defensor\u00eda del Pueblo recibir\u00e1 consultas y presentaciones ante casos de discriminaci\u00f3n<\/a><\/div><\/h2><div class=\"wpr-grid-item-date elementor-repeater-item-4c4b780 wpr-grid-item-display-inline wpr-grid-item-align-left\"><div class=\"inner-block\"><span>abril 24, 2026<span class=\"wpr-grid-extra-text-right\">\/<\/span><\/span><\/div><\/div><div class=\"wpr-grid-item-excerpt elementor-repeater-item-aedd329 wpr-grid-item-display-block wpr-grid-item-align-left\"><div class=\"inner-block\"><p>Con un sal\u00f3n repleto de estudiantes, se present\u00f3 este viernes en la Escuela Normal Superior Jos\u00e9 Mar\u00eda Torres de Paran\u00e1&hellip;<\/p><\/div><\/div><div class=\"wpr-grid-item-read-more elementor-repeater-item-6b801ad wpr-grid-item-display-block wpr-grid-item-align-left\"><div class=\"inner-block\"><a href=\"https:\/\/defensoriaparana.com.ar\/index.php\/2026\/04\/24\/la-defensoria-del-pueblo-recibira-consultas-y-presentaciones-ante-casos-de-discriminacion\/\" class=\"wpr-button-effect wpr-button-none\"><span>Leer m\u00e1s<\/span><\/a><\/div><\/div><\/div><\/div><\/article><article class=\"wpr-grid-item elementor-clearfix post-6980 post type-post status-publish format-standard has-post-thumbnail hentry category-noticias\"><div class=\"wpr-grid-item-inner\"><div class=\"wpr-grid-media-wrap wpr-effect-size-medium \" data-overlay-link=\"yes\"><div class=\"wpr-grid-image-wrap\" data-src=\"https:\/\/defensoriaparana.com.ar\/wp-content\/uploads\/2026\/04\/lisandro-gral.jpg\"><img src=\"https:\/\/defensoriaparana.com.ar\/wp-content\/uploads\/2026\/04\/lisandro-gral.jpg\" alt=\"La Defensor\u00eda promueve la conformaci\u00f3n de Centros de Estudiantes en escuelas secundarias\" class=\"wpr-anim-timing-ease-default\"><\/div><div class=\"wpr-grid-media-hover wpr-animation-wrap\"><div class=\"wpr-grid-media-hover-bg  wpr-overlay-fade-in wpr-anim-size-large wpr-anim-timing-ease-default wpr-anim-transparency\" data-url=\"https:\/\/defensoriaparana.com.ar\/index.php\/2026\/04\/23\/la-defensoria-promueve-la-conformacion-de-centros-de-estudiantes-en-escuelas-secundarias\/\"><\/div><\/div><\/div><div class=\"wpr-grid-item-below-content elementor-clearfix\"><h2 class=\"wpr-grid-item-title elementor-repeater-item-61e5d67 wpr-grid-item-display-block wpr-grid-item-align-left wpr-pointer-none wpr-pointer-line-fx wpr-pointer-fx-fade\"><div class=\"inner-block\"><a href=\"https:\/\/defensoriaparana.com.ar\/index.php\/2026\/04\/23\/la-defensoria-promueve-la-conformacion-de-centros-de-estudiantes-en-escuelas-secundarias\/\" class=\"wpr-pointer-item\">La Defensor\u00eda promueve la conformaci\u00f3n de Centros de Estudiantes en escuelas secundarias<\/a><\/div><\/h2><div class=\"wpr-grid-item-date elementor-repeater-item-4c4b780 wpr-grid-item-display-inline wpr-grid-item-align-left\"><div class=\"inner-block\"><span>abril 23, 2026<span class=\"wpr-grid-extra-text-right\">\/<\/span><\/span><\/div><\/div><div class=\"wpr-grid-item-excerpt elementor-repeater-item-aedd329 wpr-grid-item-display-block wpr-grid-item-align-left\"><div class=\"inner-block\"><p>Ante la necesidad expresada desde escuelas secundarias de Paran\u00e1 de contar con informaci\u00f3n y asesoramiento para la conformaci\u00f3n de Centros&hellip;<\/p><\/div><\/div><div class=\"wpr-grid-item-read-more elementor-repeater-item-6b801ad wpr-grid-item-display-block wpr-grid-item-align-left\"><div class=\"inner-block\"><a href=\"https:\/\/defensoriaparana.com.ar\/index.php\/2026\/04\/23\/la-defensoria-promueve-la-conformacion-de-centros-de-estudiantes-en-escuelas-secundarias\/\" class=\"wpr-button-effect wpr-button-none\"><span>Leer m\u00e1s<\/span><\/a><\/div><\/div><\/div><\/div><\/article><article class=\"wpr-grid-item elementor-clearfix post-6960 post type-post status-publish format-standard has-post-thumbnail hentry category-noticias\"><div class=\"wpr-grid-item-inner\"><div class=\"wpr-grid-media-wrap wpr-effect-size-medium \" data-overlay-link=\"yes\"><div class=\"wpr-grid-image-wrap\" data-src=\"https:\/\/defensoriaparana.com.ar\/wp-content\/uploads\/2026\/04\/plaza-juegos-3bis.jpg\"><img src=\"https:\/\/defensoriaparana.com.ar\/wp-content\/uploads\/2026\/04\/plaza-juegos-3bis.jpg\" alt=\"La jornada por la salud reuni\u00f3 a ni\u00f1os, j\u00f3venes y vecinos en la plaza del barrio Anacleto Mediana\" class=\"wpr-anim-timing-ease-default\"><\/div><div class=\"wpr-grid-media-hover wpr-animation-wrap\"><div class=\"wpr-grid-media-hover-bg  wpr-overlay-fade-in wpr-anim-size-large wpr-anim-timing-ease-default wpr-anim-transparency\" data-url=\"https:\/\/defensoriaparana.com.ar\/index.php\/2026\/04\/21\/la-jornada-por-la-salud-reunio-a-ninos-jovenes-y-vecinos-en-la-plaza-del-barrio-anacleto-mediana\/\"><\/div><\/div><\/div><div class=\"wpr-grid-item-below-content elementor-clearfix\"><h2 class=\"wpr-grid-item-title elementor-repeater-item-61e5d67 wpr-grid-item-display-block wpr-grid-item-align-left wpr-pointer-none wpr-pointer-line-fx wpr-pointer-fx-fade\"><div class=\"inner-block\"><a href=\"https:\/\/defensoriaparana.com.ar\/index.php\/2026\/04\/21\/la-jornada-por-la-salud-reunio-a-ninos-jovenes-y-vecinos-en-la-plaza-del-barrio-anacleto-mediana\/\" class=\"wpr-pointer-item\">La jornada por la salud reuni\u00f3 a ni\u00f1os, j\u00f3venes y vecinos en la plaza del barrio Anacleto Mediana<\/a><\/div><\/h2><div class=\"wpr-grid-item-date elementor-repeater-item-4c4b780 wpr-grid-item-display-inline wpr-grid-item-align-left\"><div class=\"inner-block\"><span>abril 21, 2026<span class=\"wpr-grid-extra-text-right\">\/<\/span><\/span><\/div><\/div><div class=\"wpr-grid-item-excerpt elementor-repeater-item-aedd329 wpr-grid-item-display-block wpr-grid-item-align-left\"><div class=\"inner-block\"><p>Pese a la ma\u00f1ana gris del martes, con llovizna intensa por momentos, la invitaci\u00f3n para compartir informaci\u00f3n, entretenimientos y reflexiones&hellip;<\/p><\/div><\/div><div class=\"wpr-grid-item-read-more elementor-repeater-item-6b801ad wpr-grid-item-display-block wpr-grid-item-align-left\"><div class=\"inner-block\"><a href=\"https:\/\/defensoriaparana.com.ar\/index.php\/2026\/04\/21\/la-jornada-por-la-salud-reunio-a-ninos-jovenes-y-vecinos-en-la-plaza-del-barrio-anacleto-mediana\/\" class=\"wpr-button-effect wpr-button-none\"><span>Leer m\u00e1s<\/span><\/a><\/div><\/div><\/div><\/div><\/article><article class=\"wpr-grid-item elementor-clearfix post-6922 post type-post status-publish format-standard has-post-thumbnail hentry category-adpra category-noticias\"><div class=\"wpr-grid-item-inner\"><div class=\"wpr-grid-media-wrap wpr-effect-size-medium \" data-overlay-link=\"yes\"><div class=\"wpr-grid-image-wrap\" data-src=\"https:\/\/defensoriaparana.com.ar\/wp-content\/uploads\/2026\/04\/WhatsApp-Image-2026-04-20-at-14.17.52.jpeg\"><img src=\"https:\/\/defensoriaparana.com.ar\/wp-content\/uploads\/2026\/04\/WhatsApp-Image-2026-04-20-at-14.17.52.jpeg\" alt=\"Defensor\u00edas del Pueblo del pa\u00eds se pronunciaron ante la situaci\u00f3n del PAMI\" class=\"wpr-anim-timing-ease-default\"><\/div><div class=\"wpr-grid-media-hover wpr-animation-wrap\"><div class=\"wpr-grid-media-hover-bg  wpr-overlay-fade-in wpr-anim-size-large wpr-anim-timing-ease-default wpr-anim-transparency\" data-url=\"https:\/\/defensoriaparana.com.ar\/index.php\/2026\/04\/20\/defensorias-del-pueblo-del-pais-piden-que-se-revierta-de-forma-urgente-la-situacion-del-pami\/\"><\/div><\/div><\/div><div class=\"wpr-grid-item-below-content elementor-clearfix\"><h2 class=\"wpr-grid-item-title elementor-repeater-item-61e5d67 wpr-grid-item-display-block wpr-grid-item-align-left wpr-pointer-none wpr-pointer-line-fx wpr-pointer-fx-fade\"><div class=\"inner-block\"><a href=\"https:\/\/defensoriaparana.com.ar\/index.php\/2026\/04\/20\/defensorias-del-pueblo-del-pais-piden-que-se-revierta-de-forma-urgente-la-situacion-del-pami\/\" class=\"wpr-pointer-item\">Defensor\u00edas del Pueblo del pa\u00eds se pronunciaron ante la situaci\u00f3n del PAMI<\/a><\/div><\/h2><div class=\"wpr-grid-item-date elementor-repeater-item-4c4b780 wpr-grid-item-display-inline wpr-grid-item-align-left\"><div class=\"inner-block\"><span>abril 20, 2026<span class=\"wpr-grid-extra-text-right\">\/<\/span><\/span><\/div><\/div><div class=\"wpr-grid-item-excerpt elementor-repeater-item-aedd329 wpr-grid-item-display-block wpr-grid-item-align-left\"><div class=\"inner-block\"><p>La Defensor\u00eda del Pueblo de Paran\u00e1, como integrante de la Asociaci\u00f3n de Defensores y Defensoras del Pueblo de la Rep\u00fablica&hellip;<\/p><\/div><\/div><div class=\"wpr-grid-item-read-more elementor-repeater-item-6b801ad wpr-grid-item-display-block wpr-grid-item-align-left\"><div class=\"inner-block\"><a href=\"https:\/\/defensoriaparana.com.ar\/index.php\/2026\/04\/20\/defensorias-del-pueblo-del-pais-piden-que-se-revierta-de-forma-urgente-la-situacion-del-pami\/\" class=\"wpr-button-effect wpr-button-none\"><span>Leer m\u00e1s<\/span><\/a><\/div><\/div><\/div><\/div><\/article><article class=\"wpr-grid-item elementor-clearfix post-6924 post type-post status-publish format-standard has-post-thumbnail hentry category-noticias\"><div class=\"wpr-grid-item-inner\"><div class=\"wpr-grid-media-wrap wpr-effect-size-medium \" data-overlay-link=\"yes\"><div class=\"wpr-grid-image-wrap\" data-src=\"https:\/\/defensoriaparana.com.ar\/wp-content\/uploads\/2026\/04\/WhatsApp-Image-2026-04-17-at-12.48.06.jpeg\"><img src=\"https:\/\/defensoriaparana.com.ar\/wp-content\/uploads\/2026\/04\/WhatsApp-Image-2026-04-17-at-12.48.06.jpeg\" alt=\"Estudiantes de Bioingenier\u00eda trabajan, en conjunto con la Defensor\u00eda, en un registro de organizaciones\" class=\"wpr-anim-timing-ease-default\"><\/div><div class=\"wpr-grid-media-hover wpr-animation-wrap\"><div class=\"wpr-grid-media-hover-bg  wpr-overlay-fade-in wpr-anim-size-large wpr-anim-timing-ease-default wpr-anim-transparency\" data-url=\"https:\/\/defensoriaparana.com.ar\/index.php\/2026\/04\/17\/estudiantes-de-bioingenieria-trabajan-en-conjunto-con-la-defensoria-en-un-registro-de-organizaciones\/\"><\/div><\/div><\/div><div class=\"wpr-grid-item-below-content elementor-clearfix\"><h2 class=\"wpr-grid-item-title elementor-repeater-item-61e5d67 wpr-grid-item-display-block wpr-grid-item-align-left wpr-pointer-none wpr-pointer-line-fx wpr-pointer-fx-fade\"><div class=\"inner-block\"><a href=\"https:\/\/defensoriaparana.com.ar\/index.php\/2026\/04\/17\/estudiantes-de-bioingenieria-trabajan-en-conjunto-con-la-defensoria-en-un-registro-de-organizaciones\/\" class=\"wpr-pointer-item\">Estudiantes de Bioingenier\u00eda trabajan, en conjunto con la Defensor\u00eda, en un registro de organizaciones<\/a><\/div><\/h2><div class=\"wpr-grid-item-date elementor-repeater-item-4c4b780 wpr-grid-item-display-inline wpr-grid-item-align-left\"><div class=\"inner-block\"><span>abril 17, 2026<span class=\"wpr-grid-extra-text-right\">\/<\/span><\/span><\/div><\/div><div class=\"wpr-grid-item-excerpt elementor-repeater-item-aedd329 wpr-grid-item-display-block wpr-grid-item-align-left\"><div class=\"inner-block\"><p>Una veintena de estudiantes de la materia Introducci\u00f3n a los Sistemas de Salud, del segundo a\u00f1o de la carrera de&hellip;<\/p><\/div><\/div><div class=\"wpr-grid-item-read-more elementor-repeater-item-6b801ad wpr-grid-item-display-block wpr-grid-item-align-left\"><div class=\"inner-block\"><a href=\"https:\/\/defensoriaparana.com.ar\/index.php\/2026\/04\/17\/estudiantes-de-bioingenieria-trabajan-en-conjunto-con-la-defensoria-en-un-registro-de-organizaciones\/\" class=\"wpr-button-effect wpr-button-none\"><span>Leer m\u00e1s<\/span><\/a><\/div><\/div><\/div><\/div><\/article><article class=\"wpr-grid-item elementor-clearfix post-6918 post type-post status-publish format-standard has-post-thumbnail hentry category-noticias\"><div class=\"wpr-grid-item-inner\"><div class=\"wpr-grid-media-wrap wpr-effect-size-medium \" data-overlay-link=\"yes\"><div class=\"wpr-grid-image-wrap\" data-src=\"https:\/\/defensoriaparana.com.ar\/wp-content\/uploads\/2026\/04\/flyer.jpg\"><img src=\"https:\/\/defensoriaparana.com.ar\/wp-content\/uploads\/2026\/04\/flyer.jpg\" alt=\"La salud como derecho: se realizar\u00e1 un encuentro el martes 21\" class=\"wpr-anim-timing-ease-default\"><\/div><div class=\"wpr-grid-media-hover wpr-animation-wrap\"><div class=\"wpr-grid-media-hover-bg  wpr-overlay-fade-in wpr-anim-size-large wpr-anim-timing-ease-default wpr-anim-transparency\" data-url=\"https:\/\/defensoriaparana.com.ar\/index.php\/2026\/04\/16\/la-salud-como-derecho-se-realizara-un-encuentro-el-martes-21\/\"><\/div><\/div><\/div><div class=\"wpr-grid-item-below-content elementor-clearfix\"><h2 class=\"wpr-grid-item-title elementor-repeater-item-61e5d67 wpr-grid-item-display-block wpr-grid-item-align-left wpr-pointer-none wpr-pointer-line-fx wpr-pointer-fx-fade\"><div class=\"inner-block\"><a href=\"https:\/\/defensoriaparana.com.ar\/index.php\/2026\/04\/16\/la-salud-como-derecho-se-realizara-un-encuentro-el-martes-21\/\" class=\"wpr-pointer-item\">La salud como derecho: se realizar\u00e1 un encuentro el martes 21<\/a><\/div><\/h2><div class=\"wpr-grid-item-date elementor-repeater-item-4c4b780 wpr-grid-item-display-inline wpr-grid-item-align-left\"><div class=\"inner-block\"><span>abril 16, 2026<span class=\"wpr-grid-extra-text-right\">\/<\/span><\/span><\/div><\/div><div class=\"wpr-grid-item-excerpt elementor-repeater-item-aedd329 wpr-grid-item-display-block wpr-grid-item-align-left\"><div class=\"inner-block\"><p>La plaza del barrio Anacleto Medina Sur ser\u00e1 el lugar de encuentro para compartir una serie de actividades que tienen&hellip;<\/p><\/div><\/div><div class=\"wpr-grid-item-read-more elementor-repeater-item-6b801ad wpr-grid-item-display-block wpr-grid-item-align-left\"><div class=\"inner-block\"><a href=\"https:\/\/defensoriaparana.com.ar\/index.php\/2026\/04\/16\/la-salud-como-derecho-se-realizara-un-encuentro-el-martes-21\/\" class=\"wpr-button-effect wpr-button-none\"><span>Leer m\u00e1s<\/span><\/a><\/div><\/div><\/div><\/div><\/article><article class=\"wpr-grid-item elementor-clearfix post-6911 post type-post status-publish format-standard has-post-thumbnail hentry category-noticias\"><div class=\"wpr-grid-item-inner\"><div class=\"wpr-grid-media-wrap wpr-effect-size-medium \" data-overlay-link=\"yes\"><div class=\"wpr-grid-image-wrap\" data-src=\"https:\/\/defensoriaparana.com.ar\/wp-content\/uploads\/2026\/04\/WhatsApp-Image-2026-04-10-at-13.46.37.jpeg\"><img src=\"https:\/\/defensoriaparana.com.ar\/wp-content\/uploads\/2026\/04\/WhatsApp-Image-2026-04-10-at-13.46.37.jpeg\" alt=\"Funcionarios provinciales visitaron la Defensor\u00eda del Pueblo\" class=\"wpr-anim-timing-ease-default\"><\/div><div class=\"wpr-grid-media-hover wpr-animation-wrap\"><div class=\"wpr-grid-media-hover-bg  wpr-overlay-fade-in wpr-anim-size-large wpr-anim-timing-ease-default wpr-anim-transparency\" data-url=\"https:\/\/defensoriaparana.com.ar\/index.php\/2026\/04\/13\/funcionarios-provinciales-visitaron-la-defensoria-del-pueblo\/\"><\/div><\/div><\/div><div class=\"wpr-grid-item-below-content elementor-clearfix\"><h2 class=\"wpr-grid-item-title elementor-repeater-item-61e5d67 wpr-grid-item-display-block wpr-grid-item-align-left wpr-pointer-none wpr-pointer-line-fx wpr-pointer-fx-fade\"><div class=\"inner-block\"><a href=\"https:\/\/defensoriaparana.com.ar\/index.php\/2026\/04\/13\/funcionarios-provinciales-visitaron-la-defensoria-del-pueblo\/\" class=\"wpr-pointer-item\">Funcionarios provinciales visitaron la Defensor\u00eda del Pueblo<\/a><\/div><\/h2><div class=\"wpr-grid-item-date elementor-repeater-item-4c4b780 wpr-grid-item-display-inline wpr-grid-item-align-left\"><div class=\"inner-block\"><span>abril 13, 2026<span class=\"wpr-grid-extra-text-right\">\/<\/span><\/span><\/div><\/div><div class=\"wpr-grid-item-excerpt elementor-repeater-item-aedd329 wpr-grid-item-display-block wpr-grid-item-align-left\"><div class=\"inner-block\"><p>El Defensor del Pueblo Adjunto de Paran\u00e1, Fernando Veiga, recibi\u00f3 en la sede de la instituci\u00f3n al Subdirector Ejecutivo del&hellip;<\/p><\/div><\/div><div class=\"wpr-grid-item-read-more elementor-repeater-item-6b801ad wpr-grid-item-display-block wpr-grid-item-align-left\"><div class=\"inner-block\"><a href=\"https:\/\/defensoriaparana.com.ar\/index.php\/2026\/04\/13\/funcionarios-provinciales-visitaron-la-defensoria-del-pueblo\/\" class=\"wpr-button-effect wpr-button-none\"><span>Leer m\u00e1s<\/span><\/a><\/div><\/div><\/div><\/div><\/article><article class=\"wpr-grid-item elementor-clearfix post-6906 post type-post status-publish format-standard has-post-thumbnail hentry category-noticias\"><div class=\"wpr-grid-item-inner\"><div class=\"wpr-grid-media-wrap wpr-effect-size-medium \" data-overlay-link=\"yes\"><div class=\"wpr-grid-image-wrap\" data-src=\"https:\/\/defensoriaparana.com.ar\/wp-content\/uploads\/2026\/04\/derecho.jpg\"><img src=\"https:\/\/defensoriaparana.com.ar\/wp-content\/uploads\/2026\/04\/derecho.jpg\" alt=\"Se reprograma la jornada \u201cLa salud como derecho\u201d debido a las condiciones clim\u00e1ticas\" class=\"wpr-anim-timing-ease-default\"><\/div><div class=\"wpr-grid-media-hover wpr-animation-wrap\"><div class=\"wpr-grid-media-hover-bg  wpr-overlay-fade-in wpr-anim-size-large wpr-anim-timing-ease-default wpr-anim-transparency\" data-url=\"https:\/\/defensoriaparana.com.ar\/index.php\/2026\/04\/06\/se-reprograma-la-jornada-la-salud-como-derecho-debido-a-las-condiciones-climaticas\/\"><\/div><\/div><\/div><div class=\"wpr-grid-item-below-content elementor-clearfix\"><h2 class=\"wpr-grid-item-title elementor-repeater-item-61e5d67 wpr-grid-item-display-block wpr-grid-item-align-left wpr-pointer-none wpr-pointer-line-fx wpr-pointer-fx-fade\"><div class=\"inner-block\"><a href=\"https:\/\/defensoriaparana.com.ar\/index.php\/2026\/04\/06\/se-reprograma-la-jornada-la-salud-como-derecho-debido-a-las-condiciones-climaticas\/\" class=\"wpr-pointer-item\">Se reprograma la jornada \u201cLa salud como derecho\u201d debido a las condiciones clim\u00e1ticas<\/a><\/div><\/h2><div class=\"wpr-grid-item-date elementor-repeater-item-4c4b780 wpr-grid-item-display-inline wpr-grid-item-align-left\"><div class=\"inner-block\"><span>abril 6, 2026<span class=\"wpr-grid-extra-text-right\">\/<\/span><\/span><\/div><\/div><div class=\"wpr-grid-item-excerpt elementor-repeater-item-aedd329 wpr-grid-item-display-block wpr-grid-item-align-left\"><div class=\"inner-block\"><p>La actividad se realizar\u00e1 el pr\u00f3ximo martes 14 de abril desde las 9 horas en la plaza Juan Jos\u00e9 Valle&hellip;<\/p><\/div><\/div><div class=\"wpr-grid-item-read-more elementor-repeater-item-6b801ad wpr-grid-item-display-block wpr-grid-item-align-left\"><div class=\"inner-block\"><a href=\"https:\/\/defensoriaparana.com.ar\/index.php\/2026\/04\/06\/se-reprograma-la-jornada-la-salud-como-derecho-debido-a-las-condiciones-climaticas\/\" class=\"wpr-button-effect wpr-button-none\"><span>Leer m\u00e1s<\/span><\/a><\/div><\/div><\/div><\/div><\/article><article class=\"wpr-grid-item elementor-clearfix post-6898 post type-post status-publish format-standard has-post-thumbnail hentry category-noticias\"><div class=\"wpr-grid-item-inner\"><div class=\"wpr-grid-media-wrap wpr-effect-size-medium \" data-overlay-link=\"yes\"><div class=\"wpr-grid-image-wrap\" data-src=\"https:\/\/defensoriaparana.com.ar\/wp-content\/uploads\/2026\/04\/rota2.jpg\"><img src=\"https:\/\/defensoriaparana.com.ar\/wp-content\/uploads\/2026\/04\/rota2.jpg\" alt=\"Trabajo articulado ante la vulneraci\u00f3n de derechos de ni\u00f1as, ni\u00f1os y adolescentes\" class=\"wpr-anim-timing-ease-default\"><\/div><div class=\"wpr-grid-media-hover wpr-animation-wrap\"><div class=\"wpr-grid-media-hover-bg  wpr-overlay-fade-in wpr-anim-size-large wpr-anim-timing-ease-default wpr-anim-transparency\" data-url=\"https:\/\/defensoriaparana.com.ar\/index.php\/2026\/04\/06\/trabajo-articulado-ante-la-vulneracion-de-derechos-de-ninas-ninos-y-adolescentes\/\"><\/div><\/div><\/div><div class=\"wpr-grid-item-below-content elementor-clearfix\"><h2 class=\"wpr-grid-item-title elementor-repeater-item-61e5d67 wpr-grid-item-display-block wpr-grid-item-align-left wpr-pointer-none wpr-pointer-line-fx wpr-pointer-fx-fade\"><div class=\"inner-block\"><a href=\"https:\/\/defensoriaparana.com.ar\/index.php\/2026\/04\/06\/trabajo-articulado-ante-la-vulneracion-de-derechos-de-ninas-ninos-y-adolescentes\/\" class=\"wpr-pointer-item\">Trabajo articulado ante la vulneraci\u00f3n de derechos de ni\u00f1as, ni\u00f1os y adolescentes<\/a><\/div><\/h2><div class=\"wpr-grid-item-date elementor-repeater-item-4c4b780 wpr-grid-item-display-inline wpr-grid-item-align-left\"><div class=\"inner-block\"><span>abril 6, 2026<span class=\"wpr-grid-extra-text-right\">\/<\/span><\/span><\/div><\/div><div class=\"wpr-grid-item-excerpt elementor-repeater-item-aedd329 wpr-grid-item-display-block wpr-grid-item-align-left\"><div class=\"inner-block\"><p>Ante la creciente preocupaci\u00f3n por la situaci\u00f3n de vulnerabilidad que atraviesan ni\u00f1as, ni\u00f1os y adolescentes, la Defensor\u00eda del Pueblo Paran\u00e1&hellip;<\/p><\/div><\/div><div class=\"wpr-grid-item-read-more elementor-repeater-item-6b801ad wpr-grid-item-display-block wpr-grid-item-align-left\"><div class=\"inner-block\"><a href=\"https:\/\/defensoriaparana.com.ar\/index.php\/2026\/04\/06\/trabajo-articulado-ante-la-vulneracion-de-derechos-de-ninas-ninos-y-adolescentes\/\" class=\"wpr-button-effect wpr-button-none\"><span>Leer m\u00e1s<\/span><\/a><\/div><\/div><\/div><\/div><\/article><article class=\"wpr-grid-item elementor-clearfix post-6889 post type-post status-publish format-standard has-post-thumbnail hentry category-noticias\"><div class=\"wpr-grid-item-inner\"><div class=\"wpr-grid-media-wrap wpr-effect-size-medium \" data-overlay-link=\"yes\"><div class=\"wpr-grid-image-wrap\" data-src=\"https:\/\/defensoriaparana.com.ar\/wp-content\/uploads\/2026\/04\/WhatsApp-Image-2026-04-01-at-18.19.39.jpeg\"><img src=\"https:\/\/defensoriaparana.com.ar\/wp-content\/uploads\/2026\/04\/WhatsApp-Image-2026-04-01-at-18.19.39.jpeg\" alt=\"Habr\u00e1 una jornada abierta a la comunidad en la plaza del barrio Anacleto Medina\" class=\"wpr-anim-timing-ease-default\"><\/div><div class=\"wpr-grid-media-hover wpr-animation-wrap\"><div class=\"wpr-grid-media-hover-bg  wpr-overlay-fade-in wpr-anim-size-large wpr-anim-timing-ease-default wpr-anim-transparency\" data-url=\"https:\/\/defensoriaparana.com.ar\/index.php\/2026\/04\/04\/habra-una-jornada-abierta-a-la-comunidad-en-la-plaza-del-barrio-anacleto-medina\/\"><\/div><\/div><\/div><div class=\"wpr-grid-item-below-content elementor-clearfix\"><h2 class=\"wpr-grid-item-title elementor-repeater-item-61e5d67 wpr-grid-item-display-block wpr-grid-item-align-left wpr-pointer-none wpr-pointer-line-fx wpr-pointer-fx-fade\"><div class=\"inner-block\"><a href=\"https:\/\/defensoriaparana.com.ar\/index.php\/2026\/04\/04\/habra-una-jornada-abierta-a-la-comunidad-en-la-plaza-del-barrio-anacleto-medina\/\" class=\"wpr-pointer-item\">Habr\u00e1 una jornada abierta a la comunidad en la plaza del barrio Anacleto Medina<\/a><\/div><\/h2><div class=\"wpr-grid-item-date elementor-repeater-item-4c4b780 wpr-grid-item-display-inline wpr-grid-item-align-left\"><div class=\"inner-block\"><span>abril 4, 2026<span class=\"wpr-grid-extra-text-right\">\/<\/span><\/span><\/div><\/div><div class=\"wpr-grid-item-excerpt elementor-repeater-item-aedd329 wpr-grid-item-display-block wpr-grid-item-align-left\"><div class=\"inner-block\"><p>El martes 7 de abril, D\u00eda Mundial de la Salud, se realizar\u00e1 una jornada abierta a la comunidad en la&hellip;<\/p><\/div><\/div><div class=\"wpr-grid-item-read-more elementor-repeater-item-6b801ad wpr-grid-item-display-block wpr-grid-item-align-left\"><div class=\"inner-block\"><a href=\"https:\/\/defensoriaparana.com.ar\/index.php\/2026\/04\/04\/habra-una-jornada-abierta-a-la-comunidad-en-la-plaza-del-barrio-anacleto-medina\/\" class=\"wpr-button-effect wpr-button-none\"><span>Leer m\u00e1s<\/span><\/a><\/div><\/div><\/div><\/div><\/article><article class=\"wpr-grid-item elementor-clearfix post-6882 post type-post status-publish format-standard has-post-thumbnail hentry category-noticias\"><div class=\"wpr-grid-item-inner\"><div class=\"wpr-grid-media-wrap wpr-effect-size-medium \" data-overlay-link=\"yes\"><div class=\"wpr-grid-image-wrap\" data-src=\"https:\/\/defensoriaparana.com.ar\/wp-content\/uploads\/2026\/03\/VA.jpg\"><img src=\"https:\/\/defensoriaparana.com.ar\/wp-content\/uploads\/2026\/03\/VA.jpg\" alt=\"Se reuni\u00f3 la Red por los Derechos de las Personas en Situaci\u00f3n de Calle\" class=\"wpr-anim-timing-ease-default\"><\/div><div class=\"wpr-grid-media-hover wpr-animation-wrap\"><div class=\"wpr-grid-media-hover-bg  wpr-overlay-fade-in wpr-anim-size-large wpr-anim-timing-ease-default wpr-anim-transparency\" data-url=\"https:\/\/defensoriaparana.com.ar\/index.php\/2026\/03\/30\/se-reunio-la-red-por-los-derechos-de-las-personas-en-situacion-de-calle\/\"><\/div><\/div><\/div><div class=\"wpr-grid-item-below-content elementor-clearfix\"><h2 class=\"wpr-grid-item-title elementor-repeater-item-61e5d67 wpr-grid-item-display-block wpr-grid-item-align-left wpr-pointer-none wpr-pointer-line-fx wpr-pointer-fx-fade\"><div class=\"inner-block\"><a href=\"https:\/\/defensoriaparana.com.ar\/index.php\/2026\/03\/30\/se-reunio-la-red-por-los-derechos-de-las-personas-en-situacion-de-calle\/\" class=\"wpr-pointer-item\">Se reuni\u00f3 la Red por los Derechos de las Personas en Situaci\u00f3n de Calle<\/a><\/div><\/h2><div class=\"wpr-grid-item-date elementor-repeater-item-4c4b780 wpr-grid-item-display-inline wpr-grid-item-align-left\"><div class=\"inner-block\"><span>marzo 30, 2026<span class=\"wpr-grid-extra-text-right\">\/<\/span><\/span><\/div><\/div><div class=\"wpr-grid-item-excerpt elementor-repeater-item-aedd329 wpr-grid-item-display-block wpr-grid-item-align-left\"><div class=\"inner-block\"><p>Los Defensores del Pueblo, Lisandro Amavet, y Fernando Veiga (Adjunto), junto con la Defensora de los Derechos de las Personas&hellip;<\/p><\/div><\/div><div class=\"wpr-grid-item-read-more elementor-repeater-item-6b801ad wpr-grid-item-display-block wpr-grid-item-align-left\"><div class=\"inner-block\"><a href=\"https:\/\/defensoriaparana.com.ar\/index.php\/2026\/03\/30\/se-reunio-la-red-por-los-derechos-de-las-personas-en-situacion-de-calle\/\" class=\"wpr-button-effect wpr-button-none\"><span>Leer m\u00e1s<\/span><\/a><\/div><\/div><\/div><\/div><\/article><\/section><div class=\"wpr-grid-pagination elementor-clearfix wpr-grid-pagination-load-more\"><a href=\"https:\/\/defensoriaparana.com.ar\/index.php\/wp-json\/wp\/v2\/pages\/2578\/page\/2\/\" class=\"wpr-load-more-btn\">Cargar m\u00e1s<\/a><div class=\"wpr-pagination-loading\"><div class=\"wpr-double-bounce\"><div class=\"wpr-child wpr-double-bounce1\"><\/div><div class=\"wpr-child wpr-double-bounce2\"><\/div><\/div><\/div><p class=\"wpr-pagination-finish\">End of Content.<\/p><\/div>\t\t<\/div>\n\t\t\t\t<\/div>\n\t\t\t\t\t<\/div>\n\t\t<\/div>\n\t\t\t\t\t\t\t<\/div>\n\t\t<\/section>\n\t\t\t\t\t\t\t<\/div>\n\t\t","protected":false},"excerpt":{"rendered":"<p>Noticias Todas las entradas Noticias La Defensor\u00eda del Pueblo rechaza la decisi\u00f3n del gobierno nacional de retirar el pa\u00eds de la OMS febrero 7, 2025\/ La Defensor\u00eda del Pueblo de Paran\u00e1 rechaza la decisi\u00f3n del gobierno nacional de disponer la salida de Argentina de la&hellip; Leer m\u00e1s Cecilia Pautaso se reuni\u00f3 con la Vicegobernadora y [&hellip;]<\/p>\n","protected":false},"author":1,"featured_media":0,"parent":0,"menu_order":0,"comment_status":"closed","ping_status":"closed","template":"elementor_canvas","meta":{"om_disable_all_campaigns":false,"_monsterinsights_skip_tracking":false,"_monsterinsights_sitenote_active":false,"_monsterinsights_sitenote_note":"","_monsterinsights_sitenote_category":0},"_links":{"self":[{"href":"https:\/\/defensoriaparana.com.ar\/index.php\/wp-json\/wp\/v2\/pages\/2578"}],"collection":[{"href":"https:\/\/defensoriaparana.com.ar\/index.php\/wp-json\/wp\/v2\/pages"}],"about":[{"href":"https:\/\/defensoriaparana.com.ar\/index.php\/wp-json\/wp\/v2\/types\/page"}],"author":[{"embeddable":true,"href":"https:\/\/defensoriaparana.com.ar\/index.php\/wp-json\/wp\/v2\/users\/1"}],"replies":[{"embeddable":true,"href":"https:\/\/defensoriaparana.com.ar\/index.php\/wp-json\/wp\/v2\/comments?post=2578"}],"version-history":[{"count":17,"href":"https:\/\/defensoriaparana.com.ar\/index.php\/wp-json\/wp\/v2\/pages\/2578\/revisions"}],"predecessor-version":[{"id":5585,"href":"https:\/\/defensoriaparana.com.ar\/index.php\/wp-json\/wp\/v2\/pages\/2578\/revisions\/5585"}],"wp:attachment":[{"href":"https:\/\/defensoriaparana.com.ar\/index.php\/wp-json\/wp\/v2\/media?parent=2578"}],"curies":[{"name":"wp","href":"https:\/\/api.w.org\/{rel}","templated":true}]}}